{"id":3816,"date":"2024-09-20T10:01:37","date_gmt":"2024-09-20T08:01:37","guid":{"rendered":"https:\/\/www.festiclown.org\/?page_id=3816"},"modified":"2024-10-14T17:53:59","modified_gmt":"2024-10-14T15:53:59","slug":"magiclown24","status":"publish","type":"page","link":"https:\/\/www.festiclown.org\/es\/magiclown24\/","title":{"rendered":"Magiclown24"},"content":{"rendered":"<div id=\"pl-3816\"  class=\"panel-layout\" ><div id=\"pg-3816-0\"  class=\"panel-grid panel-has-style\" ><div class=\"wide-grey bg-blueray panel-row-style panel-row-style-for-3816-0\" style=\"background-color: #f9f7eb; \" ><div id=\"pgc-3816-0-0\"  class=\"panel-grid-cell\" ><div id=\"panel-3816-0-0-0\" class=\"so-panel widget widget_sow-editor panel-first-child panel-last-child\" data-index=\"0\" ><div class=\"home-welcome panel-widget-style panel-widget-style-for-3816-0-0-0\" ><div\n\t\t\t\n\t\t\tclass=\"so-widget-sow-editor so-widget-sow-editor-base\"\n\t\t\t\n\t\t>\n<div class=\"siteorigin-widget-tinymce textwidget\">\n\t<p><img loading=\"lazy\" decoding=\"async\" class=\"aligncenter wp-image-3825 size-full\" src=\"https:\/\/www.festiclown.org\/wp-content\/uploads\/2024\/09\/Magiclown24_Cabeceira-1.png\" alt=\"\" width=\"1200\" height=\"420\" srcset=\"https:\/\/www.festiclown.org\/wp-content\/uploads\/2024\/09\/Magiclown24_Cabeceira-1.png 1200w, https:\/\/www.festiclown.org\/wp-content\/uploads\/2024\/09\/Magiclown24_Cabeceira-1-750x263.png 750w, https:\/\/www.festiclown.org\/wp-content\/uploads\/2024\/09\/Magiclown24_Cabeceira-1-1024x358.png 1024w, https:\/\/www.festiclown.org\/wp-content\/uploads\/2024\/09\/Magiclown24_Cabeceira-1-768x269.png 768w\" sizes=\"(max-width: 1200px) 100vw, 1200px\" \/><\/p>\n<p style=\"text-align: center;\"><strong><a class=\"btn-clown\" href=\"https:\/\/www.festiclown.org\/wp-content\/uploads\/2024\/09\/MagiclownPrograma24.png\" target=\"_blank\" rel=\"noopener noreferrer\">Descarga el programa<\/a><\/strong><\/p>\n<h4 style=\"text-align: center;\"><span style=\"color: #333333;\">Les entrades a tots els espectacles s\u00f3n de franc.<br \/>\nSi vols assistir als xous de C\u00eda. Le Puant o Jorge Blass, fes la reserva d'entrades a les oficines municipals el dia 20\/09<\/span><\/h4>\n<\/div>\n<\/div><\/div><\/div><\/div><\/div><\/div><div id=\"pg-3816-1\"  class=\"panel-grid panel-no-style\" ><div id=\"pgc-3816-1-0\"  class=\"panel-grid-cell panel-grid-cell-empty\" ><\/div><div id=\"pgc-3816-1-1\"  class=\"panel-grid-cell panel-grid-cell-mobile-last\" ><div id=\"panel-3816-1-1-0\" class=\"so-panel widget widget_sow-video panel-first-child panel-last-child\" data-index=\"1\" ><div\n\t\t\t\n\t\t\tclass=\"so-widget-sow-video so-widget-sow-video-default-f379b959fc93-3816\"\n\t\t\t\n\t\t><h2 class=\"widget-title\">VIDEORESUMEN EDICI\u00d3N 2024<\/h2>\n<div class=\"sow-video-wrapper no-controls\">\n\t\t\t<iframe loading=\"lazy\" title=\"MAGICLOWN 2024 | Video resumen\" width=\"720\" height=\"405\" src=\"https:\/\/www.youtube.com\/embed\/9v5YShXkL4s?feature=oembed&autoplay=1&mute=1&playlist=9v5YShXkL4s&loop=1&enablejsapi=1\" frameborder=\"0\" allow=\"accelerometer; autoplay; clipboard-write; encrypted-media; gyroscope; picture-in-picture; web-share\" referrerpolicy=\"strict-origin-when-cross-origin\" allowfullscreen><\/iframe>\t<\/div>\n<\/div><\/div><\/div><div id=\"pgc-3816-1-2\"  class=\"panel-grid-cell panel-grid-cell-empty\" ><\/div><\/div><div id=\"pg-3816-2\"  class=\"panel-grid panel-has-style\" ><div class=\"programma-festival panel-row-style panel-row-style-for-3816-2\" ><div id=\"pgc-3816-2-0\"  class=\"panel-grid-cell\" ><div id=\"panel-3816-2-0-0\" class=\"so-panel widget widget_sow-tabs panel-first-child panel-last-child\" data-index=\"2\" ><div class=\"programma-tabs panel-widget-style panel-widget-style-for-3816-2-0-0\" ><div\n\t\t\t\n\t\t\tclass=\"so-widget-sow-tabs so-widget-sow-tabs-default-d0b50bb51416-3816\"\n\t\t\t\n\t\t><div class=\"sow-tabs\">\n\t<div class=\"sow-tabs-tab-container\" role=\"tablist\">\n\t\t\t<div\n\t\t\tclass=\"sow-tabs-tab sow-tabs-tab-selected\"\n\t\t\trole=\"tab\"\n\t\t\tdata-anchor-id=\"programaci%c3%b3n\"\n\t\t\taria-selected=\"true\"\n\t\t\ttabindex=\"0\"\n\t\t>\n\t\t\t<div class=\"sow-tabs-title sow-tabs-title-icon-left\">\n\t\t\t\t<span class=\"sow-icon-fontawesome sow-far\" data-sow-icon=\"&#xf274;\"\n\t\t \n\t\taria-hidden=\"true\"><\/span>\t\t\t\tPROGRAMACI\u00d3N\t\t\t\t\t\t\t<\/div>\n\t\t<\/div>\n\t\t\t<div\n\t\t\tclass=\"sow-tabs-tab\"\n\t\t\trole=\"tab\"\n\t\t\tdata-anchor-id=\"videos\"\n\t\t\taria-selected=\"false\"\n\t\t\ttabindex=\"0\"\n\t\t>\n\t\t\t<div class=\"sow-tabs-title sow-tabs-title-icon-left\">\n\t\t\t\t<span class=\"sow-icon-fontawesome sow-far\" data-sow-icon=\"&#xf256;\"\n\t\t \n\t\taria-hidden=\"true\"><\/span>\t\t\t\tVIDEOS\t\t\t\t\t\t\t<\/div>\n\t\t<\/div>\n\t\t<\/div>\n\n\t<div class=\"sow-tabs-panel-container\">\n\t\t\t<div class=\"sow-tabs-panel\">\n\t\t\t<div\n\t\t\t\tclass=\"sow-tabs-panel-content\"\n\t\t\t\trole=\"tabpanel\"\n\t\t\t\taria-hidden=\"false\"\n\t\t\t>\n\t\t\t\t<div id=\"pl-w978fa5c9\"  class=\"panel-layout\" ><div id=\"pg-w978fa5c9-0\"  class=\"panel-grid panel-no-style\" ><div id=\"pgc-w978fa5c9-0-0\"  class=\"panel-grid-cell\" ><div id=\"panel-w978fa5c9-0-0-0\" class=\"so-panel widget widget_sow-accordion panel-first-child panel-last-child\" data-index=\"0\" ><div class=\"programma-dates panel-widget-style panel-widget-style-for-w978fa5c9-0-0-0\" ><div\n\t\t\t\n\t\t\tclass=\"so-widget-sow-accordion so-widget-sow-accordion-default-5028b83e4d22\"\n\t\t\t data-max-open-panels=\"1\" data-initial-scroll-panel=\"0\"\n\t\t><div>\n\t<div class=\"sow-accordion\">\n\t\t\t<div class=\"sow-accordion-panel sow-accordion-panel-open\"\n\t\t\t data-anchor-id=\"dijous-26-setembre\">\n\t\t\t\t<div class=\"sow-accordion-panel-header-container\" role=\"heading\" aria-level=\"2\">\n\t\t\t\t\t<div class=\"sow-accordion-panel-header\" tabindex=\"0\" role=\"button\" id=\"accordion-label-dijous-26-setembre\" aria-controls=\"accordion-content-dijous-26-setembre\" aria-expanded=\"true\">\n\t\t\t\t\t\t<div class=\"sow-accordion-title sow-accordion-title-icon-left\">\n\t\t\t\t\t\t\t\t\t\t\t\t\t\tdijous 26 setembre\t\t\t\t\t\t\t\t\t\t\t\t\t<\/div>\n\t\t\t\t\t\t<div class=\"sow-accordion-open-close-button\">\n\t\t\t\t\t\t\t<div class=\"sow-accordion-open-button\">\n\t\t\t\t\t\t\t\t<span class=\"sow-icon-fontawesome sow-fas\" data-sow-icon=\"&#xf005;\"\n\t\t \n\t\taria-hidden=\"true\"><\/span>\t\t\t\t\t\t\t<\/div>\n\t\t\t\t\t\t\t<div class=\"sow-accordion-close-button\">\n\t\t\t\t\t\t\t\t<span class=\"sow-icon-fontawesome sow-far\" data-sow-icon=\"&#xf005;\"\n\t\t \n\t\taria-hidden=\"true\"><\/span>\t\t\t\t\t\t\t<\/div>\n\t\t\t\t\t\t<\/div>\n\t\t\t\t\t<\/div>\n\t\t\t\t<\/div>\n\n\t\t\t<div\n\t\t\t\tclass=\"sow-accordion-panel-content\"\n\t\t\t\trole=\"region\"\n\t\t\t\taria-labelledby=\"accordion-label-dijous-26-setembre\"\n\t\t\t\tid=\"accordion-content-dijous-26-setembre\"\n\t\t\t\t\t\t\t>\n\t\t\t\t<div class=\"sow-accordion-panel-border\">\n\t\t\t\t\t<div id=\"pl-we0632093\"  class=\"panel-layout\" ><div id=\"pg-we0632093-0\"  class=\"panel-grid panel-no-style\" ><div id=\"pgc-we0632093-0-0\"  class=\"panel-grid-cell\" ><div id=\"panel-we0632093-0-0-0\" class=\"so-panel widget widget_sow-editor panel-first-child panel-last-child\" data-index=\"0\" ><div class=\"desclown panel-widget-style panel-widget-style-for-we0632093-0-0-0\" ><div\n\t\t\t\n\t\t\tclass=\"so-widget-sow-editor so-widget-sow-editor-base\"\n\t\t\t\n\t\t>\n<div class=\"siteorigin-widget-tinymce textwidget\">\n\t<p><span class=\"so-premium-web-font\" style=\"font-family: Lato, sans-serif;\" data-web-font-module=\"google\" data-font-info=\"{&quot;font&quot;:&quot;Lato&quot;,&quot;webfont&quot;:true,&quot;category&quot;:&quot;sans-serif&quot;,&quot;variant&quot;:&quot;regular&quot;,&quot;module&quot;:&quot;google&quot;}\"><img loading=\"lazy\" decoding=\"async\" class=\"aligncenter wp-image-3832 size-full\" src=\"https:\/\/www.festiclown.org\/wp-content\/uploads\/2024\/09\/Teto_Tolemaxias.jpg\" alt=\"\" width=\"1059\" height=\"370\" srcset=\"https:\/\/www.festiclown.org\/wp-content\/uploads\/2024\/09\/Teto_Tolemaxias.jpg 1059w, https:\/\/www.festiclown.org\/wp-content\/uploads\/2024\/09\/Teto_Tolemaxias-750x262.jpg 750w, https:\/\/www.festiclown.org\/wp-content\/uploads\/2024\/09\/Teto_Tolemaxias-1024x358.jpg 1024w, https:\/\/www.festiclown.org\/wp-content\/uploads\/2024\/09\/Teto_Tolemaxias-768x268.jpg 768w\" sizes=\"(max-width: 1059px) 100vw, 1059px\" \/><\/span><\/p>\n<h3 style=\"text-align: center;\"><span class=\"so-premium-web-font\" style=\"font-family: Lato, sans-serif;\" data-web-font-module=\"google\" data-font-info=\"{&quot;font&quot;:&quot;Lato&quot;,&quot;webfont&quot;:true,&quot;category&quot;:&quot;sans-serif&quot;,&quot;variant&quot;:&quot;regular&quot;,&quot;module&quot;:&quot;google&quot;}\"><span style=\"font-family: Lato, sans-serif;\">MAGO TETO<\/span><\/span><\/h3>\n<h4 style=\"text-align: center;\">NOVAS TOLEMAXIAS<\/h4>\n<p style=\"text-align: center;\"><span class=\"so-premium-web-font\" style=\"font-family: Lato, sans-serif;\" data-web-font-module=\"google\" data-font-info=\"{&quot;font&quot;:&quot;Lato&quot;,&quot;webfont&quot;:true,&quot;category&quot;:&quot;sans-serif&quot;,&quot;variant&quot;:&quot;regular&quot;,&quot;module&quot;:&quot;google&quot;}\"><i class=\"fa fa-clock-o fa-fw\" aria-hidden=\"true\"><\/i> \u219219.30 h\u00a0 \u2193Can Jeroni<\/span><\/p>\n<p>&nbsp;<\/p>\n<p class=\"p1\"><span class=\"s1\">Des de l\u2019estrena del seu primer espectacle el 1996, amb tan sols 19 anys, el mag Teto s\u2019ha anat convertint en un dels il\u00b7lusionistes m\u00e9s veterans i rellevants de Gal\u00edcia. Habitual a la televisi\u00f3 des dels seus inicis, gaudeix d\u2019un gran reconeixement del p\u00fablic. Els seus espectacles han passat per tota mena d\u2019escenaris, del carrer a les sales, passant pels grans teatres.<\/span><\/p>\n<p class=\"p1\"><span class=\"s1\">Novas Tolemaxias presenta il\u00b7lusionisme en estat pur, un espectacle ple d\u2019efectes nous de totes les disciplines de m\u00e0gia, des de grans il\u00b7lusions al mentalisme, incloent-hi efectes de m\u00e0gia de prop.<\/span><\/p>\n<p style=\"text-align: center;\"><span class=\"so-premium-web-font\" style=\"font-family: Lato, sans-serif;\" data-web-font-module=\"google\" data-font-info=\"{&quot;font&quot;:&quot;Lato&quot;,&quot;webfont&quot;:true,&quot;category&quot;:&quot;sans-serif&quot;,&quot;variant&quot;:&quot;regular&quot;,&quot;module&quot;:&quot;google&quot;}\">\u00a0<\/span><\/p>\n<\/div>\n<\/div><\/div><\/div><\/div><\/div><\/div>\t\t\t\t<\/div>\n\t\t\t<\/div>\n\t\t<\/div>\n\t\t\t<div class=\"sow-accordion-panel\"\n\t\t\t data-anchor-id=\"divendres-27-setembre\">\n\t\t\t\t<div class=\"sow-accordion-panel-header-container\" role=\"heading\" aria-level=\"2\">\n\t\t\t\t\t<div class=\"sow-accordion-panel-header\" tabindex=\"0\" role=\"button\" id=\"accordion-label-divendres-27-setembre\" aria-controls=\"accordion-content-divendres-27-setembre\" aria-expanded=\"false\">\n\t\t\t\t\t\t<div class=\"sow-accordion-title sow-accordion-title-icon-left\">\n\t\t\t\t\t\t\t\t\t\t\t\t\t\tdivendres 27 setembre\t\t\t\t\t\t\t\t\t\t\t\t\t<\/div>\n\t\t\t\t\t\t<div class=\"sow-accordion-open-close-button\">\n\t\t\t\t\t\t\t<div class=\"sow-accordion-open-button\">\n\t\t\t\t\t\t\t\t<span class=\"sow-icon-fontawesome sow-fas\" data-sow-icon=\"&#xf005;\"\n\t\t \n\t\taria-hidden=\"true\"><\/span>\t\t\t\t\t\t\t<\/div>\n\t\t\t\t\t\t\t<div class=\"sow-accordion-close-button\">\n\t\t\t\t\t\t\t\t<span class=\"sow-icon-fontawesome sow-far\" data-sow-icon=\"&#xf005;\"\n\t\t \n\t\taria-hidden=\"true\"><\/span>\t\t\t\t\t\t\t<\/div>\n\t\t\t\t\t\t<\/div>\n\t\t\t\t\t<\/div>\n\t\t\t\t<\/div>\n\n\t\t\t<div\n\t\t\t\tclass=\"sow-accordion-panel-content\"\n\t\t\t\trole=\"region\"\n\t\t\t\taria-labelledby=\"accordion-label-divendres-27-setembre\"\n\t\t\t\tid=\"accordion-content-divendres-27-setembre\"\n\t\t\t\tstyle=\"display: none;\"\t\t\t>\n\t\t\t\t<div class=\"sow-accordion-panel-border\">\n\t\t\t\t\t<div id=\"pl-w536cb468\"  class=\"panel-layout\" ><div id=\"pg-w536cb468-0\"  class=\"panel-grid panel-no-style\" ><div id=\"pgc-w536cb468-0-0\"  class=\"panel-grid-cell\" ><div id=\"panel-w536cb468-0-0-0\" class=\"so-panel widget widget_sow-editor panel-first-child panel-last-child\" data-index=\"0\" ><div class=\"desclown panel-widget-style panel-widget-style-for-w536cb468-0-0-0\" ><div\n\t\t\t\n\t\t\tclass=\"so-widget-sow-editor so-widget-sow-editor-base\"\n\t\t\t\n\t\t>\n<div class=\"siteorigin-widget-tinymce textwidget\">\n\t<p><span class=\"so-premium-web-font\" style=\"font-family: Lato, sans-serif;\" data-web-font-module=\"google\" data-font-info=\"{&quot;font&quot;:&quot;Lato&quot;,&quot;webfont&quot;:true,&quot;category&quot;:&quot;sans-serif&quot;,&quot;variant&quot;:&quot;regular&quot;,&quot;module&quot;:&quot;google&quot;}\"><img loading=\"lazy\" decoding=\"async\" class=\"aligncenter wp-image-3730 size-full\" src=\"https:\/\/www.festiclown.org\/wp-content\/uploads\/2024\/08\/migueldelucas.png\" alt=\"\" width=\"1064\" height=\"375\" srcset=\"https:\/\/www.festiclown.org\/wp-content\/uploads\/2024\/08\/migueldelucas.png 1064w, https:\/\/www.festiclown.org\/wp-content\/uploads\/2024\/08\/migueldelucas-750x264.png 750w, https:\/\/www.festiclown.org\/wp-content\/uploads\/2024\/08\/migueldelucas-1024x361.png 1024w, https:\/\/www.festiclown.org\/wp-content\/uploads\/2024\/08\/migueldelucas-768x271.png 768w\" sizes=\"(max-width: 1064px) 100vw, 1064px\" \/><\/span><\/p>\n<h3 style=\"text-align: center;\"><span class=\"so-premium-web-font\" style=\"font-family: Lato, sans-serif;\" data-web-font-module=\"google\" data-font-info=\"{&quot;font&quot;:&quot;Lato&quot;,&quot;webfont&quot;:true,&quot;category&quot;:&quot;sans-serif&quot;,&quot;variant&quot;:&quot;regular&quot;,&quot;module&quot;:&quot;google&quot;}\"><span style=\"font-family: Lato, sans-serif;\">MIGUEL DE LUCAS<\/span><\/span><\/h3>\n<h4 style=\"text-align: center;\">MAGIA Y HUMOR<\/h4>\n<p style=\"text-align: center;\"><span class=\"so-premium-web-font\" style=\"font-family: Lato, sans-serif;\" data-web-font-module=\"google\" data-font-info=\"{&quot;font&quot;:&quot;Lato&quot;,&quot;webfont&quot;:true,&quot;category&quot;:&quot;sans-serif&quot;,&quot;variant&quot;:&quot;regular&quot;,&quot;module&quot;:&quot;google&quot;}\"><i class=\"fa fa-clock-o fa-fw\" aria-hidden=\"true\"><\/i> \u219219.30 h\u00a0 \u2193Pla\u00e7a de L'Esgl\u00e9sia, San Jordi<\/span><\/p>\n<p>&nbsp;<\/p>\n<p class=\"p1\"><span class=\"s1\">Miguel de Lucas \u00e9s un mag, mentalista i comunicador espanyol amb un programa a la Televisi\u00f3 Espanyola anomenat Un Pa\u00eds M\u00e1gico. Reconegut per l\u2019habilitat en l\u2019il\u00b7lusionisme, combina m\u00e0gia de prop, mentalisme i comunicaci\u00f3 per captivar el p\u00fablic en espectacles i mitjans de comunicaci\u00f3. La destresa t\u00e8cnica i la capacitat per connectar amb l\u2019audi\u00e8ncia el converteixen en una figura destacada en el m\u00f3n de la m\u00e0gia contempor\u00e0nia.<\/span><\/p>\n<p class=\"p1\"><span class=\"s1\">Hay un mago en ti es una proposta dirigida al p\u00fablic familiar sobre \u201cla import\u00e0ncia que t\u00e9 viure el present recorrent el cam\u00ed amb un somriure ampli i sincer\u201d. Parla d\u2019emocions, valors i consecuci\u00f3 d\u2019objectius, \u201csense caure per a aix\u00f2 en el l\u00f2gic\u201d. Parla de la connexi\u00f3 entre les persones com a \u201celement fonamental\u201d per a transmetre contenguts. Planteja a tots els espectadors un \u201cdesafiament mental\u201d a trav\u00e9s de propostes de m\u00e0gia de prop, mentalisme i comunicaci\u00f3, \u201cdemostrant que tots tenim una millor versi\u00f3 de nosaltres mateixos capa\u00e7 de fer coses amb les quals ni somiam\u201d.<\/span><\/p>\n<\/div>\n<\/div><\/div><\/div><\/div><\/div><\/div>\t\t\t\t<\/div>\n\t\t\t<\/div>\n\t\t<\/div>\n\t\t\t<div class=\"sow-accordion-panel\"\n\t\t\t data-anchor-id=\"dissabte-28-setembre\">\n\t\t\t\t<div class=\"sow-accordion-panel-header-container\" role=\"heading\" aria-level=\"2\">\n\t\t\t\t\t<div class=\"sow-accordion-panel-header\" tabindex=\"0\" role=\"button\" id=\"accordion-label-dissabte-28-setembre\" aria-controls=\"accordion-content-dissabte-28-setembre\" aria-expanded=\"false\">\n\t\t\t\t\t\t<div class=\"sow-accordion-title sow-accordion-title-icon-left\">\n\t\t\t\t\t\t\t\t\t\t\t\t\t\tdissabte 28 setembre\t\t\t\t\t\t\t\t\t\t\t\t\t<\/div>\n\t\t\t\t\t\t<div class=\"sow-accordion-open-close-button\">\n\t\t\t\t\t\t\t<div class=\"sow-accordion-open-button\">\n\t\t\t\t\t\t\t\t<span class=\"sow-icon-fontawesome sow-fas\" data-sow-icon=\"&#xf005;\"\n\t\t \n\t\taria-hidden=\"true\"><\/span>\t\t\t\t\t\t\t<\/div>\n\t\t\t\t\t\t\t<div class=\"sow-accordion-close-button\">\n\t\t\t\t\t\t\t\t<span class=\"sow-icon-fontawesome sow-far\" data-sow-icon=\"&#xf005;\"\n\t\t \n\t\taria-hidden=\"true\"><\/span>\t\t\t\t\t\t\t<\/div>\n\t\t\t\t\t\t<\/div>\n\t\t\t\t\t<\/div>\n\t\t\t\t<\/div>\n\n\t\t\t<div\n\t\t\t\tclass=\"sow-accordion-panel-content\"\n\t\t\t\trole=\"region\"\n\t\t\t\taria-labelledby=\"accordion-label-dissabte-28-setembre\"\n\t\t\t\tid=\"accordion-content-dissabte-28-setembre\"\n\t\t\t\tstyle=\"display: none;\"\t\t\t>\n\t\t\t\t<div class=\"sow-accordion-panel-border\">\n\t\t\t\t\t<div id=\"pl-w2ed4d884\"  class=\"panel-layout\" ><div id=\"pg-w2ed4d884-0\"  class=\"panel-grid panel-no-style\" ><div id=\"pgc-w2ed4d884-0-0\"  class=\"panel-grid-cell\" ><div id=\"panel-w2ed4d884-0-0-0\" class=\"so-panel widget widget_sow-editor panel-first-child panel-last-child\" data-index=\"0\" ><div class=\"desclown panel-widget-style panel-widget-style-for-w2ed4d884-0-0-0\" ><div\n\t\t\t\n\t\t\tclass=\"so-widget-sow-editor so-widget-sow-editor-base\"\n\t\t\t\n\t\t>\n<div class=\"siteorigin-widget-tinymce textwidget\">\n\t<p><span class=\"so-premium-web-font\" style=\"font-family: Lato, sans-serif;\" data-web-font-module=\"google\" data-font-info=\"{&quot;font&quot;:&quot;Lato&quot;,&quot;webfont&quot;:true,&quot;category&quot;:&quot;sans-serif&quot;,&quot;variant&quot;:&quot;regular&quot;,&quot;module&quot;:&quot;google&quot;}\"><img loading=\"lazy\" decoding=\"async\" class=\"aligncenter wp-image-3839 size-full\" src=\"https:\/\/www.festiclown.org\/wp-content\/uploads\/2024\/09\/LePuant.jpg\" alt=\"\" width=\"750\" height=\"500\" srcset=\"https:\/\/www.festiclown.org\/wp-content\/uploads\/2024\/09\/LePuant.jpg 750w, https:\/\/www.festiclown.org\/wp-content\/uploads\/2024\/09\/LePuant-272x182.jpg 272w\" sizes=\"(max-width: 750px) 100vw, 750px\" \/><\/span><\/p>\n<h3 style=\"text-align: center;\">CIA. LE PUANT<\/h3>\n<h4 style=\"text-align: center;\">TOT SOL\u2026 I N\u00daVOL<\/h4>\n<p style=\"text-align: center;\"><span class=\"so-premium-web-font\" style=\"font-family: Lato, sans-serif;\" data-web-font-module=\"google\" data-font-info=\"{&quot;font&quot;:&quot;Lato&quot;,&quot;webfont&quot;:true,&quot;category&quot;:&quot;sans-serif&quot;,&quot;variant&quot;:&quot;regular&quot;,&quot;module&quot;:&quot;google&quot;}\"><i class=\"fa fa-clock-o fa-fw\" aria-hidden=\"true\"><\/i> \u219220.00 h.\u00a0 \u2193Auditori Cal\u00f3 de S'Oli<br \/>\n<em>Reserva d'entrades a les oficines municipals el dia 20\/09<\/em><br \/>\n<\/span><\/p>\n<p>&nbsp;<\/p>\n<p class=\"p1\"><span class=\"s1\">Des de 2015, la Cia. Le Puant porta als escenaris un treball de creaci\u00f3 que explora diferents disciplines principals com el clown contemporani, el teatre gestual i la improvisaci\u00f3, com a l\u00ednia principal. Le Puant neix per enc\u00e0rrec, per\u00f2 tamb\u00e9 per la necessitat d\u2019aprenentatge en solitari. Sortir al carrer i provar totes aquelles inquietuds i idees amb un p\u00fablic que et desconeix per complet. \u00c9s aix\u00ed com a poc a poc s\u2019adona que t\u00e9 un espectacle creat, al qual posa de nom Tot sol\u2026 I n\u00favol. M\u00e9s endavant rebr\u00e0 el premi Millor Actor en el IX Festival de Teatre Independent de Barcelona i far\u00e0 m\u00e9s de cent actuacions fins avui.<\/span><\/p>\n<\/div>\n<\/div><\/div><\/div><\/div><div id=\"pgc-w2ed4d884-0-1\"  class=\"panel-grid-cell\" ><div id=\"panel-w2ed4d884-0-1-0\" class=\"so-panel widget widget_sow-editor panel-first-child panel-last-child\" data-index=\"1\" ><div class=\"desclown panel-widget-style panel-widget-style-for-w2ed4d884-0-1-0\" ><div\n\t\t\t\n\t\t\tclass=\"so-widget-sow-editor so-widget-sow-editor-base\"\n\t\t\t\n\t\t>\n<div class=\"siteorigin-widget-tinymce textwidget\">\n\t<p><span class=\"so-premium-web-font\" style=\"font-family: Lato, sans-serif;\" data-web-font-module=\"google\" data-font-info=\"{&quot;font&quot;:&quot;Lato&quot;,&quot;webfont&quot;:true,&quot;category&quot;:&quot;sans-serif&quot;,&quot;variant&quot;:&quot;regular&quot;,&quot;module&quot;:&quot;google&quot;}\"><img loading=\"lazy\" decoding=\"async\" class=\"aligncenter wp-image-2306 size-full\" src=\"https:\/\/www.festiclown.org\/wp-content\/uploads\/2021\/08\/RockCirk_Rolabola_02.jpg\" alt=\"\" width=\"750\" height=\"500\" srcset=\"https:\/\/www.festiclown.org\/wp-content\/uploads\/2021\/08\/RockCirk_Rolabola_02.jpg 750w, https:\/\/www.festiclown.org\/wp-content\/uploads\/2021\/08\/RockCirk_Rolabola_02-272x182.jpg 272w\" sizes=\"(max-width: 750px) 100vw, 750px\" \/><\/span><\/p>\n<h3 style=\"text-align: center;\">ROCK CIRK<\/h3>\n<h4 style=\"text-align: center;\">ROLABOLA<\/h4>\n<p style=\"text-align: center;\"><span class=\"so-premium-web-font\" style=\"font-family: Lato, sans-serif;\" data-web-font-module=\"google\" data-font-info=\"{&quot;font&quot;:&quot;Lato&quot;,&quot;webfont&quot;:true,&quot;category&quot;:&quot;sans-serif&quot;,&quot;variant&quot;:&quot;regular&quot;,&quot;module&quot;:&quot;google&quot;}\"><i class=\"fa fa-clock-o fa-fw\" aria-hidden=\"true\"><\/i> \u219221.30 h.\u00a0 \u2193Exterior Auditori Cal\u00f3 de S'Oli<\/span><\/p>\n<p>&nbsp;<\/p>\n<p class=\"p1\"><span class=\"s1\">Rolabola \u00e9s creada com a companyia de circ l\u2019any 1996, \u00e9s una de les primeres companyies circenses amb perspectiva a Andalusia. Rolabola ha liderat i participat en m\u00faltiples projectes. Ha gestionat espais circenses i formatius propis com la Sala Piruetta i ha participat en la gesti\u00f3 d\u2019espais col\u00b7lectius, com la Carpa de Pissarra; ha treballat en l\u2019assessoria art\u00edstica de festivals circenses, com Circada, en els seus primers anys com a festival. Ha produ\u00eft 10 espectacles de circ per a carrer i sala i ha fet m\u00e9s de 1.200 funcions, incloent-hi la majoria dels festivals i fires de teatre i circ de l\u2019Estat i diverses gires internacionals a pa\u00efsos com el Marroc, Fran\u00e7a, It\u00e0lia, Vene\u00e7uela o Eslov\u00e8nia. Tamb\u00e9 ha participat en projectes de cooperaci\u00f3 internacional. L\u2019octubre de 2017 rep el Premi Nacional de Circ, atorgat pel Ministeri de Cultura.<\/span><\/p>\n<\/div>\n<\/div><\/div><\/div><\/div><\/div><\/div>\t\t\t\t<\/div>\n\t\t\t<\/div>\n\t\t<\/div>\n\t\t\t<div class=\"sow-accordion-panel\"\n\t\t\t data-anchor-id=\"diumenge-29-setembre\">\n\t\t\t\t<div class=\"sow-accordion-panel-header-container\" role=\"heading\" aria-level=\"2\">\n\t\t\t\t\t<div class=\"sow-accordion-panel-header\" tabindex=\"0\" role=\"button\" id=\"accordion-label-diumenge-29-setembre\" aria-controls=\"accordion-content-diumenge-29-setembre\" aria-expanded=\"false\">\n\t\t\t\t\t\t<div class=\"sow-accordion-title sow-accordion-title-icon-left\">\n\t\t\t\t\t\t\t\t\t\t\t\t\t\tdiumenge 29 setembre\t\t\t\t\t\t\t\t\t\t\t\t\t<\/div>\n\t\t\t\t\t\t<div class=\"sow-accordion-open-close-button\">\n\t\t\t\t\t\t\t<div class=\"sow-accordion-open-button\">\n\t\t\t\t\t\t\t\t<span class=\"sow-icon-fontawesome sow-fas\" data-sow-icon=\"&#xf005;\"\n\t\t \n\t\taria-hidden=\"true\"><\/span>\t\t\t\t\t\t\t<\/div>\n\t\t\t\t\t\t\t<div class=\"sow-accordion-close-button\">\n\t\t\t\t\t\t\t\t<span class=\"sow-icon-fontawesome sow-far\" data-sow-icon=\"&#xf005;\"\n\t\t \n\t\taria-hidden=\"true\"><\/span>\t\t\t\t\t\t\t<\/div>\n\t\t\t\t\t\t<\/div>\n\t\t\t\t\t<\/div>\n\t\t\t\t<\/div>\n\n\t\t\t<div\n\t\t\t\tclass=\"sow-accordion-panel-content\"\n\t\t\t\trole=\"region\"\n\t\t\t\taria-labelledby=\"accordion-label-diumenge-29-setembre\"\n\t\t\t\tid=\"accordion-content-diumenge-29-setembre\"\n\t\t\t\tstyle=\"display: none;\"\t\t\t>\n\t\t\t\t<div class=\"sow-accordion-panel-border\">\n\t\t\t\t\t<div id=\"pl-w3e8043f3\"  class=\"panel-layout\" ><div id=\"pg-w3e8043f3-0\"  class=\"panel-grid panel-no-style\" ><div id=\"pgc-w3e8043f3-0-0\"  class=\"panel-grid-cell\" ><div id=\"panel-w3e8043f3-0-0-0\" class=\"so-panel widget widget_sow-editor panel-first-child panel-last-child\" data-index=\"0\" ><div class=\"desclown panel-widget-style panel-widget-style-for-w3e8043f3-0-0-0\" ><div\n\t\t\t\n\t\t\tclass=\"so-widget-sow-editor so-widget-sow-editor-base\"\n\t\t\t\n\t\t>\n<div class=\"siteorigin-widget-tinymce textwidget\">\n\t<p><span class=\"so-premium-web-font\" style=\"font-family: Lato, sans-serif;\" data-web-font-module=\"google\" data-font-info=\"{&quot;font&quot;:&quot;Lato&quot;,&quot;webfont&quot;:true,&quot;category&quot;:&quot;sans-serif&quot;,&quot;variant&quot;:&quot;regular&quot;,&quot;module&quot;:&quot;google&quot;}\"><img loading=\"lazy\" decoding=\"async\" class=\"aligncenter wp-image-3842 size-full\" src=\"https:\/\/www.festiclown.org\/wp-content\/uploads\/2024\/09\/SempreArriba_HoxeSi.png\" alt=\"\" width=\"750\" height=\"500\" srcset=\"https:\/\/www.festiclown.org\/wp-content\/uploads\/2024\/09\/SempreArriba_HoxeSi.png 750w, https:\/\/www.festiclown.org\/wp-content\/uploads\/2024\/09\/SempreArriba_HoxeSi-272x182.png 272w\" sizes=\"(max-width: 750px) 100vw, 750px\" \/><\/span><\/p>\n<h3 style=\"text-align: center;\">SEMPRE ARRIBA<\/h3>\n<h4 style=\"text-align: center;\">\u00a1HOY S\u00cd!<\/h4>\n<p style=\"text-align: center;\"><span class=\"so-premium-web-font\" style=\"font-family: Lato, sans-serif;\" data-web-font-module=\"google\" data-font-info=\"{&quot;font&quot;:&quot;Lato&quot;,&quot;webfont&quot;:true,&quot;category&quot;:&quot;sans-serif&quot;,&quot;variant&quot;:&quot;regular&quot;,&quot;module&quot;:&quot;google&quot;}\"><i class=\"fa fa-clock-o fa-fw\" aria-hidden=\"true\"><\/i> \u219219.30 h.\u00a0 \u2193Exterior de l'Auditori Cal\u00f3 de S'Ol\u00ed<br \/>\n<\/span><\/p>\n<p>&nbsp;<\/p>\n<p class=\"p1\"><span class=\"s1\">Sempre Arriba \u00e9s la companyia de clown i circ de Marta Iglesias, artista multidisciplin\u00e0ria gallega que inicia la marxa en solitari el 2018 creant i presentant els espectacles Oda a l\u2019amor i el treball C\u2019est pas possible, en els quals gaudeix d\u2019usar el clown com a element comunicatiu combinant-ho amb l\u2019acrob\u00e0cia a\u00e8ria. Ha rebut el premi Millor Actriu amb la Cia.<\/span><\/p>\n<p class=\"p1\"><span class=\"s1\">Immaginario Teatre en el Festival de Teatre de Mora 2017, i el Premi del Jurat al Millor Espectacle amb Oda a l\u2019Amor, a la trobada de pallasses Mujeres con Narices 2020, Gran Can\u00e0ria. \u00a1Hoy... s\u00ed! \u00e9s un espectacle de acrob\u00e0cies, amb objectes que pugen i baixen i suren en l\u2019aire, i molta m\u00fasica.<\/span><\/p>\n<\/div>\n<\/div><\/div><\/div><\/div><div id=\"pgc-w3e8043f3-0-1\"  class=\"panel-grid-cell\" ><div id=\"panel-w3e8043f3-0-1-0\" class=\"so-panel widget widget_sow-editor panel-first-child panel-last-child\" data-index=\"1\" ><div class=\"desclown panel-widget-style panel-widget-style-for-w3e8043f3-0-1-0\" ><div\n\t\t\t\n\t\t\tclass=\"so-widget-sow-editor so-widget-sow-editor-base\"\n\t\t\t\n\t\t>\n<div class=\"siteorigin-widget-tinymce textwidget\">\n\t<p><span class=\"so-premium-web-font\" style=\"font-family: Lato, sans-serif;\" data-web-font-module=\"google\" data-font-info=\"{&quot;font&quot;:&quot;Lato&quot;,&quot;webfont&quot;:true,&quot;category&quot;:&quot;sans-serif&quot;,&quot;variant&quot;:&quot;regular&quot;,&quot;module&quot;:&quot;google&quot;}\"><img loading=\"lazy\" decoding=\"async\" class=\"aligncenter wp-image-3844 size-full\" src=\"https:\/\/www.festiclown.org\/wp-content\/uploads\/2024\/09\/JorgeBlass.png\" alt=\"\" width=\"750\" height=\"500\" srcset=\"https:\/\/www.festiclown.org\/wp-content\/uploads\/2024\/09\/JorgeBlass.png 750w, https:\/\/www.festiclown.org\/wp-content\/uploads\/2024\/09\/JorgeBlass-272x182.png 272w\" sizes=\"(max-width: 750px) 100vw, 750px\" \/><\/span><\/p>\n<h3 style=\"text-align: center;\">JORGE BLASS<\/h3>\n<h4 style=\"text-align: center;\">LAS MAGIA DE JORGE BLASS<\/h4>\n<p style=\"text-align: center;\"><span class=\"so-premium-web-font\" style=\"font-family: Lato, sans-serif;\" data-web-font-module=\"google\" data-font-info=\"{&quot;font&quot;:&quot;Lato&quot;,&quot;webfont&quot;:true,&quot;category&quot;:&quot;sans-serif&quot;,&quot;variant&quot;:&quot;regular&quot;,&quot;module&quot;:&quot;google&quot;}\"><i class=\"fa fa-clock-o fa-fw\" aria-hidden=\"true\"><\/i> \u219221.00 h.\u00a0 \u2193Exterior de l'Auditori Cal\u00f3 de S'Oli<br \/>\n<em>Reserva d'entrades a les oficines municipals el dia 20\/09<\/em><br \/>\n<\/span><\/p>\n<p>&nbsp;<\/p>\n<p class=\"p1\"><span class=\"s1\">Jorge Blass \u00e9s un referent en la m\u00e0gia mundial, creador d\u2019innovadores il\u00b7lusions que sorprenen el p\u00fablic del segle XXI. Amb tot just 19 anys va guanyar la Vareta d\u2019Or de Montecarlo, i durant 20 anys no ha deixat de rebre els m\u00e9s importants reconeixements per part de la cr\u00edtica i el p\u00fablic. La seua m\u00e0gia ha captivat icones de l\u2019il\u00b7lusionisme com David Copperfield o Penn &amp; Teller. Des del Dolby Theater, a Los Angeles, fins a l\u2019Exposici\u00f3 Universal de Shangai, recorrent televisions de mig m\u00f3n, Jorge ha emocionat milions de persones amb la seua manera extraordin\u00e0ria de fer m\u00e0gia.<\/span><\/p>\n<\/div>\n<\/div><\/div><\/div><\/div><\/div><\/div>\t\t\t\t<\/div>\n\t\t\t<\/div>\n\t\t<\/div>\n\t\t<\/div>\n<\/div>\n<\/div><\/div><\/div><\/div><\/div><\/div>\t\t\t<\/div>\n\t\t<\/div>\n\t\t\t<div class=\"sow-tabs-panel\">\n\t\t\t<div\n\t\t\t\tclass=\"sow-tabs-panel-content\"\n\t\t\t\trole=\"tabpanel\"\n\t\t\t\taria-hidden=\"true\"\n\t\t\t>\n\t\t\t\t<div id=\"pl-w5b65720a\"  class=\"panel-layout\" ><div id=\"pg-w5b65720a-0\"  class=\"panel-grid panel-no-style\" ><div id=\"pgc-w5b65720a-0-0\"  class=\"panel-grid-cell\" ><div id=\"panel-w5b65720a-0-0-0\" class=\"so-panel widget widget_media_video panel-first-child\" data-index=\"0\" ><h2 class=\"widget-title\">Entrevista a Leo Bassi en Magiclown 2023<\/h2><div style=\"width:100%;\" class=\"wp-video\"><!--[if lt IE 9]><script>document.createElement('video');<\/script><![endif]-->\n<video class=\"wp-video-shortcode\" id=\"video-3816-1\" preload=\"metadata\" controls=\"controls\"><source type=\"video\/youtube\" src=\"https:\/\/youtu.be\/VUkQLZiQsnM?_=1\" \/><a href=\"https:\/\/youtu.be\/VUkQLZiQsnM\">https:\/\/youtu.be\/VUkQLZiQsnM<\/a><\/video><\/div><\/div><div id=\"panel-w5b65720a-0-0-1\" class=\"so-panel widget widget_media_video\" data-index=\"1\" ><h2 class=\"widget-title\">Magiclown 2023<\/h2><div style=\"width:100%;\" class=\"wp-video\"><video class=\"wp-video-shortcode\" id=\"video-3816-2\" preload=\"metadata\" controls=\"controls\"><source type=\"video\/youtube\" src=\"https:\/\/youtu.be\/a3nK9WBOSTs?_=2\" \/><a href=\"https:\/\/youtu.be\/a3nK9WBOSTs\">https:\/\/youtu.be\/a3nK9WBOSTs<\/a><\/video><\/div><\/div><div id=\"panel-w5b65720a-0-0-2\" class=\"so-panel widget widget_media_video panel-last-child\" data-index=\"2\" ><h2 class=\"widget-title\">MAGICLOWN 2023 | Gala Solidaria de Pallasos en Rebeld\u00eda<\/h2><div style=\"width:100%;\" class=\"wp-video\"><video class=\"wp-video-shortcode\" id=\"video-3816-3\" preload=\"metadata\" controls=\"controls\"><source type=\"video\/youtube\" src=\"https:\/\/www.youtube.com\/watch?v=5IVC09MPDbo&#038;_=3\" \/><a href=\"https:\/\/www.youtube.com\/watch?v=5IVC09MPDbo\">https:\/\/www.youtube.com\/watch?v=5IVC09MPDbo<\/a><\/video><\/div><\/div><\/div><\/div><\/div>\t\t\t<\/div>\n\t\t<\/div>\n\t\t<\/div>\n<\/div>\n<\/div><\/div><\/div><\/div><\/div><\/div><div id=\"pg-3816-3\"  class=\"panel-grid panel-has-style\" ><div class=\"rr-ss panel-row-style panel-row-style-for-3816-3\" ><div id=\"pgc-3816-3-0\"  class=\"panel-grid-cell\" ><div id=\"panel-3816-3-0-0\" class=\"so-panel widget widget_sow-editor panel-first-child\" data-index=\"3\" ><div\n\t\t\t\n\t\t\tclass=\"so-widget-sow-editor so-widget-sow-editor-base\"\n\t\t\t\n\t\t><h2 class=\"widget-title\">Festiclown nas redes<\/h2>\n<div class=\"siteorigin-widget-tinymce textwidget\">\n\t<div class=\"siteorigin-widget-tinymce textwidget\">\n\t<\/div>\n<\/div>\n<\/div><\/div><div id=\"panel-3816-3-0-1\" class=\"so-panel widget widget_siteorigin-panels-builder panel-last-child\" data-index=\"4\" ><div id=\"pl-w612cfe94c8977\"  class=\"panel-layout\" ><div id=\"pg-w612cfe94c8977-0\"  class=\"panel-grid panel-no-style\" ><div id=\"pgc-w612cfe94c8977-0-0\"  class=\"panel-grid-cell\" ><div id=\"panel-w612cfe94c8977-0-0-0\" class=\"widget_text so-panel widget widget_custom_html panel-first-child panel-last-child\" data-index=\"0\" ><div class=\"textwidget custom-html-widget\"><iframe loading=\"lazy\" src=\"https:\/\/www.facebook.com\/plugins\/page.php?href=https%3A%2F%2Fwww.facebook.com%2FFesticlown-1683525588531914%2F&tabs=timeline&width=340&height=550&small_header=true&adapt_container_width=true&hide_cover=false&show_facepile=false&appId\" width=\"340\" height=\"550\" style=\"border:none;overflow:hidden\" scrolling=\"no\" frameborder=\"0\" allow=\"encrypted-media\"><\/iframe><\/div><\/div><\/div><div id=\"pgc-w612cfe94c8977-0-1\"  class=\"panel-grid-cell\" ><div id=\"panel-w612cfe94c8977-0-1-0\" class=\"widget_text so-panel widget widget_custom_html panel-first-child panel-last-child\" data-index=\"1\" ><div class=\"textwidget custom-html-widget\"><a class=\"twitter-timeline\" data-height=\"550\" data-dnt=\"true\" data-link-color=\"#b23\" href=\"https:\/\/twitter.com\/festiclown?ref_src=twsrc%5Etfw\">Tweets by festiclown<\/a> <script async src=\"https:\/\/platform.twitter.com\/widgets.js\" charset=\"utf-8\"><\/script> <\/div><\/div><\/div><div id=\"pgc-w612cfe94c8977-0-2\"  class=\"panel-grid-cell\" ><div id=\"panel-w612cfe94c8977-0-2-0\" class=\"so-panel widget widget_sow-editor panel-first-child panel-last-child\" data-index=\"2\" ><div\n\t\t\t\n\t\t\tclass=\"so-widget-sow-editor so-widget-sow-editor-base\"\n\t\t\t\n\t\t>\n<div class=\"siteorigin-widget-tinymce textwidget\">\n\t\n<div id=\"sb_instagram\"  class=\"sbi sbi_mob_col_1 sbi_tab_col_2 sbi_col_2 sbi_width_resp sbi_fixed_height\" style=\"padding-bottom: 10px;background-color: rgb(255,255,255);width: 100%;height: 550px;\" data-feedid=\"sbi_17841408289074962#12\"  data-res=\"auto\" data-cols=\"2\" data-colsmobile=\"1\" data-colstablet=\"2\" data-num=\"12\" data-nummobile=\"\" data-item-padding=\"5\" data-shortcode-atts=\"{}\"  data-postid=\"3816\" data-locatornonce=\"f66a796007\" data-sbi-flags=\"favorLocal\">\n\t<div class=\"sb_instagram_header  sbi_no_avatar\"   >\n\t<a class=\"sbi_header_link\" target=\"_blank\" rel=\"nofollow noopener\" href=\"https:\/\/www.instagram.com\/festiclown\/\" title=\"@festiclown\">\n\t\t<div class=\"sbi_header_text sbi_no_bio\">\n\t\t\t<div class=\"sbi_header_img\">\n\t\t\t\t\t\t\t\t\t\t\t\t\t<div class=\"sbi_header_hashtag_icon\"  ><svg class=\"sbi_new_logo fa-instagram fa-w-14\" aria-hidden=\"true\" data-fa-processed=\"\" aria-label=\"Instagram\" data-prefix=\"fab\" data-icon=\"instagram\" role=\"img\" viewBox=\"0 0 448 512\">\n\t                <path fill=\"currentColor\" d=\"M224.1 141c-63.6 0-114.9 51.3-114.9 114.9s51.3 114.9 114.9 114.9S339 319.5 339 255.9 287.7 141 224.1 141zm0 189.6c-41.1 0-74.7-33.5-74.7-74.7s33.5-74.7 74.7-74.7 74.7 33.5 74.7 74.7-33.6 74.7-74.7 74.7zm146.4-194.3c0 14.9-12 26.8-26.8 26.8-14.9 0-26.8-12-26.8-26.8s12-26.8 26.8-26.8 26.8 12 26.8 26.8zm76.1 27.2c-1.7-35.9-9.9-67.7-36.2-93.9-26.2-26.2-58-34.4-93.9-36.2-37-2.1-147.9-2.1-184.9 0-35.8 1.7-67.6 9.9-93.9 36.1s-34.4 58-36.2 93.9c-2.1 37-2.1 147.9 0 184.9 1.7 35.9 9.9 67.7 36.2 93.9s58 34.4 93.9 36.2c37 2.1 147.9 2.1 184.9 0 35.9-1.7 67.7-9.9 93.9-36.2 26.2-26.2 34.4-58 36.2-93.9 2.1-37 2.1-147.8 0-184.8zM398.8 388c-7.8 19.6-22.9 34.7-42.6 42.6-29.5 11.7-99.5 9-132.1 9s-102.7 2.6-132.1-9c-19.6-7.8-34.7-22.9-42.6-42.6-11.7-29.5-9-99.5-9-132.1s-2.6-102.7 9-132.1c7.8-19.6 22.9-34.7 42.6-42.6 29.5-11.7 99.5-9 132.1-9s102.7-2.6 132.1 9c19.6 7.8 34.7 22.9 42.6 42.6 11.7 29.5 9 99.5 9 132.1s2.7 102.7-9 132.1z\"><\/path>\n\t            <\/svg><\/div>\n\t\t\t\t\t\t\t<\/div>\n\n\t\t\t<div class=\"sbi_feedtheme_header_text\">\n\t\t\t\t<h3>festiclown<\/h3>\n\t\t\t\t\t\t\t<\/div>\n\t\t<\/div>\n\t<\/a>\n<\/div>\n\n    <div id=\"sbi_images\"  style=\"gap: 10px;\">\n\t\t<div class=\"sbi_item sbi_type_image sbi_new sbi_transition\" id=\"sbi_18075478663509349\" data-date=\"1729244865\">\n    <div class=\"sbi_photo_wrap\">\n        <a class=\"sbi_photo\" href=\"https:\/\/www.instagram.com\/p\/DBQtEWhxsj1\/\" target=\"_blank\" rel=\"noopener nofollow\" data-full-res=\"https:\/\/scontent.cdninstagram.com\/v\/t39.30808-6\/463062509_562876522937577_1093396619899326944_n.jpg?_nc_cat=104&#038;ccb=1-7&#038;_nc_sid=18de74&#038;_nc_ohc=XeSKH8mqLLIQ7kNvgEdyKZG&#038;_nc_zt=23&#038;_nc_ht=scontent.cdninstagram.com&#038;edm=ANo9K5cEAAAA&#038;_nc_gid=A1X_t_VFouC_23eSxx0H1bC&#038;oh=00_AYAs2F9BlbAcjZ2VjnwshCetSYPlFz76Tpa7e9IqZnC02w&#038;oe=6756139F\" data-img-src-set=\"{&quot;d&quot;:&quot;https:\\\/\\\/scontent.cdninstagram.com\\\/v\\\/t39.30808-6\\\/463062509_562876522937577_1093396619899326944_n.jpg?_nc_cat=104&amp;ccb=1-7&amp;_nc_sid=18de74&amp;_nc_ohc=XeSKH8mqLLIQ7kNvgEdyKZG&amp;_nc_zt=23&amp;_nc_ht=scontent.cdninstagram.com&amp;edm=ANo9K5cEAAAA&amp;_nc_gid=A1X_t_VFouC_23eSxx0H1bC&amp;oh=00_AYAs2F9BlbAcjZ2VjnwshCetSYPlFz76Tpa7e9IqZnC02w&amp;oe=6756139F&quot;,&quot;150&quot;:&quot;https:\\\/\\\/scontent.cdninstagram.com\\\/v\\\/t39.30808-6\\\/463062509_562876522937577_1093396619899326944_n.jpg?_nc_cat=104&amp;ccb=1-7&amp;_nc_sid=18de74&amp;_nc_ohc=XeSKH8mqLLIQ7kNvgEdyKZG&amp;_nc_zt=23&amp;_nc_ht=scontent.cdninstagram.com&amp;edm=ANo9K5cEAAAA&amp;_nc_gid=A1X_t_VFouC_23eSxx0H1bC&amp;oh=00_AYAs2F9BlbAcjZ2VjnwshCetSYPlFz76Tpa7e9IqZnC02w&amp;oe=6756139F&quot;,&quot;320&quot;:&quot;https:\\\/\\\/scontent.cdninstagram.com\\\/v\\\/t39.30808-6\\\/463062509_562876522937577_1093396619899326944_n.jpg?_nc_cat=104&amp;ccb=1-7&amp;_nc_sid=18de74&amp;_nc_ohc=XeSKH8mqLLIQ7kNvgEdyKZG&amp;_nc_zt=23&amp;_nc_ht=scontent.cdninstagram.com&amp;edm=ANo9K5cEAAAA&amp;_nc_gid=A1X_t_VFouC_23eSxx0H1bC&amp;oh=00_AYAs2F9BlbAcjZ2VjnwshCetSYPlFz76Tpa7e9IqZnC02w&amp;oe=6756139F&quot;,&quot;640&quot;:&quot;https:\\\/\\\/scontent.cdninstagram.com\\\/v\\\/t39.30808-6\\\/463062509_562876522937577_1093396619899326944_n.jpg?_nc_cat=104&amp;ccb=1-7&amp;_nc_sid=18de74&amp;_nc_ohc=XeSKH8mqLLIQ7kNvgEdyKZG&amp;_nc_zt=23&amp;_nc_ht=scontent.cdninstagram.com&amp;edm=ANo9K5cEAAAA&amp;_nc_gid=A1X_t_VFouC_23eSxx0H1bC&amp;oh=00_AYAs2F9BlbAcjZ2VjnwshCetSYPlFz76Tpa7e9IqZnC02w&amp;oe=6756139F&quot;}\">\n            <span class=\"sbi-screenreader\">Via Morta est\u00e1 de xira este outono, e a pr\u00f3xima <\/span>\n            \t                    <img decoding=\"async\" src=\"https:\/\/www.festiclown.org\/wp-content\/plugins\/instagram-feed\/img\/placeholder.png\" alt=\"Via Morta est\u00e1 de xira este outono, e a pr\u00f3xima semana fai parada en Vilagarc\u00eda. \n\n\ud83c\udfad M\u00e1is que un espect\u00e1culo teatral \u00e9 unha experiencia a trav\u00e9s do teatro. O espazo conv\u00edrtese nun campo de refuxiados, e o p\u00fablico ach\u00e9gase as\u00ed \u00e1 dura realidade que viven mill\u00f3ns de persoas que chegan a Europa na procura dunha vida mellor. \n\nBaseada na experiencia de @pallasosenrebeldia no terreo, \u00e9 un espect\u00e1culo que non se pode perder! \ud83e\udd21\n\n\ud83d\udcc5 Venres, 25 de outubro\n\ud83d\udd64 21.30h\n\ud83d\udccdPeixer\u00eda Vella, Vilagarc\u00eda de Arousa\n\n@vilagarciaviva @culturactiva_coop @fondogalego\">\n        <\/a>\n    <\/div>\n<\/div><div class=\"sbi_item sbi_type_video sbi_new sbi_transition\" id=\"sbi_18037232441470399\" data-date=\"1728917506\">\n    <div class=\"sbi_photo_wrap\">\n        <a class=\"sbi_photo\" href=\"https:\/\/www.instagram.com\/reel\/DBG8L_IMTBz\/\" target=\"_blank\" rel=\"noopener nofollow\" data-full-res=\"https:\/\/scontent.cdninstagram.com\/v\/t51.29350-15\/463100428_1569291880682505_6223465078388221723_n.jpg?_nc_cat=104&#038;ccb=1-7&#038;_nc_sid=18de74&#038;_nc_ohc=FWCF5eZLGZEQ7kNvgGZybzL&#038;_nc_zt=23&#038;_nc_ht=scontent.cdninstagram.com&#038;edm=ANo9K5cEAAAA&#038;_nc_gid=A1X_t_VFouC_23eSxx0H1bC&#038;oh=00_AYDWYCkf7M4SAZX4GQIVZF7RHDxc_cJRQqjWVWzj8HOF3Q&#038;oe=6755F918\" data-img-src-set=\"{&quot;d&quot;:&quot;https:\\\/\\\/scontent.cdninstagram.com\\\/v\\\/t51.29350-15\\\/463100428_1569291880682505_6223465078388221723_n.jpg?_nc_cat=104&amp;ccb=1-7&amp;_nc_sid=18de74&amp;_nc_ohc=FWCF5eZLGZEQ7kNvgGZybzL&amp;_nc_zt=23&amp;_nc_ht=scontent.cdninstagram.com&amp;edm=ANo9K5cEAAAA&amp;_nc_gid=A1X_t_VFouC_23eSxx0H1bC&amp;oh=00_AYDWYCkf7M4SAZX4GQIVZF7RHDxc_cJRQqjWVWzj8HOF3Q&amp;oe=6755F918&quot;,&quot;150&quot;:&quot;https:\\\/\\\/scontent.cdninstagram.com\\\/v\\\/t51.29350-15\\\/463100428_1569291880682505_6223465078388221723_n.jpg?_nc_cat=104&amp;ccb=1-7&amp;_nc_sid=18de74&amp;_nc_ohc=FWCF5eZLGZEQ7kNvgGZybzL&amp;_nc_zt=23&amp;_nc_ht=scontent.cdninstagram.com&amp;edm=ANo9K5cEAAAA&amp;_nc_gid=A1X_t_VFouC_23eSxx0H1bC&amp;oh=00_AYDWYCkf7M4SAZX4GQIVZF7RHDxc_cJRQqjWVWzj8HOF3Q&amp;oe=6755F918&quot;,&quot;320&quot;:&quot;https:\\\/\\\/scontent.cdninstagram.com\\\/v\\\/t51.29350-15\\\/463100428_1569291880682505_6223465078388221723_n.jpg?_nc_cat=104&amp;ccb=1-7&amp;_nc_sid=18de74&amp;_nc_ohc=FWCF5eZLGZEQ7kNvgGZybzL&amp;_nc_zt=23&amp;_nc_ht=scontent.cdninstagram.com&amp;edm=ANo9K5cEAAAA&amp;_nc_gid=A1X_t_VFouC_23eSxx0H1bC&amp;oh=00_AYDWYCkf7M4SAZX4GQIVZF7RHDxc_cJRQqjWVWzj8HOF3Q&amp;oe=6755F918&quot;,&quot;640&quot;:&quot;https:\\\/\\\/scontent.cdninstagram.com\\\/v\\\/t51.29350-15\\\/463100428_1569291880682505_6223465078388221723_n.jpg?_nc_cat=104&amp;ccb=1-7&amp;_nc_sid=18de74&amp;_nc_ohc=FWCF5eZLGZEQ7kNvgGZybzL&amp;_nc_zt=23&amp;_nc_ht=scontent.cdninstagram.com&amp;edm=ANo9K5cEAAAA&amp;_nc_gid=A1X_t_VFouC_23eSxx0H1bC&amp;oh=00_AYDWYCkf7M4SAZX4GQIVZF7RHDxc_cJRQqjWVWzj8HOF3Q&amp;oe=6755F918&quot;}\">\n            <span class=\"sbi-screenreader\">MAGICLOWN 2024| \ud83c\udfa5 Aqu\u00ed est\u00e0 el resum del Magi<\/span>\n            \t        <svg style=\"color: rgba(255,255,255,1)\" class=\"svg-inline--fa fa-play fa-w-14 sbi_playbtn\" aria-label=\"Play\" aria-hidden=\"true\" data-fa-processed=\"\" data-prefix=\"fa\" data-icon=\"play\" role=\"presentation\" xmlns=\"http:\/\/www.w3.org\/2000\/svg\" viewBox=\"0 0 448 512\"><path fill=\"currentColor\" d=\"M424.4 214.7L72.4 6.6C43.8-10.3 0 6.1 0 47.9V464c0 37.5 40.7 60.1 72.4 41.3l352-208c31.4-18.5 31.5-64.1 0-82.6z\"><\/path><\/svg>            <img decoding=\"async\" src=\"https:\/\/www.festiclown.org\/wp-content\/plugins\/instagram-feed\/img\/placeholder.png\" alt=\"MAGICLOWN 2024| \ud83c\udfa5 Aqu\u00ed est\u00e0 el resum del Magiclown 2024 \n\n\ud83e\ude84 Molta m\u00e0gia, molt de circ, molts riures i, sobretot, molt\u00edssima il\u00b7lusi\u00f3 \ud83c\udfaa\n\nMoltes gr\u00e0cies a totes les persones que ho heu fet possible!\nEns veiem l&#039;any vinent! \u2728\n\n-- \n\n[es] \ud83c\udfa5 Aqu\u00ed est\u00e1 el resumen del Magiclown 2024 \n\n\ud83e\ude84 Mucha magia, mucho circo, muchas risas y, sobre todo, much\u00edsima ilusi\u00f3n \ud83c\udfaa\n\n\u00a1Muchas gracias a todas las personas que lo hab\u00e9is hecho posible!\n\u00a1Nos vemos el pr\u00f3ximo a\u00f1o! \u2728\">\n        <\/a>\n    <\/div>\n<\/div><div class=\"sbi_item sbi_type_carousel sbi_new sbi_transition\" id=\"sbi_17870856933127096\" data-date=\"1727686773\">\n    <div class=\"sbi_photo_wrap\">\n        <a class=\"sbi_photo\" href=\"https:\/\/www.instagram.com\/p\/DAiRPmQsQBi\/\" target=\"_blank\" rel=\"noopener nofollow\" data-full-res=\"https:\/\/scontent.cdninstagram.com\/v\/t51.29350-15\/461554072_909939557652418_4501915077727568845_n.webp?stp=dst-jpg&#038;_nc_cat=101&#038;ccb=1-7&#038;_nc_sid=18de74&#038;_nc_ohc=csf3jkj2FLAQ7kNvgFO-oeU&#038;_nc_zt=23&#038;_nc_ht=scontent.cdninstagram.com&#038;edm=ANo9K5cEAAAA&#038;_nc_gid=A1X_t_VFouC_23eSxx0H1bC&#038;oh=00_AYCIT6TG0HON7AZtSQbAeUkFCfnsK7poM07u19D3qig7Yg&#038;oe=6755F996\" data-img-src-set=\"{&quot;d&quot;:&quot;https:\\\/\\\/scontent.cdninstagram.com\\\/v\\\/t51.29350-15\\\/461554072_909939557652418_4501915077727568845_n.webp?stp=dst-jpg&amp;_nc_cat=101&amp;ccb=1-7&amp;_nc_sid=18de74&amp;_nc_ohc=csf3jkj2FLAQ7kNvgFO-oeU&amp;_nc_zt=23&amp;_nc_ht=scontent.cdninstagram.com&amp;edm=ANo9K5cEAAAA&amp;_nc_gid=A1X_t_VFouC_23eSxx0H1bC&amp;oh=00_AYCIT6TG0HON7AZtSQbAeUkFCfnsK7poM07u19D3qig7Yg&amp;oe=6755F996&quot;,&quot;150&quot;:&quot;https:\\\/\\\/scontent.cdninstagram.com\\\/v\\\/t51.29350-15\\\/461554072_909939557652418_4501915077727568845_n.webp?stp=dst-jpg&amp;_nc_cat=101&amp;ccb=1-7&amp;_nc_sid=18de74&amp;_nc_ohc=csf3jkj2FLAQ7kNvgFO-oeU&amp;_nc_zt=23&amp;_nc_ht=scontent.cdninstagram.com&amp;edm=ANo9K5cEAAAA&amp;_nc_gid=A1X_t_VFouC_23eSxx0H1bC&amp;oh=00_AYCIT6TG0HON7AZtSQbAeUkFCfnsK7poM07u19D3qig7Yg&amp;oe=6755F996&quot;,&quot;320&quot;:&quot;https:\\\/\\\/scontent.cdninstagram.com\\\/v\\\/t51.29350-15\\\/461554072_909939557652418_4501915077727568845_n.webp?stp=dst-jpg&amp;_nc_cat=101&amp;ccb=1-7&amp;_nc_sid=18de74&amp;_nc_ohc=csf3jkj2FLAQ7kNvgFO-oeU&amp;_nc_zt=23&amp;_nc_ht=scontent.cdninstagram.com&amp;edm=ANo9K5cEAAAA&amp;_nc_gid=A1X_t_VFouC_23eSxx0H1bC&amp;oh=00_AYCIT6TG0HON7AZtSQbAeUkFCfnsK7poM07u19D3qig7Yg&amp;oe=6755F996&quot;,&quot;640&quot;:&quot;https:\\\/\\\/scontent.cdninstagram.com\\\/v\\\/t51.29350-15\\\/461554072_909939557652418_4501915077727568845_n.webp?stp=dst-jpg&amp;_nc_cat=101&amp;ccb=1-7&amp;_nc_sid=18de74&amp;_nc_ohc=csf3jkj2FLAQ7kNvgFO-oeU&amp;_nc_zt=23&amp;_nc_ht=scontent.cdninstagram.com&amp;edm=ANo9K5cEAAAA&amp;_nc_gid=A1X_t_VFouC_23eSxx0H1bC&amp;oh=00_AYCIT6TG0HON7AZtSQbAeUkFCfnsK7poM07u19D3qig7Yg&amp;oe=6755F996&quot;}\">\n            <span class=\"sbi-screenreader\">\ud83e\ude84 MAGICLOWN 2024| @jorgeblass va posar l\u2019apot<\/span>\n            <svg class=\"svg-inline--fa fa-clone fa-w-16 sbi_lightbox_carousel_icon\" aria-hidden=\"true\" aria-label=\"Clone\" data-fa-pro\u0192cessed=\"\" data-prefix=\"far\" data-icon=\"clone\" role=\"img\" xmlns=\"http:\/\/www.w3.org\/2000\/svg\" viewBox=\"0 0 512 512\">\n\t                <path fill=\"currentColor\" d=\"M464 0H144c-26.51 0-48 21.49-48 48v48H48c-26.51 0-48 21.49-48 48v320c0 26.51 21.49 48 48 48h320c26.51 0 48-21.49 48-48v-48h48c26.51 0 48-21.49 48-48V48c0-26.51-21.49-48-48-48zM362 464H54a6 6 0 0 1-6-6V150a6 6 0 0 1 6-6h42v224c0 26.51 21.49 48 48 48h224v42a6 6 0 0 1-6 6zm96-96H150a6 6 0 0 1-6-6V54a6 6 0 0 1 6-6h308a6 6 0 0 1 6 6v308a6 6 0 0 1-6 6z\"><\/path>\n\t            <\/svg>\t                    <img decoding=\"async\" src=\"https:\/\/www.festiclown.org\/wp-content\/plugins\/instagram-feed\/img\/placeholder.png\" alt=\"\ud83e\ude84 MAGICLOWN 2024| @jorgeblass va posar l\u2019apoteosi al #Magiclown ahir. Un dels millors mags del m\u00f3n ens va deixar els ulls com plats amb el seu il\u00b7lusionisme.\n\n\ud83d\ude0d  Gr\u00e0cies al p\u00fablic per acompanyar-nos aquests dies de Magiclown. Ens veim l\u2019any que ve amb molta m\u00e0gia! \u2764\ufe0f\ud83c\udf88\n\n\ud83d\udcf8David L\u00f3pez @80.lsd\n\n__ \n\n[ES] \ud83e\ude84 MAGICLOWN 2024| @jorgeblass puso el broche de oro al #Magiclown ayer. Uno de los mejores magos del mundo nos dej\u00f3 los ojos como platos con su ilusionismo. \n\n\ud83d\ude0d  Gracias al p\u00fablico por acompa\u00f1arnos estos d\u00edas de Magiclown. \u00a1Nos vemos el pr\u00f3ximo a\u00f1o con mucha magia! \u2764\ufe0f\ud83c\udf88\n\n@sant_josep_de_sa_talaia @cultura.santjosep\n\n#magia #circo #magiclown #santjosepdesatalaia\">\n        <\/a>\n    <\/div>\n<\/div><div class=\"sbi_item sbi_type_carousel sbi_new sbi_transition\" id=\"sbi_18057210589763917\" data-date=\"1727681845\">\n    <div class=\"sbi_photo_wrap\">\n        <a class=\"sbi_photo\" href=\"https:\/\/www.instagram.com\/p\/DAiH2DRsRo6\/\" target=\"_blank\" rel=\"noopener nofollow\" data-full-res=\"https:\/\/scontent.cdninstagram.com\/v\/t51.29350-15\/461391041_846106301052828_6221868426429039040_n.webp?stp=dst-jpg_tt6&#038;_nc_cat=110&#038;ccb=1-7&#038;_nc_sid=18de74&#038;_nc_ohc=-sQeCB6flegQ7kNvgElc0Oh&#038;_nc_zt=23&#038;_nc_ht=scontent.cdninstagram.com&#038;edm=ANo9K5cEAAAA&#038;_nc_gid=A1X_t_VFouC_23eSxx0H1bC&#038;oh=00_AYB7onbkPlm2ny6Zyxqr80HIb841Em0Ma8NiTCUPiyDTpw&#038;oe=6755F3BE\" data-img-src-set=\"{&quot;d&quot;:&quot;https:\\\/\\\/scontent.cdninstagram.com\\\/v\\\/t51.29350-15\\\/461391041_846106301052828_6221868426429039040_n.webp?stp=dst-jpg_tt6&amp;_nc_cat=110&amp;ccb=1-7&amp;_nc_sid=18de74&amp;_nc_ohc=-sQeCB6flegQ7kNvgElc0Oh&amp;_nc_zt=23&amp;_nc_ht=scontent.cdninstagram.com&amp;edm=ANo9K5cEAAAA&amp;_nc_gid=A1X_t_VFouC_23eSxx0H1bC&amp;oh=00_AYB7onbkPlm2ny6Zyxqr80HIb841Em0Ma8NiTCUPiyDTpw&amp;oe=6755F3BE&quot;,&quot;150&quot;:&quot;https:\\\/\\\/scontent.cdninstagram.com\\\/v\\\/t51.29350-15\\\/461391041_846106301052828_6221868426429039040_n.webp?stp=dst-jpg_tt6&amp;_nc_cat=110&amp;ccb=1-7&amp;_nc_sid=18de74&amp;_nc_ohc=-sQeCB6flegQ7kNvgElc0Oh&amp;_nc_zt=23&amp;_nc_ht=scontent.cdninstagram.com&amp;edm=ANo9K5cEAAAA&amp;_nc_gid=A1X_t_VFouC_23eSxx0H1bC&amp;oh=00_AYB7onbkPlm2ny6Zyxqr80HIb841Em0Ma8NiTCUPiyDTpw&amp;oe=6755F3BE&quot;,&quot;320&quot;:&quot;https:\\\/\\\/scontent.cdninstagram.com\\\/v\\\/t51.29350-15\\\/461391041_846106301052828_6221868426429039040_n.webp?stp=dst-jpg_tt6&amp;_nc_cat=110&amp;ccb=1-7&amp;_nc_sid=18de74&amp;_nc_ohc=-sQeCB6flegQ7kNvgElc0Oh&amp;_nc_zt=23&amp;_nc_ht=scontent.cdninstagram.com&amp;edm=ANo9K5cEAAAA&amp;_nc_gid=A1X_t_VFouC_23eSxx0H1bC&amp;oh=00_AYB7onbkPlm2ny6Zyxqr80HIb841Em0Ma8NiTCUPiyDTpw&amp;oe=6755F3BE&quot;,&quot;640&quot;:&quot;https:\\\/\\\/scontent.cdninstagram.com\\\/v\\\/t51.29350-15\\\/461391041_846106301052828_6221868426429039040_n.webp?stp=dst-jpg_tt6&amp;_nc_cat=110&amp;ccb=1-7&amp;_nc_sid=18de74&amp;_nc_ohc=-sQeCB6flegQ7kNvgElc0Oh&amp;_nc_zt=23&amp;_nc_ht=scontent.cdninstagram.com&amp;edm=ANo9K5cEAAAA&amp;_nc_gid=A1X_t_VFouC_23eSxx0H1bC&amp;oh=00_AYB7onbkPlm2ny6Zyxqr80HIb841Em0Ma8NiTCUPiyDTpw&amp;oe=6755F3BE&quot;}\">\n            <span class=\"sbi-screenreader\">\ud83e\ude84 MAGICLOWN 2024| Per aqu\u00ed deixam les imatges <\/span>\n            <svg class=\"svg-inline--fa fa-clone fa-w-16 sbi_lightbox_carousel_icon\" aria-hidden=\"true\" aria-label=\"Clone\" data-fa-pro\u0192cessed=\"\" data-prefix=\"far\" data-icon=\"clone\" role=\"img\" xmlns=\"http:\/\/www.w3.org\/2000\/svg\" viewBox=\"0 0 512 512\">\n\t                <path fill=\"currentColor\" d=\"M464 0H144c-26.51 0-48 21.49-48 48v48H48c-26.51 0-48 21.49-48 48v320c0 26.51 21.49 48 48 48h320c26.51 0 48-21.49 48-48v-48h48c26.51 0 48-21.49 48-48V48c0-26.51-21.49-48-48-48zM362 464H54a6 6 0 0 1-6-6V150a6 6 0 0 1 6-6h42v224c0 26.51 21.49 48 48 48h224v42a6 6 0 0 1-6 6zm96-96H150a6 6 0 0 1-6-6V54a6 6 0 0 1 6-6h308a6 6 0 0 1 6 6v308a6 6 0 0 1-6 6z\"><\/path>\n\t            <\/svg>\t                    <img decoding=\"async\" src=\"https:\/\/www.festiclown.org\/wp-content\/plugins\/instagram-feed\/img\/placeholder.png\" alt=\"\ud83e\ude84 MAGICLOWN 2024| Per aqu\u00ed deixam les imatges de les incre\u00efbles acrob\u00e0cies de @martasemprearriba en el #Magiclown ahir. Molta m\u00fasica i molt de flow a l\u2019aire! \u2764\ufe0f\ud83c\udf88\n\n\ud83d\udcf8 David L\u00f3pez @80.lsd\n\n__ \n[ES] \ud83e\ude84 MAGICLOWN 2024| Por aqu\u00ed dejamos las im\u00e1genes de las incre\u00edbles acrobacias de @martasemprearriba en el #Magiclown ayer. \u00a1Mucha m\u00fasica y mucho flow en el aire! \u2764\ufe0f\ud83c\udf88\n\n@sant_josep_de_sa_talaia @cultura.santjosep\n\n#magia #circo #magiclown #santjosepdesatalaia\">\n        <\/a>\n    <\/div>\n<\/div><div class=\"sbi_item sbi_type_carousel sbi_new sbi_transition\" id=\"sbi_18068372266608438\" data-date=\"1727588541\">\n    <div class=\"sbi_photo_wrap\">\n        <a class=\"sbi_photo\" href=\"https:\/\/www.instagram.com\/p\/DAfV4V-IIhE\/\" target=\"_blank\" rel=\"noopener nofollow\" data-full-res=\"https:\/\/scontent.cdninstagram.com\/v\/t51.29350-15\/458208399_3893603624229097_5646395164648546788_n.jpg?_nc_cat=108&#038;ccb=1-7&#038;_nc_sid=18de74&#038;_nc_ohc=OTofsVA1MN4Q7kNvgETAchu&#038;_nc_zt=23&#038;_nc_ht=scontent.cdninstagram.com&#038;edm=ANo9K5cEAAAA&#038;_nc_gid=A1X_t_VFouC_23eSxx0H1bC&#038;oh=00_AYA8Nqx4eWvVS6lcD7jRrPvju5SI92Zq0IlbgpHQhcEz5g&#038;oe=6755F8F8\" data-img-src-set=\"{&quot;d&quot;:&quot;https:\\\/\\\/scontent.cdninstagram.com\\\/v\\\/t51.29350-15\\\/458208399_3893603624229097_5646395164648546788_n.jpg?_nc_cat=108&amp;ccb=1-7&amp;_nc_sid=18de74&amp;_nc_ohc=OTofsVA1MN4Q7kNvgETAchu&amp;_nc_zt=23&amp;_nc_ht=scontent.cdninstagram.com&amp;edm=ANo9K5cEAAAA&amp;_nc_gid=A1X_t_VFouC_23eSxx0H1bC&amp;oh=00_AYA8Nqx4eWvVS6lcD7jRrPvju5SI92Zq0IlbgpHQhcEz5g&amp;oe=6755F8F8&quot;,&quot;150&quot;:&quot;https:\\\/\\\/scontent.cdninstagram.com\\\/v\\\/t51.29350-15\\\/458208399_3893603624229097_5646395164648546788_n.jpg?_nc_cat=108&amp;ccb=1-7&amp;_nc_sid=18de74&amp;_nc_ohc=OTofsVA1MN4Q7kNvgETAchu&amp;_nc_zt=23&amp;_nc_ht=scontent.cdninstagram.com&amp;edm=ANo9K5cEAAAA&amp;_nc_gid=A1X_t_VFouC_23eSxx0H1bC&amp;oh=00_AYA8Nqx4eWvVS6lcD7jRrPvju5SI92Zq0IlbgpHQhcEz5g&amp;oe=6755F8F8&quot;,&quot;320&quot;:&quot;https:\\\/\\\/scontent.cdninstagram.com\\\/v\\\/t51.29350-15\\\/458208399_3893603624229097_5646395164648546788_n.jpg?_nc_cat=108&amp;ccb=1-7&amp;_nc_sid=18de74&amp;_nc_ohc=OTofsVA1MN4Q7kNvgETAchu&amp;_nc_zt=23&amp;_nc_ht=scontent.cdninstagram.com&amp;edm=ANo9K5cEAAAA&amp;_nc_gid=A1X_t_VFouC_23eSxx0H1bC&amp;oh=00_AYA8Nqx4eWvVS6lcD7jRrPvju5SI92Zq0IlbgpHQhcEz5g&amp;oe=6755F8F8&quot;,&quot;640&quot;:&quot;https:\\\/\\\/scontent.cdninstagram.com\\\/v\\\/t51.29350-15\\\/458208399_3893603624229097_5646395164648546788_n.jpg?_nc_cat=108&amp;ccb=1-7&amp;_nc_sid=18de74&amp;_nc_ohc=OTofsVA1MN4Q7kNvgETAchu&amp;_nc_zt=23&amp;_nc_ht=scontent.cdninstagram.com&amp;edm=ANo9K5cEAAAA&amp;_nc_gid=A1X_t_VFouC_23eSxx0H1bC&amp;oh=00_AYA8Nqx4eWvVS6lcD7jRrPvju5SI92Zq0IlbgpHQhcEz5g&amp;oe=6755F8F8&quot;}\">\n            <span class=\"sbi-screenreader\">\ud83e\ude84 MAGICLOWN 2024| Circ i rock junts... \u00e9s poss<\/span>\n            <svg class=\"svg-inline--fa fa-clone fa-w-16 sbi_lightbox_carousel_icon\" aria-hidden=\"true\" aria-label=\"Clone\" data-fa-pro\u0192cessed=\"\" data-prefix=\"far\" data-icon=\"clone\" role=\"img\" xmlns=\"http:\/\/www.w3.org\/2000\/svg\" viewBox=\"0 0 512 512\">\n\t                <path fill=\"currentColor\" d=\"M464 0H144c-26.51 0-48 21.49-48 48v48H48c-26.51 0-48 21.49-48 48v320c0 26.51 21.49 48 48 48h320c26.51 0 48-21.49 48-48v-48h48c26.51 0 48-21.49 48-48V48c0-26.51-21.49-48-48-48zM362 464H54a6 6 0 0 1-6-6V150a6 6 0 0 1 6-6h42v224c0 26.51 21.49 48 48 48h224v42a6 6 0 0 1-6 6zm96-96H150a6 6 0 0 1-6-6V54a6 6 0 0 1 6-6h308a6 6 0 0 1 6 6v308a6 6 0 0 1-6 6z\"><\/path>\n\t            <\/svg>\t                    <img decoding=\"async\" src=\"https:\/\/www.festiclown.org\/wp-content\/plugins\/instagram-feed\/img\/placeholder.png\" alt=\"\ud83e\ude84 MAGICLOWN 2024| Circ i rock junts... \u00e9s possible? @circorolabola ens va demostrar que s\u00ed! \nQuina meravella d&#039;espectacle! \ud83e\udd38\ud83c\udffd\ud83c\udfb8\n\ud83d\ude09 I dem\u00e0 m\u00e9s Magiclown\n\n\ud83d\udc49\ud83c\udffd Programaci\u00f3 completa a www.magiclown.org\n__\n\n[ES]\n\ud83e\ude84 MAGICLOWN 2024| \u00bfCirco y rock juntos... es posible? @circorolabola nos demostr\u00f3 que s\u00ed! \n\u00a1Qu\u00e9 maravilla de espect\u00e1culo! \ud83e\udd38\ud83c\udffd\ud83c\udfb8\n\ud83d\ude09 Y ma\u00f1ana m\u00e1s Magiclown\n\n\ud83d\udc49\ud83c\udffd Programaci\u00f3n completa en www.magiclown.org\n\n@sant_josep_de_sa_talaia @cultura.santjosep \n\n#magia #circo #magiclown #santjosepdesatalaia\">\n        <\/a>\n    <\/div>\n<\/div><div class=\"sbi_item sbi_type_carousel sbi_new sbi_transition\" id=\"sbi_18044660819005490\" data-date=\"1727587508\">\n    <div class=\"sbi_photo_wrap\">\n        <a class=\"sbi_photo\" href=\"https:\/\/www.instagram.com\/p\/DAfT6PiIPeJ\/\" target=\"_blank\" rel=\"noopener nofollow\" data-full-res=\"https:\/\/scontent.cdninstagram.com\/v\/t51.29350-15\/461529459_526255453437516_9133996363776275115_n.jpg?_nc_cat=109&#038;ccb=1-7&#038;_nc_sid=18de74&#038;_nc_ohc=M-PxVimboGkQ7kNvgFi6cD_&#038;_nc_zt=23&#038;_nc_ht=scontent.cdninstagram.com&#038;edm=ANo9K5cEAAAA&#038;_nc_gid=A1X_t_VFouC_23eSxx0H1bC&#038;oh=00_AYAkNTbvsl_S5EjRMWg_IwxSRM_J3n4WsMHUKtt3cuH0Hg&#038;oe=67561AFF\" data-img-src-set=\"{&quot;d&quot;:&quot;https:\\\/\\\/scontent.cdninstagram.com\\\/v\\\/t51.29350-15\\\/461529459_526255453437516_9133996363776275115_n.jpg?_nc_cat=109&amp;ccb=1-7&amp;_nc_sid=18de74&amp;_nc_ohc=M-PxVimboGkQ7kNvgFi6cD_&amp;_nc_zt=23&amp;_nc_ht=scontent.cdninstagram.com&amp;edm=ANo9K5cEAAAA&amp;_nc_gid=A1X_t_VFouC_23eSxx0H1bC&amp;oh=00_AYAkNTbvsl_S5EjRMWg_IwxSRM_J3n4WsMHUKtt3cuH0Hg&amp;oe=67561AFF&quot;,&quot;150&quot;:&quot;https:\\\/\\\/scontent.cdninstagram.com\\\/v\\\/t51.29350-15\\\/461529459_526255453437516_9133996363776275115_n.jpg?_nc_cat=109&amp;ccb=1-7&amp;_nc_sid=18de74&amp;_nc_ohc=M-PxVimboGkQ7kNvgFi6cD_&amp;_nc_zt=23&amp;_nc_ht=scontent.cdninstagram.com&amp;edm=ANo9K5cEAAAA&amp;_nc_gid=A1X_t_VFouC_23eSxx0H1bC&amp;oh=00_AYAkNTbvsl_S5EjRMWg_IwxSRM_J3n4WsMHUKtt3cuH0Hg&amp;oe=67561AFF&quot;,&quot;320&quot;:&quot;https:\\\/\\\/scontent.cdninstagram.com\\\/v\\\/t51.29350-15\\\/461529459_526255453437516_9133996363776275115_n.jpg?_nc_cat=109&amp;ccb=1-7&amp;_nc_sid=18de74&amp;_nc_ohc=M-PxVimboGkQ7kNvgFi6cD_&amp;_nc_zt=23&amp;_nc_ht=scontent.cdninstagram.com&amp;edm=ANo9K5cEAAAA&amp;_nc_gid=A1X_t_VFouC_23eSxx0H1bC&amp;oh=00_AYAkNTbvsl_S5EjRMWg_IwxSRM_J3n4WsMHUKtt3cuH0Hg&amp;oe=67561AFF&quot;,&quot;640&quot;:&quot;https:\\\/\\\/scontent.cdninstagram.com\\\/v\\\/t51.29350-15\\\/461529459_526255453437516_9133996363776275115_n.jpg?_nc_cat=109&amp;ccb=1-7&amp;_nc_sid=18de74&amp;_nc_ohc=M-PxVimboGkQ7kNvgFi6cD_&amp;_nc_zt=23&amp;_nc_ht=scontent.cdninstagram.com&amp;edm=ANo9K5cEAAAA&amp;_nc_gid=A1X_t_VFouC_23eSxx0H1bC&amp;oh=00_AYAkNTbvsl_S5EjRMWg_IwxSRM_J3n4WsMHUKtt3cuH0Hg&amp;oe=67561AFF&quot;}\">\n            <span class=\"sbi-screenreader\">\ud83d\udce2MAGICLOWN 2024|Aix\u00ed de b\u00e9 ens ho passam en e<\/span>\n            <svg class=\"svg-inline--fa fa-clone fa-w-16 sbi_lightbox_carousel_icon\" aria-hidden=\"true\" aria-label=\"Clone\" data-fa-pro\u0192cessed=\"\" data-prefix=\"far\" data-icon=\"clone\" role=\"img\" xmlns=\"http:\/\/www.w3.org\/2000\/svg\" viewBox=\"0 0 512 512\">\n\t                <path fill=\"currentColor\" d=\"M464 0H144c-26.51 0-48 21.49-48 48v48H48c-26.51 0-48 21.49-48 48v320c0 26.51 21.49 48 48 48h320c26.51 0 48-21.49 48-48v-48h48c26.51 0 48-21.49 48-48V48c0-26.51-21.49-48-48-48zM362 464H54a6 6 0 0 1-6-6V150a6 6 0 0 1 6-6h42v224c0 26.51 21.49 48 48 48h224v42a6 6 0 0 1-6 6zm96-96H150a6 6 0 0 1-6-6V54a6 6 0 0 1 6-6h308a6 6 0 0 1 6 6v308a6 6 0 0 1-6 6z\"><\/path>\n\t            <\/svg>\t                    <img decoding=\"async\" src=\"https:\/\/www.festiclown.org\/wp-content\/plugins\/instagram-feed\/img\/placeholder.png\" alt=\"\ud83d\udce2MAGICLOWN 2024|Aix\u00ed de b\u00e9 ens ho passam en el #Magiclown amb @cialepuant!\n\nI dem\u00e0 acomiadam el Magiclown! Doble espectacle a partir de les 19.30 h! \ud83d\ude09\n\ud83d\udc49\ud83c\udffd Programaci\u00f3 completa a www.magiclown.org\n\ud83d\udcf8David L\u00f3pez\n__\n\n[ES]\n\n\ud83e\ude84 MAGICLOWN 2024| \u00a1As\u00ed de bien nos lo pasamos en el #Magiclown con @cialepuant!\n\u00a1Y ma\u00f1ana despedimos el Magiclown! \u00a1Doble espect\u00e1culo a partir de las 19.30! \ud83d\ude09\n\n\ud83d\udc49\ud83c\udffd Programaci\u00f3n completa en www.magiclown.org\n\n@sant_josep_de_sa_talaia \n#magia #circo #magiclown #santjosepdesatalaia\">\n        <\/a>\n    <\/div>\n<\/div><div class=\"sbi_item sbi_type_carousel sbi_new sbi_transition\" id=\"sbi_18239764078278064\" data-date=\"1727532027\">\n    <div class=\"sbi_photo_wrap\">\n        <a class=\"sbi_photo\" href=\"https:\/\/www.instagram.com\/p\/DAdqFtasGOZ\/\" target=\"_blank\" rel=\"noopener nofollow\" data-full-res=\"https:\/\/scontent.cdninstagram.com\/v\/t39.30808-6\/461415416_546553891236507_4964551081078761129_n.jpg?_nc_cat=101&#038;ccb=1-7&#038;_nc_sid=18de74&#038;_nc_ohc=96Q2kc51kYcQ7kNvgE3dZ2a&#038;_nc_zt=23&#038;_nc_ht=scontent.cdninstagram.com&#038;edm=ANo9K5cEAAAA&#038;_nc_gid=A1X_t_VFouC_23eSxx0H1bC&#038;oh=00_AYCk_g5gmpJPiYZIEofNOPHpBiVGU-JJ77Jnfemvk4hYZQ&#038;oe=6756039C\" data-img-src-set=\"{&quot;d&quot;:&quot;https:\\\/\\\/scontent.cdninstagram.com\\\/v\\\/t39.30808-6\\\/461415416_546553891236507_4964551081078761129_n.jpg?_nc_cat=101&amp;ccb=1-7&amp;_nc_sid=18de74&amp;_nc_ohc=96Q2kc51kYcQ7kNvgE3dZ2a&amp;_nc_zt=23&amp;_nc_ht=scontent.cdninstagram.com&amp;edm=ANo9K5cEAAAA&amp;_nc_gid=A1X_t_VFouC_23eSxx0H1bC&amp;oh=00_AYCk_g5gmpJPiYZIEofNOPHpBiVGU-JJ77Jnfemvk4hYZQ&amp;oe=6756039C&quot;,&quot;150&quot;:&quot;https:\\\/\\\/scontent.cdninstagram.com\\\/v\\\/t39.30808-6\\\/461415416_546553891236507_4964551081078761129_n.jpg?_nc_cat=101&amp;ccb=1-7&amp;_nc_sid=18de74&amp;_nc_ohc=96Q2kc51kYcQ7kNvgE3dZ2a&amp;_nc_zt=23&amp;_nc_ht=scontent.cdninstagram.com&amp;edm=ANo9K5cEAAAA&amp;_nc_gid=A1X_t_VFouC_23eSxx0H1bC&amp;oh=00_AYCk_g5gmpJPiYZIEofNOPHpBiVGU-JJ77Jnfemvk4hYZQ&amp;oe=6756039C&quot;,&quot;320&quot;:&quot;https:\\\/\\\/scontent.cdninstagram.com\\\/v\\\/t39.30808-6\\\/461415416_546553891236507_4964551081078761129_n.jpg?_nc_cat=101&amp;ccb=1-7&amp;_nc_sid=18de74&amp;_nc_ohc=96Q2kc51kYcQ7kNvgE3dZ2a&amp;_nc_zt=23&amp;_nc_ht=scontent.cdninstagram.com&amp;edm=ANo9K5cEAAAA&amp;_nc_gid=A1X_t_VFouC_23eSxx0H1bC&amp;oh=00_AYCk_g5gmpJPiYZIEofNOPHpBiVGU-JJ77Jnfemvk4hYZQ&amp;oe=6756039C&quot;,&quot;640&quot;:&quot;https:\\\/\\\/scontent.cdninstagram.com\\\/v\\\/t39.30808-6\\\/461415416_546553891236507_4964551081078761129_n.jpg?_nc_cat=101&amp;ccb=1-7&amp;_nc_sid=18de74&amp;_nc_ohc=96Q2kc51kYcQ7kNvgE3dZ2a&amp;_nc_zt=23&amp;_nc_ht=scontent.cdninstagram.com&amp;edm=ANo9K5cEAAAA&amp;_nc_gid=A1X_t_VFouC_23eSxx0H1bC&amp;oh=00_AYCk_g5gmpJPiYZIEofNOPHpBiVGU-JJ77Jnfemvk4hYZQ&amp;oe=6756039C&quot;}\">\n            <span class=\"sbi-screenreader\">\ud83e\ude84 MAGICLOWN 2024| Dem\u00e0 diumenge arriba el Magi<\/span>\n            <svg class=\"svg-inline--fa fa-clone fa-w-16 sbi_lightbox_carousel_icon\" aria-hidden=\"true\" aria-label=\"Clone\" data-fa-pro\u0192cessed=\"\" data-prefix=\"far\" data-icon=\"clone\" role=\"img\" xmlns=\"http:\/\/www.w3.org\/2000\/svg\" viewBox=\"0 0 512 512\">\n\t                <path fill=\"currentColor\" d=\"M464 0H144c-26.51 0-48 21.49-48 48v48H48c-26.51 0-48 21.49-48 48v320c0 26.51 21.49 48 48 48h320c26.51 0 48-21.49 48-48v-48h48c26.51 0 48-21.49 48-48V48c0-26.51-21.49-48-48-48zM362 464H54a6 6 0 0 1-6-6V150a6 6 0 0 1 6-6h42v224c0 26.51 21.49 48 48 48h224v42a6 6 0 0 1-6 6zm96-96H150a6 6 0 0 1-6-6V54a6 6 0 0 1 6-6h308a6 6 0 0 1 6 6v308a6 6 0 0 1-6 6z\"><\/path>\n\t            <\/svg>\t                    <img decoding=\"async\" src=\"https:\/\/www.festiclown.org\/wp-content\/plugins\/instagram-feed\/img\/placeholder.png\" alt=\"\ud83e\ude84 MAGICLOWN 2024| Dem\u00e0 diumenge arriba el Magiclown a la seua \u00faltima jornada! Amb molt de circ i molta m\u00e0gia a l\u2019auditori Calo de s\u2019Oli.\n\n\ud83d\udc49\ud83c\udffd \u00a1Hoy\u2026 s\u00ed! de @martasemprearriba \n\ud83d\udcc5 diumenge, 29 de setembre, 19.30 h\n\ud83d\udccc exterior de l\u2019auditori Cal\u00f3 de s\u2019Oli\n\ud83c\udf9f\ufe0f acc\u00e9s lliure i gratu\u00eft\n\n\ud83d\udc49\ud83c\udffd La m\u00e0gia de @jorgeblass \n\ud83d\udcc5 diumenge, 29 de setembre, 21 h\n\ud83d\udccc  auditori Cal\u00f3 de s\u2019Oli\n\ud83c\udf9f\ufe0f reserva d\u2019entrades a les oficines municipals\n\n__\n\n[ES]\ud83e\ude84 MAGICLOWN 2024| \u00a1Ma\u00f1ana, domingo llega el Magiclown a su \u00faltima jornada! Con mucho circo y mucha magia en el auditorio Cal\u00f3 de s\u2019Oli.\n\n\ud83d\udc49\ud83c\udffd \u00a1Hoy\u2026 s\u00ed! de @martasemprearriba \n\ud83d\udcc5 domingo, 29 de septiembre, 19.30 h\n\ud83d\udccc exterior del auditorio Cal\u00f3 de s\u2019Oli\n\ud83c\udf9f\ufe0f acceso libre y gratuito\n\n\ud83d\udc49\ud83c\udffd La magia de @jorgeblass \n\ud83d\udcc5  domingo, 29 de septiembre, 21 h\n\ud83d\udccc auditorio Cal\u00f3 de s\u2019Oli\n\ud83c\udf9f\ufe0f reserva de entradas en las oficinas municipales\n\n\u00a1No te pierdas la despedida del Magiclown!\n\n@sant_josep_de_sa_talaia  @cultura.santjosep \n#magia #circo #magiclown #santjosepdesatalaia\">\n        <\/a>\n    <\/div>\n<\/div><div class=\"sbi_item sbi_type_carousel sbi_new sbi_transition\" id=\"sbi_18420317521079874\" data-date=\"1727475875\">\n    <div class=\"sbi_photo_wrap\">\n        <a class=\"sbi_photo\" href=\"https:\/\/www.instagram.com\/p\/DAb-_RIouOl\/\" target=\"_blank\" rel=\"noopener nofollow\" data-full-res=\"https:\/\/scontent.cdninstagram.com\/v\/t51.29350-15\/461423913_1328046091492477_8591064405616665007_n.jpg?_nc_cat=105&#038;ccb=1-7&#038;_nc_sid=18de74&#038;_nc_ohc=whlV0z0I4lcQ7kNvgEgNQt8&#038;_nc_zt=23&#038;_nc_ht=scontent.cdninstagram.com&#038;edm=ANo9K5cEAAAA&#038;_nc_gid=A1X_t_VFouC_23eSxx0H1bC&#038;oh=00_AYC5iXkYImVFyOLkk-15K9HGe9gWRQlSN3LE_6HXd2xY2Q&#038;oe=6755F479\" data-img-src-set=\"{&quot;d&quot;:&quot;https:\\\/\\\/scontent.cdninstagram.com\\\/v\\\/t51.29350-15\\\/461423913_1328046091492477_8591064405616665007_n.jpg?_nc_cat=105&amp;ccb=1-7&amp;_nc_sid=18de74&amp;_nc_ohc=whlV0z0I4lcQ7kNvgEgNQt8&amp;_nc_zt=23&amp;_nc_ht=scontent.cdninstagram.com&amp;edm=ANo9K5cEAAAA&amp;_nc_gid=A1X_t_VFouC_23eSxx0H1bC&amp;oh=00_AYC5iXkYImVFyOLkk-15K9HGe9gWRQlSN3LE_6HXd2xY2Q&amp;oe=6755F479&quot;,&quot;150&quot;:&quot;https:\\\/\\\/scontent.cdninstagram.com\\\/v\\\/t51.29350-15\\\/461423913_1328046091492477_8591064405616665007_n.jpg?_nc_cat=105&amp;ccb=1-7&amp;_nc_sid=18de74&amp;_nc_ohc=whlV0z0I4lcQ7kNvgEgNQt8&amp;_nc_zt=23&amp;_nc_ht=scontent.cdninstagram.com&amp;edm=ANo9K5cEAAAA&amp;_nc_gid=A1X_t_VFouC_23eSxx0H1bC&amp;oh=00_AYC5iXkYImVFyOLkk-15K9HGe9gWRQlSN3LE_6HXd2xY2Q&amp;oe=6755F479&quot;,&quot;320&quot;:&quot;https:\\\/\\\/scontent.cdninstagram.com\\\/v\\\/t51.29350-15\\\/461423913_1328046091492477_8591064405616665007_n.jpg?_nc_cat=105&amp;ccb=1-7&amp;_nc_sid=18de74&amp;_nc_ohc=whlV0z0I4lcQ7kNvgEgNQt8&amp;_nc_zt=23&amp;_nc_ht=scontent.cdninstagram.com&amp;edm=ANo9K5cEAAAA&amp;_nc_gid=A1X_t_VFouC_23eSxx0H1bC&amp;oh=00_AYC5iXkYImVFyOLkk-15K9HGe9gWRQlSN3LE_6HXd2xY2Q&amp;oe=6755F479&quot;,&quot;640&quot;:&quot;https:\\\/\\\/scontent.cdninstagram.com\\\/v\\\/t51.29350-15\\\/461423913_1328046091492477_8591064405616665007_n.jpg?_nc_cat=105&amp;ccb=1-7&amp;_nc_sid=18de74&amp;_nc_ohc=whlV0z0I4lcQ7kNvgEgNQt8&amp;_nc_zt=23&amp;_nc_ht=scontent.cdninstagram.com&amp;edm=ANo9K5cEAAAA&amp;_nc_gid=A1X_t_VFouC_23eSxx0H1bC&amp;oh=00_AYC5iXkYImVFyOLkk-15K9HGe9gWRQlSN3LE_6HXd2xY2Q&amp;oe=6755F479&quot;}\">\n            <span class=\"sbi-screenreader\">#MigueldeLucas conquist\u00f3 Sant Jordi con su magia,<\/span>\n            <svg class=\"svg-inline--fa fa-clone fa-w-16 sbi_lightbox_carousel_icon\" aria-hidden=\"true\" aria-label=\"Clone\" data-fa-pro\u0192cessed=\"\" data-prefix=\"far\" data-icon=\"clone\" role=\"img\" xmlns=\"http:\/\/www.w3.org\/2000\/svg\" viewBox=\"0 0 512 512\">\n\t                <path fill=\"currentColor\" d=\"M464 0H144c-26.51 0-48 21.49-48 48v48H48c-26.51 0-48 21.49-48 48v320c0 26.51 21.49 48 48 48h320c26.51 0 48-21.49 48-48v-48h48c26.51 0 48-21.49 48-48V48c0-26.51-21.49-48-48-48zM362 464H54a6 6 0 0 1-6-6V150a6 6 0 0 1 6-6h42v224c0 26.51 21.49 48 48 48h224v42a6 6 0 0 1-6 6zm96-96H150a6 6 0 0 1-6-6V54a6 6 0 0 1 6-6h308a6 6 0 0 1 6 6v308a6 6 0 0 1-6 6z\"><\/path>\n\t            <\/svg>\t                    <img decoding=\"async\" src=\"https:\/\/www.festiclown.org\/wp-content\/plugins\/instagram-feed\/img\/placeholder.png\" alt=\"#MigueldeLucas conquist\u00f3 Sant Jordi con su magia, estaba lleno de un p\u00fablico fascinado.\n\u00a1Y el #Magiclown contin\u00faa! \u00a1No te pierdas ning\u00fan espect\u00e1culo! \ud83d\ude09\n\n\ud83d\udcf1 Programaci\u00f3n completa en www.magiclown.org\n@DeTalaia\n\n[ES]\n\n\ud83e\ude84 MAGICLOWN 2024| @migueldelucastv conquist\u00f3 Sant Jordi con su magia, estaba lleno de un p\u00fablico fascinado.\n\n\u00a1Y el #Magiclown contin\u00faa! \u00a1No te pierdas ning\u00fan espect\u00e1culo! \ud83d\ude09\n\n\ud83d\udcf1 Programaci\u00f3n completa en www.magiclown.org\n\n@sant_josep_de_sa_talaia @cultura.santjosep \n\n#magia #circo #magiclown #santjosepdesatalaia\">\n        <\/a>\n    <\/div>\n<\/div><div class=\"sbi_item sbi_type_carousel sbi_new sbi_transition\" id=\"sbi_17958896705815147\" data-date=\"1727442043\">\n    <div class=\"sbi_photo_wrap\">\n        <a class=\"sbi_photo\" href=\"https:\/\/www.instagram.com\/p\/DAa-dUfvp_i\/\" target=\"_blank\" rel=\"noopener nofollow\" data-full-res=\"https:\/\/scontent.cdninstagram.com\/v\/t39.30808-6\/461199131_546541121237784_8474957768947104111_n.jpg?_nc_cat=100&#038;ccb=1-7&#038;_nc_sid=18de74&#038;_nc_ohc=K2nEe0CNbigQ7kNvgG-6E0z&#038;_nc_zt=23&#038;_nc_ht=scontent.cdninstagram.com&#038;edm=ANo9K5cEAAAA&#038;_nc_gid=A1X_t_VFouC_23eSxx0H1bC&#038;oh=00_AYBrnSYab7copJ23CkUydWgojjgnZ0kJBNg1R0RfEusbIA&#038;oe=67561E27\" data-img-src-set=\"{&quot;d&quot;:&quot;https:\\\/\\\/scontent.cdninstagram.com\\\/v\\\/t39.30808-6\\\/461199131_546541121237784_8474957768947104111_n.jpg?_nc_cat=100&amp;ccb=1-7&amp;_nc_sid=18de74&amp;_nc_ohc=K2nEe0CNbigQ7kNvgG-6E0z&amp;_nc_zt=23&amp;_nc_ht=scontent.cdninstagram.com&amp;edm=ANo9K5cEAAAA&amp;_nc_gid=A1X_t_VFouC_23eSxx0H1bC&amp;oh=00_AYBrnSYab7copJ23CkUydWgojjgnZ0kJBNg1R0RfEusbIA&amp;oe=67561E27&quot;,&quot;150&quot;:&quot;https:\\\/\\\/scontent.cdninstagram.com\\\/v\\\/t39.30808-6\\\/461199131_546541121237784_8474957768947104111_n.jpg?_nc_cat=100&amp;ccb=1-7&amp;_nc_sid=18de74&amp;_nc_ohc=K2nEe0CNbigQ7kNvgG-6E0z&amp;_nc_zt=23&amp;_nc_ht=scontent.cdninstagram.com&amp;edm=ANo9K5cEAAAA&amp;_nc_gid=A1X_t_VFouC_23eSxx0H1bC&amp;oh=00_AYBrnSYab7copJ23CkUydWgojjgnZ0kJBNg1R0RfEusbIA&amp;oe=67561E27&quot;,&quot;320&quot;:&quot;https:\\\/\\\/scontent.cdninstagram.com\\\/v\\\/t39.30808-6\\\/461199131_546541121237784_8474957768947104111_n.jpg?_nc_cat=100&amp;ccb=1-7&amp;_nc_sid=18de74&amp;_nc_ohc=K2nEe0CNbigQ7kNvgG-6E0z&amp;_nc_zt=23&amp;_nc_ht=scontent.cdninstagram.com&amp;edm=ANo9K5cEAAAA&amp;_nc_gid=A1X_t_VFouC_23eSxx0H1bC&amp;oh=00_AYBrnSYab7copJ23CkUydWgojjgnZ0kJBNg1R0RfEusbIA&amp;oe=67561E27&quot;,&quot;640&quot;:&quot;https:\\\/\\\/scontent.cdninstagram.com\\\/v\\\/t39.30808-6\\\/461199131_546541121237784_8474957768947104111_n.jpg?_nc_cat=100&amp;ccb=1-7&amp;_nc_sid=18de74&amp;_nc_ohc=K2nEe0CNbigQ7kNvgG-6E0z&amp;_nc_zt=23&amp;_nc_ht=scontent.cdninstagram.com&amp;edm=ANo9K5cEAAAA&amp;_nc_gid=A1X_t_VFouC_23eSxx0H1bC&amp;oh=00_AYBrnSYab7copJ23CkUydWgojjgnZ0kJBNg1R0RfEusbIA&amp;oe=67561E27&quot;}\">\n            <span class=\"sbi-screenreader\">\ud83e\ude84 MAGICLOWN 2024| Dem\u00e0 tenim una doble cita am<\/span>\n            <svg class=\"svg-inline--fa fa-clone fa-w-16 sbi_lightbox_carousel_icon\" aria-hidden=\"true\" aria-label=\"Clone\" data-fa-pro\u0192cessed=\"\" data-prefix=\"far\" data-icon=\"clone\" role=\"img\" xmlns=\"http:\/\/www.w3.org\/2000\/svg\" viewBox=\"0 0 512 512\">\n\t                <path fill=\"currentColor\" d=\"M464 0H144c-26.51 0-48 21.49-48 48v48H48c-26.51 0-48 21.49-48 48v320c0 26.51 21.49 48 48 48h320c26.51 0 48-21.49 48-48v-48h48c26.51 0 48-21.49 48-48V48c0-26.51-21.49-48-48-48zM362 464H54a6 6 0 0 1-6-6V150a6 6 0 0 1 6-6h42v224c0 26.51 21.49 48 48 48h224v42a6 6 0 0 1-6 6zm96-96H150a6 6 0 0 1-6-6V54a6 6 0 0 1 6-6h308a6 6 0 0 1 6 6v308a6 6 0 0 1-6 6z\"><\/path>\n\t            <\/svg>\t                    <img decoding=\"async\" src=\"https:\/\/www.festiclown.org\/wp-content\/plugins\/instagram-feed\/img\/placeholder.png\" alt=\"\ud83e\ude84 MAGICLOWN 2024| Dem\u00e0 tenim una doble cita amb el #Magiclown!\n\n\ud83d\udc49\ud83c\udffd Tot sol\u2026 I n\u00favol, @cialepuant \n\ud83d\udcc5 Dissabte, 28 de setembre, 20 h\n\ud83d\udccc  Auditori Cal\u00f3 de s\u2019Oli\n\ud83c\udf9f\ufe0f Reserva d\u2019entrades gratu\u00eftes a les oficines municipals\n\n\ud83d\udc49\ud83c\udffd Rock Cirk, de @circorolabola \n\ud83d\udcc5  Dissabte, 28 de setembre, 21.30 h\n\ud83d\udccc Exterior de l\u2019auditori Cal\u00f3 de s\u2019Oli\n\ud83c\udf9f\ufe0f Acc\u00e9s lliure i gratu\u00eft\n\nHi vens\n\n\ud83d\udcf1  Programaci\u00f3 completa a www.magiclown.org\n\n__\n\n[ES]\ud83e\ude84 MAGICLOWN 2024| \u00a1Ma\u00f1ana tenemos una doble cita con el #Magiclown!\n\n\ud83d\udc49\ud83c\udffd Tot sol\u2026 I n\u00favol, @cialepuant \n\ud83d\udcc5  S\u00e1bado, 28 de septiembre, 20 h\n\ud83d\udccc  Auditorio Cal\u00f3 de s\u2019Oli\n\ud83c\udf9f\ufe0f Reserva de entradas gratuitas en las oficinas municipales\n\n\ud83d\udc49\ud83c\udffd Rock Cirk, de @circorolabola \n\ud83d\udcc5  S\u00e1bado, 28 de septiembre, 21.30 h\n\ud83d\udccc  Exterior del auditorio Cal\u00f3 de s\u2019Oli\n\ud83c\udf9f\ufe0f Acceso libre y gratuito\n\n\u00bfVienes?\n\ud83d\udcf1  Programaci\u00f3n completa en www.magiclown.org\n\n@sant_josep_de_sa_talaia  @cultura.santjosep \n#magia #circo #magiclown #santjosepdesatalaia\">\n        <\/a>\n    <\/div>\n<\/div><div class=\"sbi_item sbi_type_carousel sbi_new sbi_transition\" id=\"sbi_17982070172604045\" data-date=\"1727421480\">\n    <div class=\"sbi_photo_wrap\">\n        <a class=\"sbi_photo\" href=\"https:\/\/www.instagram.com\/p\/DAaXPJxxtZw\/\" target=\"_blank\" rel=\"noopener nofollow\" data-full-res=\"https:\/\/scontent.cdninstagram.com\/v\/t39.30808-6\/461075337_547025721189324_2740572118832658708_n.jpg?_nc_cat=110&#038;ccb=1-7&#038;_nc_sid=18de74&#038;_nc_ohc=kX9R0179es4Q7kNvgH2-pfK&#038;_nc_zt=23&#038;_nc_ht=scontent.cdninstagram.com&#038;edm=ANo9K5cEAAAA&#038;_nc_gid=A1X_t_VFouC_23eSxx0H1bC&#038;oh=00_AYDnp1jWhOqAMpFbswQDM5fDfiWOH0q5EuBMUZ2JeU4Gvw&#038;oe=6755FB3E\" data-img-src-set=\"{&quot;d&quot;:&quot;https:\\\/\\\/scontent.cdninstagram.com\\\/v\\\/t39.30808-6\\\/461075337_547025721189324_2740572118832658708_n.jpg?_nc_cat=110&amp;ccb=1-7&amp;_nc_sid=18de74&amp;_nc_ohc=kX9R0179es4Q7kNvgH2-pfK&amp;_nc_zt=23&amp;_nc_ht=scontent.cdninstagram.com&amp;edm=ANo9K5cEAAAA&amp;_nc_gid=A1X_t_VFouC_23eSxx0H1bC&amp;oh=00_AYDnp1jWhOqAMpFbswQDM5fDfiWOH0q5EuBMUZ2JeU4Gvw&amp;oe=6755FB3E&quot;,&quot;150&quot;:&quot;https:\\\/\\\/scontent.cdninstagram.com\\\/v\\\/t39.30808-6\\\/461075337_547025721189324_2740572118832658708_n.jpg?_nc_cat=110&amp;ccb=1-7&amp;_nc_sid=18de74&amp;_nc_ohc=kX9R0179es4Q7kNvgH2-pfK&amp;_nc_zt=23&amp;_nc_ht=scontent.cdninstagram.com&amp;edm=ANo9K5cEAAAA&amp;_nc_gid=A1X_t_VFouC_23eSxx0H1bC&amp;oh=00_AYDnp1jWhOqAMpFbswQDM5fDfiWOH0q5EuBMUZ2JeU4Gvw&amp;oe=6755FB3E&quot;,&quot;320&quot;:&quot;https:\\\/\\\/scontent.cdninstagram.com\\\/v\\\/t39.30808-6\\\/461075337_547025721189324_2740572118832658708_n.jpg?_nc_cat=110&amp;ccb=1-7&amp;_nc_sid=18de74&amp;_nc_ohc=kX9R0179es4Q7kNvgH2-pfK&amp;_nc_zt=23&amp;_nc_ht=scontent.cdninstagram.com&amp;edm=ANo9K5cEAAAA&amp;_nc_gid=A1X_t_VFouC_23eSxx0H1bC&amp;oh=00_AYDnp1jWhOqAMpFbswQDM5fDfiWOH0q5EuBMUZ2JeU4Gvw&amp;oe=6755FB3E&quot;,&quot;640&quot;:&quot;https:\\\/\\\/scontent.cdninstagram.com\\\/v\\\/t39.30808-6\\\/461075337_547025721189324_2740572118832658708_n.jpg?_nc_cat=110&amp;ccb=1-7&amp;_nc_sid=18de74&amp;_nc_ohc=kX9R0179es4Q7kNvgH2-pfK&amp;_nc_zt=23&amp;_nc_ht=scontent.cdninstagram.com&amp;edm=ANo9K5cEAAAA&amp;_nc_gid=A1X_t_VFouC_23eSxx0H1bC&amp;oh=00_AYDnp1jWhOqAMpFbswQDM5fDfiWOH0q5EuBMUZ2JeU4Gvw&amp;oe=6755FB3E&quot;}\">\n            <span class=\"sbi-screenreader\">\ud83e\ude84 MAGICLOWN 2024|Aix\u00ed va ser el fant\u00e0stic esp<\/span>\n            <svg class=\"svg-inline--fa fa-clone fa-w-16 sbi_lightbox_carousel_icon\" aria-hidden=\"true\" aria-label=\"Clone\" data-fa-pro\u0192cessed=\"\" data-prefix=\"far\" data-icon=\"clone\" role=\"img\" xmlns=\"http:\/\/www.w3.org\/2000\/svg\" viewBox=\"0 0 512 512\">\n\t                <path fill=\"currentColor\" d=\"M464 0H144c-26.51 0-48 21.49-48 48v48H48c-26.51 0-48 21.49-48 48v320c0 26.51 21.49 48 48 48h320c26.51 0 48-21.49 48-48v-48h48c26.51 0 48-21.49 48-48V48c0-26.51-21.49-48-48-48zM362 464H54a6 6 0 0 1-6-6V150a6 6 0 0 1 6-6h42v224c0 26.51 21.49 48 48 48h224v42a6 6 0 0 1-6 6zm96-96H150a6 6 0 0 1-6-6V54a6 6 0 0 1 6-6h308a6 6 0 0 1 6 6v308a6 6 0 0 1-6 6z\"><\/path>\n\t            <\/svg>\t                    <img decoding=\"async\" src=\"https:\/\/www.festiclown.org\/wp-content\/plugins\/instagram-feed\/img\/placeholder.png\" alt=\"\ud83e\ude84 MAGICLOWN 2024|Aix\u00ed va ser el fant\u00e0stic espectacle del @mago_teto a @canjeroni_cultura. Mentalisme, il\u00b7lusi\u00f3 i uns trucs que ens varen deixar amb la boca oberta.\n\nI el #Magiclown continua! Te\u2019l perdr\u00e0s? \ud83d\ude09\n\n\ud83d\udcc5 Del 26 al 29 de setembre\n\ud83d\udcf1  Programaci\u00f3 completa a www.magiclown.org\n\n\ud83d\udcf8David L\u00f3pez @80.lsd \n\n__\n\n[es] \ud83e\ude84 MAGICLOWN 2024|As\u00ed fue el fant\u00e1stico espect\u00e1culo del @mago_teto en @canjeroni_cultura Mentalismo, ilusi\u00f3n y unos trucos que nos dejaron con la boca abierta. \n\n\u00a1Y el #Magiclown contin\u00faa! \u00bfTe lo vas a perder? \ud83d\ude09\n\n\ud83d\udcc5  Del 26 al 29 de septiembre\n\ud83d\udcf1  Programaci\u00f3n completa en www.magiclown.org\n\n@sant_josep_de_sa_talaia  @cultura.santjosep \n#magia #circo #magiclown #santjosepdesatalaia\">\n        <\/a>\n    <\/div>\n<\/div><div class=\"sbi_item sbi_type_image sbi_new sbi_transition\" id=\"sbi_18303684421164959\" data-date=\"1727361015\">\n    <div class=\"sbi_photo_wrap\">\n        <a class=\"sbi_photo\" href=\"https:\/\/www.instagram.com\/p\/DAYj6J8B6x-\/\" target=\"_blank\" rel=\"noopener nofollow\" data-full-res=\"https:\/\/scontent.cdninstagram.com\/v\/t39.30808-6\/461414961_546389181252978_4203932225472076718_n.jpg?_nc_cat=101&#038;ccb=1-7&#038;_nc_sid=18de74&#038;_nc_ohc=-9LeBDRiQ5QQ7kNvgHaJYu2&#038;_nc_zt=23&#038;_nc_ht=scontent.cdninstagram.com&#038;edm=ANo9K5cEAAAA&#038;_nc_gid=A1X_t_VFouC_23eSxx0H1bC&#038;oh=00_AYAhWukY1NdIXDpZ4BJHQci5dxJmEUkBpqSHuddi5NTo3Q&#038;oe=67560BB5\" data-img-src-set=\"{&quot;d&quot;:&quot;https:\\\/\\\/scontent.cdninstagram.com\\\/v\\\/t39.30808-6\\\/461414961_546389181252978_4203932225472076718_n.jpg?_nc_cat=101&amp;ccb=1-7&amp;_nc_sid=18de74&amp;_nc_ohc=-9LeBDRiQ5QQ7kNvgHaJYu2&amp;_nc_zt=23&amp;_nc_ht=scontent.cdninstagram.com&amp;edm=ANo9K5cEAAAA&amp;_nc_gid=A1X_t_VFouC_23eSxx0H1bC&amp;oh=00_AYAhWukY1NdIXDpZ4BJHQci5dxJmEUkBpqSHuddi5NTo3Q&amp;oe=67560BB5&quot;,&quot;150&quot;:&quot;https:\\\/\\\/scontent.cdninstagram.com\\\/v\\\/t39.30808-6\\\/461414961_546389181252978_4203932225472076718_n.jpg?_nc_cat=101&amp;ccb=1-7&amp;_nc_sid=18de74&amp;_nc_ohc=-9LeBDRiQ5QQ7kNvgHaJYu2&amp;_nc_zt=23&amp;_nc_ht=scontent.cdninstagram.com&amp;edm=ANo9K5cEAAAA&amp;_nc_gid=A1X_t_VFouC_23eSxx0H1bC&amp;oh=00_AYAhWukY1NdIXDpZ4BJHQci5dxJmEUkBpqSHuddi5NTo3Q&amp;oe=67560BB5&quot;,&quot;320&quot;:&quot;https:\\\/\\\/scontent.cdninstagram.com\\\/v\\\/t39.30808-6\\\/461414961_546389181252978_4203932225472076718_n.jpg?_nc_cat=101&amp;ccb=1-7&amp;_nc_sid=18de74&amp;_nc_ohc=-9LeBDRiQ5QQ7kNvgHaJYu2&amp;_nc_zt=23&amp;_nc_ht=scontent.cdninstagram.com&amp;edm=ANo9K5cEAAAA&amp;_nc_gid=A1X_t_VFouC_23eSxx0H1bC&amp;oh=00_AYAhWukY1NdIXDpZ4BJHQci5dxJmEUkBpqSHuddi5NTo3Q&amp;oe=67560BB5&quot;,&quot;640&quot;:&quot;https:\\\/\\\/scontent.cdninstagram.com\\\/v\\\/t39.30808-6\\\/461414961_546389181252978_4203932225472076718_n.jpg?_nc_cat=101&amp;ccb=1-7&amp;_nc_sid=18de74&amp;_nc_ohc=-9LeBDRiQ5QQ7kNvgHaJYu2&amp;_nc_zt=23&amp;_nc_ht=scontent.cdninstagram.com&amp;edm=ANo9K5cEAAAA&amp;_nc_gid=A1X_t_VFouC_23eSxx0H1bC&amp;oh=00_AYAhWukY1NdIXDpZ4BJHQci5dxJmEUkBpqSHuddi5NTo3Q&amp;oe=67560BB5&quot;}\">\n            <span class=\"sbi-screenreader\">\ud83e\ude84 MAGICLOWN 2024| Dem\u00e0 \u00e9s el torn del fant\u00e0s<\/span>\n            \t                    <img decoding=\"async\" src=\"https:\/\/www.festiclown.org\/wp-content\/plugins\/instagram-feed\/img\/placeholder.png\" alt=\"\ud83e\ude84 MAGICLOWN 2024| Dem\u00e0 \u00e9s el torn del fant\u00e0stic @migueldelucastv \nMagia y Humor, un espectacle apassionant, ple de mentalisme, m\u00e0gia i efectes originals, d\u2019un dels mags m\u00e9s coneguts.\n\n\ud83d\udcc5 Divendres, 27 de setembre\n\u231a 19.30 h\n\ud83d\udccc  Pla\u00e7a de l\u2019Esgl\u00e9sia, Sant Jordi\n\ud83c\udf9f\ufe0f Acc\u00e9s lliure i gratu\u00eft\n\n\ud83d\udcf1 Programaci\u00f3 completa a www.magiclown.org\n__\n\n[ES] \ud83e\ude84  MAGICLOWN 2024|Ma\u00f1ana es el turno del fant\u00e1stico @migueldelucastv \nMagia y humor, un espect\u00e1culo apasionante, lleno de mentalismo, magia y efectos originales, de uno de los magos m\u00e1s conocidos.\n\n\ud83d\udcc5 Viernes, 27 de septiembre\n\u231a 19.30 h\n\ud83d\udccc  Plaza de l\u2019Esgl\u00e9sia, Sant Jordi\n\ud83c\udf9f\ufe0f Acceso libre y gratuito\n\n\ud83d\udcf1 Programaci\u00f3n completa en www.magiclown.org\n\n @sant_josep_de_sa_talaia  @cultura.santjosep \n#magia #circo #magiclown #santjosepdesatalaia\">\n        <\/a>\n    <\/div>\n<\/div><div class=\"sbi_item sbi_type_video sbi_new sbi_transition\" id=\"sbi_18059231980705338\" data-date=\"1727276460\">\n    <div class=\"sbi_photo_wrap\">\n        <a class=\"sbi_photo\" href=\"https:\/\/www.instagram.com\/reel\/DAWClkoPI1P\/\" target=\"_blank\" rel=\"noopener nofollow\" data-full-res=\"https:\/\/scontent.cdninstagram.com\/v\/t51.29350-15\/461239306_825719333100214_2026155690174857291_n.jpg?_nc_cat=107&#038;ccb=1-7&#038;_nc_sid=18de74&#038;_nc_ohc=gbuH-A_7XW8Q7kNvgFkKdak&#038;_nc_zt=23&#038;_nc_ht=scontent.cdninstagram.com&#038;edm=ANo9K5cEAAAA&#038;_nc_gid=A1X_t_VFouC_23eSxx0H1bC&#038;oh=00_AYCSVPPd8X0WTw_qWYOSJ45SIiSq07a5rgvwv3eyKwxpvQ&#038;oe=6755F959\" data-img-src-set=\"{&quot;d&quot;:&quot;https:\\\/\\\/scontent.cdninstagram.com\\\/v\\\/t51.29350-15\\\/461239306_825719333100214_2026155690174857291_n.jpg?_nc_cat=107&amp;ccb=1-7&amp;_nc_sid=18de74&amp;_nc_ohc=gbuH-A_7XW8Q7kNvgFkKdak&amp;_nc_zt=23&amp;_nc_ht=scontent.cdninstagram.com&amp;edm=ANo9K5cEAAAA&amp;_nc_gid=A1X_t_VFouC_23eSxx0H1bC&amp;oh=00_AYCSVPPd8X0WTw_qWYOSJ45SIiSq07a5rgvwv3eyKwxpvQ&amp;oe=6755F959&quot;,&quot;150&quot;:&quot;https:\\\/\\\/scontent.cdninstagram.com\\\/v\\\/t51.29350-15\\\/461239306_825719333100214_2026155690174857291_n.jpg?_nc_cat=107&amp;ccb=1-7&amp;_nc_sid=18de74&amp;_nc_ohc=gbuH-A_7XW8Q7kNvgFkKdak&amp;_nc_zt=23&amp;_nc_ht=scontent.cdninstagram.com&amp;edm=ANo9K5cEAAAA&amp;_nc_gid=A1X_t_VFouC_23eSxx0H1bC&amp;oh=00_AYCSVPPd8X0WTw_qWYOSJ45SIiSq07a5rgvwv3eyKwxpvQ&amp;oe=6755F959&quot;,&quot;320&quot;:&quot;https:\\\/\\\/scontent.cdninstagram.com\\\/v\\\/t51.29350-15\\\/461239306_825719333100214_2026155690174857291_n.jpg?_nc_cat=107&amp;ccb=1-7&amp;_nc_sid=18de74&amp;_nc_ohc=gbuH-A_7XW8Q7kNvgFkKdak&amp;_nc_zt=23&amp;_nc_ht=scontent.cdninstagram.com&amp;edm=ANo9K5cEAAAA&amp;_nc_gid=A1X_t_VFouC_23eSxx0H1bC&amp;oh=00_AYCSVPPd8X0WTw_qWYOSJ45SIiSq07a5rgvwv3eyKwxpvQ&amp;oe=6755F959&quot;,&quot;640&quot;:&quot;https:\\\/\\\/scontent.cdninstagram.com\\\/v\\\/t51.29350-15\\\/461239306_825719333100214_2026155690174857291_n.jpg?_nc_cat=107&amp;ccb=1-7&amp;_nc_sid=18de74&amp;_nc_ohc=gbuH-A_7XW8Q7kNvgFkKdak&amp;_nc_zt=23&amp;_nc_ht=scontent.cdninstagram.com&amp;edm=ANo9K5cEAAAA&amp;_nc_gid=A1X_t_VFouC_23eSxx0H1bC&amp;oh=00_AYCSVPPd8X0WTw_qWYOSJ45SIiSq07a5rgvwv3eyKwxpvQ&amp;oe=6755F959&quot;}\">\n            <span class=\"sbi-screenreader\">MAGICLOWN 2024 | \ud83e\udd73 @migueldelucastv est\u00e0 en el<\/span>\n            \t        <svg style=\"color: rgba(255,255,255,1)\" class=\"svg-inline--fa fa-play fa-w-14 sbi_playbtn\" aria-label=\"Play\" aria-hidden=\"true\" data-fa-processed=\"\" data-prefix=\"fa\" data-icon=\"play\" role=\"presentation\" xmlns=\"http:\/\/www.w3.org\/2000\/svg\" viewBox=\"0 0 448 512\"><path fill=\"currentColor\" d=\"M424.4 214.7L72.4 6.6C43.8-10.3 0 6.1 0 47.9V464c0 37.5 40.7 60.1 72.4 41.3l352-208c31.4-18.5 31.5-64.1 0-82.6z\"><\/path><\/svg>            <img decoding=\"async\" src=\"https:\/\/www.festiclown.org\/wp-content\/plugins\/instagram-feed\/img\/placeholder.png\" alt=\"MAGICLOWN 2024 | \ud83e\udd73 @migueldelucastv est\u00e0 en el Magiclown 2024 \ud83d\udcab\n\ud83d\udc49 Divendres 27, 19.30h, Pla\u00e7a de l&#039;Esgl\u00e9sia, Sant Jordi\n\nT&#039;ho perdr\u00e0s? \ud83e\ude84\n\n__\n\n[es] MAGICLOWN 2024 | \ud83e\udd73 @migueldelucastv va a estar en el Magiclown 2024 \ud83d\udcab\n\ud83d\udc49  Divendres 27, 19.30h, Pla\u00e7a de l&#039;Esgl\u00e9sia, Sant Jordi\n\n\u00bfTe lo vas a perder? \ud83e\ude84\n\n\ud83d\udcf1 www.magiclown.org\n\n@sant_josep_de_sa_talaia  @cultura.santjosep\n#magia #circo #magiclown #santjosepdesatalaia\">\n        <\/a>\n    <\/div>\n<\/div>    <\/div>\n\n\t<div id=\"sbi_load\" >\n\n\t\n\t\n<\/div>\n\n\t    <span class=\"sbi_resized_image_data\" data-feed-id=\"sbi_17841408289074962#12\" data-resized=\"{&quot;18059231980705338&quot;:{&quot;id&quot;:&quot;461239306_825719333100214_2026155690174857291_n&quot;,&quot;ratio&quot;:&quot;0.56&quot;,&quot;sizes&quot;:{&quot;full&quot;:640,&quot;low&quot;:320,&quot;thumb&quot;:150},&quot;extension&quot;:&quot;.webp&quot;},&quot;18303684421164959&quot;:{&quot;id&quot;:&quot;461414961_546389181252978_4203932225472076718_n&quot;,&quot;ratio&quot;:&quot;1.00&quot;,&quot;sizes&quot;:{&quot;full&quot;:640,&quot;low&quot;:320,&quot;thumb&quot;:150},&quot;extension&quot;:&quot;.webp&quot;},&quot;17982070172604045&quot;:{&quot;id&quot;:&quot;461075337_547025721189324_2740572118832658708_n&quot;,&quot;ratio&quot;:&quot;1.50&quot;,&quot;sizes&quot;:{&quot;full&quot;:640,&quot;low&quot;:320,&quot;thumb&quot;:150},&quot;extension&quot;:&quot;.webp&quot;},&quot;18420317521079874&quot;:{&quot;id&quot;:&quot;461423913_1328046091492477_8591064405616665007_n&quot;,&quot;ratio&quot;:&quot;1.00&quot;,&quot;sizes&quot;:{&quot;full&quot;:640,&quot;low&quot;:320,&quot;thumb&quot;:150},&quot;extension&quot;:&quot;.webp&quot;},&quot;17958896705815147&quot;:{&quot;id&quot;:&quot;461199131_546541121237784_8474957768947104111_n&quot;,&quot;ratio&quot;:&quot;1.00&quot;,&quot;sizes&quot;:{&quot;full&quot;:640,&quot;low&quot;:320,&quot;thumb&quot;:150},&quot;extension&quot;:&quot;.webp&quot;},&quot;18239764078278064&quot;:{&quot;id&quot;:&quot;461415416_546553891236507_4964551081078761129_n&quot;,&quot;ratio&quot;:&quot;1.00&quot;,&quot;sizes&quot;:{&quot;full&quot;:640,&quot;low&quot;:320,&quot;thumb&quot;:150},&quot;extension&quot;:&quot;.webp&quot;},&quot;18068372266608438&quot;:{&quot;id&quot;:&quot;458208399_3893603624229097_5646395164648546788_n&quot;,&quot;ratio&quot;:&quot;1.00&quot;,&quot;sizes&quot;:{&quot;full&quot;:640,&quot;low&quot;:320,&quot;thumb&quot;:150},&quot;extension&quot;:&quot;.webp&quot;},&quot;18044660819005490&quot;:{&quot;id&quot;:&quot;461529459_526255453437516_9133996363776275115_n&quot;,&quot;ratio&quot;:&quot;1.00&quot;,&quot;sizes&quot;:{&quot;full&quot;:640,&quot;low&quot;:320,&quot;thumb&quot;:150},&quot;extension&quot;:&quot;.webp&quot;},&quot;17870856933127096&quot;:{&quot;id&quot;:&quot;461554072_909939557652418_4501915077727568845_n&quot;,&quot;ratio&quot;:&quot;1.00&quot;,&quot;sizes&quot;:{&quot;full&quot;:640,&quot;low&quot;:320,&quot;thumb&quot;:150},&quot;extension&quot;:&quot;.webp&quot;},&quot;18057210589763917&quot;:{&quot;id&quot;:&quot;461391041_846106301052828_6221868426429039040_n&quot;,&quot;ratio&quot;:&quot;1.00&quot;,&quot;sizes&quot;:{&quot;full&quot;:640,&quot;low&quot;:320,&quot;thumb&quot;:150},&quot;extension&quot;:&quot;.webp&quot;},&quot;18037232441470399&quot;:{&quot;id&quot;:&quot;463100428_1569291880682505_6223465078388221723_n&quot;,&quot;ratio&quot;:&quot;0.56&quot;,&quot;sizes&quot;:{&quot;full&quot;:640,&quot;low&quot;:320,&quot;thumb&quot;:150},&quot;extension&quot;:&quot;.webp&quot;},&quot;18075478663509349&quot;:{&quot;id&quot;:&quot;463062509_562876522937577_1093396619899326944_n&quot;,&quot;ratio&quot;:&quot;1.00&quot;,&quot;sizes&quot;:{&quot;full&quot;:640,&quot;low&quot;:320,&quot;thumb&quot;:150},&quot;extension&quot;:&quot;.webp&quot;}}\">\n\t<\/span>\n\t<\/div>\n\n\n<\/div>\n<\/div><\/div><\/div><\/div><\/div><\/div><\/div><\/div><\/div><\/div>","protected":false},"excerpt":{"rendered":"<p>Descarga el programa Les entrades a tots els espectacles s\u00f3n de franc. Si vols assistir als xous de C\u00eda. Le Puant o Jorge Blass, fes la reserva d&#8217;entrades a les oficines municipals el dia 20\/09<\/p>\n","protected":false},"author":1,"featured_media":0,"parent":0,"menu_order":0,"comment_status":"closed","ping_status":"closed","template":"","meta":{"footnotes":""},"class_list":["post-3816","page","type-page","status-publish","hentry","post"],"_links":{"self":[{"href":"https:\/\/www.festiclown.org\/es\/wp-json\/wp\/v2\/pages\/3816"}],"collection":[{"href":"https:\/\/www.festiclown.org\/es\/wp-json\/wp\/v2\/pages"}],"about":[{"href":"https:\/\/www.festiclown.org\/es\/wp-json\/wp\/v2\/types\/page"}],"author":[{"embeddable":true,"href":"https:\/\/www.festiclown.org\/es\/wp-json\/wp\/v2\/users\/1"}],"replies":[{"embeddable":true,"href":"https:\/\/www.festiclown.org\/es\/wp-json\/wp\/v2\/comments?post=3816"}],"version-history":[{"count":16,"href":"https:\/\/www.festiclown.org\/es\/wp-json\/wp\/v2\/pages\/3816\/revisions"}],"predecessor-version":[{"id":3856,"href":"https:\/\/www.festiclown.org\/es\/wp-json\/wp\/v2\/pages\/3816\/revisions\/3856"}],"wp:attachment":[{"href":"https:\/\/www.festiclown.org\/es\/wp-json\/wp\/v2\/media?parent=3816"}],"curies":[{"name":"wp","href":"https:\/\/api.w.org\/{rel}","templated":true}]}}