{"id":2493,"date":"2022-08-04T10:49:50","date_gmt":"2022-08-04T08:49:50","guid":{"rendered":"https:\/\/www.festiclown.org\/?page_id=2493"},"modified":"2022-08-26T17:23:07","modified_gmt":"2022-08-26T15:23:07","slug":"vilagarcia-2022","status":"publish","type":"page","link":"https:\/\/www.festiclown.org\/es\/vilagarcia-2022\/","title":{"rendered":"Vilagarc\u00eda 2022"},"content":{"rendered":"<div id=\"pl-2493\"  class=\"panel-layout\" ><div id=\"pg-2493-0\"  class=\"panel-grid panel-has-style\" ><div class=\"wide-grey bg-blueray panel-row-style panel-row-style-for-2493-0\" style=\"background-color: #f9f7eb; \" ><div id=\"pgc-2493-0-0\"  class=\"panel-grid-cell\" ><div id=\"panel-2493-0-0-0\" class=\"so-panel widget widget_sow-editor panel-first-child panel-last-child\" data-index=\"0\" ><div class=\"home-welcome panel-widget-style panel-widget-style-for-2493-0-0-0\" ><div\n\t\t\t\n\t\t\tclass=\"so-widget-sow-editor so-widget-sow-editor-base\"\n\t\t\t\n\t\t>\n<div class=\"siteorigin-widget-tinymce textwidget\">\n\t<p><img loading=\"lazy\" decoding=\"async\" class=\"aligncenter wp-image-2496 size-full\" src=\"https:\/\/www.festiclown.org\/wp-content\/uploads\/2022\/07\/logo_festaclown2022.png\" alt=\"\" width=\"401\" height=\"275\" \/><\/p>\n<p style=\"text-align: center;\"><em><span class=\"so-premium-web-font\" style=\"font-family: Lato, sans-serif; font-weight: 900; color: #149bd7;\" data-web-font-module=\"google\" data-font-info=\"{&quot;font&quot;:&quot;Lato&quot;,&quot;webfont&quot;:true,&quot;category&quot;:&quot;sans-serif&quot;,&quot;variant&quot;:&quot;900italic&quot;,&quot;module&quot;:&quot;google&quot;}\">*Entrada libre y gratuita hasta completar aforo.<br \/>\n*Se recomienda llegar 15 min. antes de la hora de inicio.<\/span><\/em><\/p>\n<p style=\"text-align: center;\">\n<\/div>\n<\/div><\/div><\/div><\/div><\/div><\/div><div id=\"pg-2493-1\"  class=\"panel-grid panel-has-style\" ><div class=\"programma-festival panel-row-style panel-row-style-for-2493-1\" ><div id=\"pgc-2493-1-0\"  class=\"panel-grid-cell\" ><div id=\"panel-2493-1-0-0\" class=\"so-panel widget widget_sow-tabs panel-first-child panel-last-child\" data-index=\"1\" ><div class=\"programma-tabs panel-widget-style panel-widget-style-for-2493-1-0-0\" ><div\n\t\t\t\n\t\t\tclass=\"so-widget-sow-tabs so-widget-sow-tabs-default-ab47792bf873-2493\"\n\t\t\t\n\t\t><div class=\"sow-tabs\">\n\t<div class=\"sow-tabs-tab-container\" role=\"tablist\">\n\t\t\t<div\n\t\t\tclass=\"sow-tabs-tab sow-tabs-tab-selected\"\n\t\t\trole=\"tab\"\n\t\t\tdata-anchor-id=\"programaci%c3%b3n\"\n\t\t\taria-selected=\"true\"\n\t\t\ttabindex=\"0\"\n\t\t>\n\t\t\t<div class=\"sow-tabs-title sow-tabs-title-icon-left\">\n\t\t\t\t<span class=\"sow-icon-fontawesome sow-far\" data-sow-icon=\"&#xf274;\"\n\t\t \n\t\taria-hidden=\"true\"><\/span>\t\t\t\tPROGRAMACI\u00d3N\t\t\t\t\t\t\t<\/div>\n\t\t<\/div>\n\t\t\t<div\n\t\t\tclass=\"sow-tabs-tab\"\n\t\t\trole=\"tab\"\n\t\t\tdata-anchor-id=\"artistas\"\n\t\t\taria-selected=\"false\"\n\t\t\ttabindex=\"0\"\n\t\t>\n\t\t\t<div class=\"sow-tabs-title sow-tabs-title-icon-left\">\n\t\t\t\t<span class=\"sow-icon-fontawesome sow-far\" data-sow-icon=\"&#xf2bd;\"\n\t\t \n\t\taria-hidden=\"true\"><\/span>\t\t\t\tARTISTAS\t\t\t\t\t\t\t<\/div>\n\t\t<\/div>\n\t\t\t<div\n\t\t\tclass=\"sow-tabs-tab\"\n\t\t\trole=\"tab\"\n\t\t\tdata-anchor-id=\"multimedia\"\n\t\t\taria-selected=\"false\"\n\t\t\ttabindex=\"0\"\n\t\t>\n\t\t\t<div class=\"sow-tabs-title sow-tabs-title-icon-left\">\n\t\t\t\t<span class=\"sow-icon-fontawesome sow-far\" data-sow-icon=\"&#xf247;\"\n\t\t \n\t\taria-hidden=\"true\"><\/span>\t\t\t\tMULTIMEDIA\t\t\t\t\t\t\t<\/div>\n\t\t<\/div>\n\t\t<\/div>\n\n\t<div class=\"sow-tabs-panel-container\">\n\t\t\t<div class=\"sow-tabs-panel\">\n\t\t\t<div\n\t\t\t\tclass=\"sow-tabs-panel-content\"\n\t\t\t\trole=\"tabpanel\"\n\t\t\t\taria-hidden=\"false\"\n\t\t\t>\n\t\t\t\t<div id=\"pl-wafba2d7a\"  class=\"panel-layout\" ><div id=\"pg-wafba2d7a-0\"  class=\"panel-grid panel-no-style\" ><div id=\"pgc-wafba2d7a-0-0\"  class=\"panel-grid-cell\" ><div id=\"panel-wafba2d7a-0-0-0\" class=\"so-panel widget widget_sow-image-grid panel-first-child\" data-index=\"0\" ><div\n\t\t\t\n\t\t\tclass=\"so-widget-sow-image-grid so-widget-sow-image-grid-default-3fbf13dff59f-2493\"\n\t\t\t\n\t\t>\t<div class=\"sow-image-grid-wrapper\"\n\t\t\t\tdata-max-height=\"500\">\n\t\t\t\t\t<div class=\"sow-image-grid-image img-id-2503\">\n\t\t\t\t\t\t\t\t\t<a href=\"https:\/\/www.festiclown.org\/wp-content\/uploads\/2022\/08\/Festaclown22_A3_.jpg\"\n\t\t\t\t\t\t\t\t\t\t\t\t\t\t\t\t\t\tdata-lightbox=\"Cartel Vilagarcia 2022\" \t\t\t\t\t\t\t\t\t\t\t\t\t\t\t\t\t\t\t\t\t\t\t\tdata-lightbox-options=\"{&quot;alwaysShowNavOnTouchDevices&quot;:false,&quot;disabledOnTablet&quot;:false,&quot;disabledOnMobile&quot;:false,&quot;disableScrolling&quot;:false,&quot;overlayColor&quot;:&quot;#000&quot;,&quot;overlayOpacity&quot;:0.8,&quot;fadeDuration&quot;:600,&quot;fitImagesInViewport&quot;:true,&quot;imageFadeDuration&quot;:600,&quot;maxHeight&quot;:&quot;&quot;,&quot;maxWidth&quot;:&quot;&quot;,&quot;positionFromTop&quot;:50,&quot;resizeDuration&quot;:700,&quot;showImageNumberLabel&quot;:true,&quot;disableCaption&quot;:&quot;&quot;,&quot;wrapAround&quot;:true,&quot;albumLabel&quot;:&quot;Cartel Vilagarcia 2022 %1 of %2&quot;}\" \t\t\t\t\t\t\t\t\t\t\t>\n\t\t\t\t\t\t\t\t<img loading=\"lazy\" decoding=\"async\" width=\"530\" height=\"750\" src=\"https:\/\/www.festiclown.org\/wp-content\/uploads\/2022\/08\/Festaclown22_A3_-530x750.jpg\" class=\"sow-image-grid-image_html\" alt=\"Cartel Festaclown Vilagarc\u00eda 2022&quot;\" title=\"Cartel do Festaclown Vilagarc\u00eda 2022\" srcset=\"https:\/\/www.festiclown.org\/wp-content\/uploads\/2022\/08\/Festaclown22_A3_-530x750.jpg 530w, https:\/\/www.festiclown.org\/wp-content\/uploads\/2022\/08\/Festaclown22_A3_-768x1087.jpg 768w, https:\/\/www.festiclown.org\/wp-content\/uploads\/2022\/08\/Festaclown22_A3_-724x1024.jpg 724w, https:\/\/www.festiclown.org\/wp-content\/uploads\/2022\/08\/Festaclown22_A3_.jpg 1357w\" sizes=\"(max-width: 530px) 100vw, 530px\" \/>\t\t\t\t\t\t\t\t\t<\/a>\n\t\t\t\t\t\t\t<\/div>\n\t\t\t<\/div>\n<\/div><\/div><div id=\"panel-wafba2d7a-0-0-1\" class=\"so-panel widget widget_sow-accordion panel-last-child\" data-index=\"1\" ><div class=\"programma-dates panel-widget-style panel-widget-style-for-wafba2d7a-0-0-1\" ><div\n\t\t\t\n\t\t\tclass=\"so-widget-sow-accordion so-widget-sow-accordion-default-d35390c22df5-2493\"\n\t\t\t data-max-open-panels=\"1\" data-initial-scroll-panel=\"0\"\n\t\t><div>\n\t<div class=\"sow-accordion\">\n\t\t\t<div class=\"sow-accordion-panel sow-accordion-panel-open\"\n\t\t\t data-anchor-id=\"s%c3%a1bado-13-agosto\">\n\t\t\t\t<div class=\"sow-accordion-panel-header-container\" role=\"heading\" aria-level=\"2\">\n\t\t\t\t\t<div class=\"sow-accordion-panel-header\" tabindex=\"0\" role=\"button\" id=\"accordion-label-s%c3%a1bado-13-agosto\" aria-controls=\"accordion-content-s%c3%a1bado-13-agosto\" aria-expanded=\"true\">\n\t\t\t\t\t\t<div class=\"sow-accordion-title sow-accordion-title-icon-left\">\n\t\t\t\t\t\t\t\t\t\t\t\t\t\tS\u00e1bado 13 agosto\t\t\t\t\t\t\t\t\t\t\t\t\t<\/div>\n\t\t\t\t\t\t<div class=\"sow-accordion-open-close-button\">\n\t\t\t\t\t\t\t<div class=\"sow-accordion-open-button\">\n\t\t\t\t\t\t\t\t<span class=\"sow-icon-fontawesome sow-fas\" data-sow-icon=\"&#xf005;\"\n\t\t \n\t\taria-hidden=\"true\"><\/span>\t\t\t\t\t\t\t<\/div>\n\t\t\t\t\t\t\t<div class=\"sow-accordion-close-button\">\n\t\t\t\t\t\t\t\t<span class=\"sow-icon-fontawesome sow-far\" data-sow-icon=\"&#xf005;\"\n\t\t \n\t\taria-hidden=\"true\"><\/span>\t\t\t\t\t\t\t<\/div>\n\t\t\t\t\t\t<\/div>\n\t\t\t\t\t<\/div>\n\t\t\t\t<\/div>\n\n\t\t\t<div\n\t\t\t\tclass=\"sow-accordion-panel-content\"\n\t\t\t\trole=\"region\"\n\t\t\t\taria-labelledby=\"accordion-label-s%c3%a1bado-13-agosto\"\n\t\t\t\tid=\"accordion-content-s%c3%a1bado-13-agosto\"\n\t\t\t\t\t\t\t>\n\t\t\t\t<div class=\"sow-accordion-panel-border\">\n\t\t\t\t\t<div id=\"pl-w395a2982\"  class=\"panel-layout\" ><div id=\"pg-w395a2982-0\"  class=\"panel-grid panel-no-style\" ><div id=\"pgc-w395a2982-0-0\"  class=\"panel-grid-cell\" ><div id=\"panel-w395a2982-0-0-0\" class=\"so-panel widget widget_sow-editor panel-first-child panel-last-child\" data-index=\"0\" ><div class=\"desclown panel-widget-style panel-widget-style-for-w395a2982-0-0-0\" ><div\n\t\t\t\n\t\t\tclass=\"so-widget-sow-editor so-widget-sow-editor-base\"\n\t\t\t\n\t\t>\n<div class=\"siteorigin-widget-tinymce textwidget\">\n\t<p><span class=\"so-premium-web-font\" style=\"font-family: Lato, sans-serif;\" data-web-font-module=\"google\" data-font-info=\"{&quot;font&quot;:&quot;Lato&quot;,&quot;webfont&quot;:true,&quot;category&quot;:&quot;sans-serif&quot;,&quot;variant&quot;:&quot;regular&quot;,&quot;module&quot;:&quot;google&quot;}\"><img loading=\"lazy\" decoding=\"async\" class=\"aligncenter wp-image-2505 size-full\" src=\"https:\/\/www.festiclown.org\/wp-content\/uploads\/2022\/08\/Desconcerto_web-1.jpg\" alt=\"\" width=\"1920\" height=\"1280\" \/><\/span><\/p>\n<h6><span class=\"so-premium-web-font\" style=\"font-family: Lato, sans-serif;\" data-web-font-module=\"google\" data-font-info=\"{&quot;font&quot;:&quot;Lato&quot;,&quot;webfont&quot;:true,&quot;category&quot;:&quot;sans-serif&quot;,&quot;variant&quot;:&quot;regular&quot;,&quot;module&quot;:&quot;google&quot;}\">ACTIVIDADE PREVIA<\/span><\/h6>\n<h3 style=\"text-align: center;\"><span class=\"so-premium-web-font\" style=\"font-family: Lato, sans-serif;\" data-web-font-module=\"google\" data-font-info=\"{&quot;font&quot;:&quot;Lato&quot;,&quot;webfont&quot;:true,&quot;category&quot;:&quot;sans-serif&quot;,&quot;variant&quot;:&quot;regular&quot;,&quot;module&quot;:&quot;google&quot;}\"><span style=\"font-family: Lato, sans-serif;\">BANDA MUNICIPAL DE VILAGARC\u00cdA &amp; CULTURACTIVA PRODUCI\u00d3NS<\/span><\/span><\/h3>\n<h4 style=\"text-align: center;\">Desconcerto<\/h4>\n<p style=\"text-align: center;\"><span class=\"so-premium-web-font\" style=\"font-family: Lato, sans-serif;\" data-web-font-module=\"google\" data-font-info=\"{&quot;font&quot;:&quot;Lato&quot;,&quot;webfont&quot;:true,&quot;category&quot;:&quot;sans-serif&quot;,&quot;variant&quot;:&quot;regular&quot;,&quot;module&quot;:&quot;google&quot;}\"><i class=\"fa fa-clock-o fa-fw\" aria-hidden=\"true\"><\/i> \u219221.00 h\u00a0 \u2193Praza da II Rep\u00fablica<\/span><\/p>\n<\/div>\n<\/div><\/div><\/div><\/div><\/div><\/div>\t\t\t\t<\/div>\n\t\t\t<\/div>\n\t\t<\/div>\n\t\t\t<div class=\"sow-accordion-panel\"\n\t\t\t data-anchor-id=\"m%c3%a9rcores-17-agosto\">\n\t\t\t\t<div class=\"sow-accordion-panel-header-container\" role=\"heading\" aria-level=\"2\">\n\t\t\t\t\t<div class=\"sow-accordion-panel-header\" tabindex=\"0\" role=\"button\" id=\"accordion-label-m%c3%a9rcores-17-agosto\" aria-controls=\"accordion-content-m%c3%a9rcores-17-agosto\" aria-expanded=\"false\">\n\t\t\t\t\t\t<div class=\"sow-accordion-title sow-accordion-title-icon-left\">\n\t\t\t\t\t\t\t\t\t\t\t\t\t\tM\u00e9rcores 17 agosto\t\t\t\t\t\t\t\t\t\t\t\t\t<\/div>\n\t\t\t\t\t\t<div class=\"sow-accordion-open-close-button\">\n\t\t\t\t\t\t\t<div class=\"sow-accordion-open-button\">\n\t\t\t\t\t\t\t\t<span class=\"sow-icon-fontawesome sow-fas\" data-sow-icon=\"&#xf005;\"\n\t\t \n\t\taria-hidden=\"true\"><\/span>\t\t\t\t\t\t\t<\/div>\n\t\t\t\t\t\t\t<div class=\"sow-accordion-close-button\">\n\t\t\t\t\t\t\t\t<span class=\"sow-icon-fontawesome sow-far\" data-sow-icon=\"&#xf005;\"\n\t\t \n\t\taria-hidden=\"true\"><\/span>\t\t\t\t\t\t\t<\/div>\n\t\t\t\t\t\t<\/div>\n\t\t\t\t\t<\/div>\n\t\t\t\t<\/div>\n\n\t\t\t<div\n\t\t\t\tclass=\"sow-accordion-panel-content\"\n\t\t\t\trole=\"region\"\n\t\t\t\taria-labelledby=\"accordion-label-m%c3%a9rcores-17-agosto\"\n\t\t\t\tid=\"accordion-content-m%c3%a9rcores-17-agosto\"\n\t\t\t\tstyle=\"display: none;\"\t\t\t>\n\t\t\t\t<div class=\"sow-accordion-panel-border\">\n\t\t\t\t\t<div id=\"pl-w286d1984\"  class=\"panel-layout\" ><div id=\"pg-w286d1984-0\"  class=\"panel-grid panel-no-style\" ><div id=\"pgc-w286d1984-0-0\"  class=\"panel-grid-cell\" ><div id=\"panel-w286d1984-0-0-0\" class=\"so-panel widget widget_sow-editor panel-first-child panel-last-child\" data-index=\"0\" ><div class=\"desclown panel-widget-style panel-widget-style-for-w286d1984-0-0-0\" ><div\n\t\t\t\n\t\t\tclass=\"so-widget-sow-editor so-widget-sow-editor-base\"\n\t\t\t\n\t\t>\n<div class=\"siteorigin-widget-tinymce textwidget\">\n\t<p><span class=\"so-premium-web-font\" style=\"font-family: Lato, sans-serif;\" data-web-font-module=\"google\" data-font-info=\"{&quot;font&quot;:&quot;Lato&quot;,&quot;webfont&quot;:true,&quot;category&quot;:&quot;sans-serif&quot;,&quot;variant&quot;:&quot;regular&quot;,&quot;module&quot;:&quot;google&quot;}\"><img loading=\"lazy\" decoding=\"async\" class=\"aligncenter wp-image-2515 size-full\" src=\"https:\/\/www.festiclown.org\/wp-content\/uploads\/2022\/08\/Inaugural_web.jpg\" alt=\"\" width=\"750\" height=\"500\" srcset=\"https:\/\/www.festiclown.org\/wp-content\/uploads\/2022\/08\/Inaugural_web.jpg 750w, https:\/\/www.festiclown.org\/wp-content\/uploads\/2022\/08\/Inaugural_web-272x182.jpg 272w\" sizes=\"(max-width: 750px) 100vw, 750px\" \/><\/span><\/p>\n<h6><span class=\"so-premium-web-font\" style=\"font-family: Lato, sans-serif;\" data-web-font-module=\"google\" data-font-info=\"{&quot;font&quot;:&quot;Lato&quot;,&quot;webfont&quot;:true,&quot;category&quot;:&quot;sans-serif&quot;,&quot;variant&quot;:&quot;regular&quot;,&quot;module&quot;:&quot;google&quot;}\">APARTADO SOCIAL<\/span><\/h6>\n<h3 style=\"text-align: center;\">ACTO INAUGURAL<br \/>\nPallasos en Rebeld\u00eda &amp; Cl\u00e1mide &amp; Desastroanuts &amp; CAI Princesa Letizia<\/h3>\n<p style=\"text-align: center;\"><span class=\"so-premium-web-font\" style=\"font-family: Lato, sans-serif;\" data-web-font-module=\"google\" data-font-info=\"{&quot;font&quot;:&quot;Lato&quot;,&quot;webfont&quot;:true,&quot;category&quot;:&quot;sans-serif&quot;,&quot;variant&quot;:&quot;regular&quot;,&quot;module&quot;:&quot;google&quot;}\">\u219211.00 h.\u00a0 \u2193Praza de Galicia<\/span><\/p>\n<\/div>\n<\/div><\/div><\/div><\/div><div id=\"pgc-w286d1984-0-1\"  class=\"panel-grid-cell\" ><div id=\"panel-w286d1984-0-1-0\" class=\"so-panel widget widget_sow-editor panel-first-child panel-last-child\" data-index=\"1\" ><div class=\"desclown panel-widget-style panel-widget-style-for-w286d1984-0-1-0\" ><div\n\t\t\t\n\t\t\tclass=\"so-widget-sow-editor so-widget-sow-editor-base\"\n\t\t\t\n\t\t>\n<div class=\"siteorigin-widget-tinymce textwidget\">\n\t<p><span class=\"so-premium-web-font\" style=\"font-family: Lato, sans-serif;\" data-web-font-module=\"google\" data-font-info=\"{&quot;font&quot;:&quot;Lato&quot;,&quot;webfont&quot;:true,&quot;category&quot;:&quot;sans-serif&quot;,&quot;variant&quot;:&quot;regular&quot;,&quot;module&quot;:&quot;google&quot;}\"><img loading=\"lazy\" decoding=\"async\" class=\"aligncenter wp-image-2517 size-full\" src=\"https:\/\/www.festiclown.org\/wp-content\/uploads\/2022\/08\/FranBoza_web.jpg\" alt=\"Fran Boza\" width=\"750\" height=\"500\" srcset=\"https:\/\/www.festiclown.org\/wp-content\/uploads\/2022\/08\/FranBoza_web.jpg 750w, https:\/\/www.festiclown.org\/wp-content\/uploads\/2022\/08\/FranBoza_web-272x182.jpg 272w\" sizes=\"(max-width: 750px) 100vw, 750px\" \/><\/span><\/p>\n<h6><span class=\"so-premium-web-font\" style=\"font-family: Lato, sans-serif;\" data-web-font-module=\"google\" data-font-info=\"{&quot;font&quot;:&quot;Lato&quot;,&quot;webfont&quot;:true,&quot;category&quot;:&quot;sans-serif&quot;,&quot;variant&quot;:&quot;regular&quot;,&quot;module&quot;:&quot;google&quot;}\">SUPERROQUI\u00d1OS<\/span><\/h6>\n<h3 style=\"text-align: center;\">FRAN BOZA<\/h3>\n<h4 style=\"text-align: center;\">Malabarabilidades<\/h4>\n<p style=\"text-align: center;\"><span class=\"so-premium-web-font\" style=\"font-family: Lato, sans-serif;\" data-web-font-module=\"google\" data-font-info=\"{&quot;font&quot;:&quot;Lato&quot;,&quot;webfont&quot;:true,&quot;category&quot;:&quot;sans-serif&quot;,&quot;variant&quot;:&quot;regular&quot;,&quot;module&quot;:&quot;google&quot;}\">\u219212.30 h.\u00a0 \u2193Praza de Ravella<\/span><\/p>\n<\/div>\n<\/div><\/div><\/div><\/div><\/div><div id=\"pg-w286d1984-1\"  class=\"panel-grid panel-no-style\" ><div id=\"pgc-w286d1984-1-0\"  class=\"panel-grid-cell\" ><div id=\"panel-w286d1984-1-0-0\" class=\"so-panel widget widget_sow-editor panel-first-child panel-last-child\" data-index=\"2\" ><div class=\"desclown panel-widget-style panel-widget-style-for-w286d1984-1-0-0\" ><div\n\t\t\t\n\t\t\tclass=\"so-widget-sow-editor so-widget-sow-editor-base\"\n\t\t\t\n\t\t>\n<div class=\"siteorigin-widget-tinymce textwidget\">\n\t<p><span class=\"so-premium-web-font\" style=\"font-family: Lato, sans-serif;\" data-web-font-module=\"google\" data-font-info=\"{&quot;font&quot;:&quot;Lato&quot;,&quot;webfont&quot;:true,&quot;category&quot;:&quot;sans-serif&quot;,&quot;variant&quot;:&quot;regular&quot;,&quot;module&quot;:&quot;google&quot;}\"><img loading=\"lazy\" decoding=\"async\" class=\"aligncenter wp-image-2570 size-full\" src=\"https:\/\/www.festiclown.org\/wp-content\/uploads\/2022\/08\/Desastronauts_web.jpg\" alt=\"\" width=\"750\" height=\"500\" srcset=\"https:\/\/www.festiclown.org\/wp-content\/uploads\/2022\/08\/Desastronauts_web.jpg 750w, https:\/\/www.festiclown.org\/wp-content\/uploads\/2022\/08\/Desastronauts_web-272x182.jpg 272w\" sizes=\"(max-width: 750px) 100vw, 750px\" \/><\/span><\/p>\n<h6><span class=\"so-premium-web-font\" style=\"font-family: Lato, sans-serif;\" data-web-font-module=\"google\" data-font-info=\"{&quot;font&quot;:&quot;Lato&quot;,&quot;webfont&quot;:true,&quot;category&quot;:&quot;sans-serif&quot;,&quot;variant&quot;:&quot;regular&quot;,&quot;module&quot;:&quot;google&quot;}\">CERTAME FESTACLOWN<\/span><\/h6>\n<h3 style=\"text-align: center;\">DESASTRONAUTS<\/h3>\n<h4 style=\"text-align: center;\">Somos Circo<\/h4>\n<p style=\"text-align: center;\"><span class=\"so-premium-web-font\" style=\"font-family: Lato, sans-serif;\" data-web-font-module=\"google\" data-font-info=\"{&quot;font&quot;:&quot;Lato&quot;,&quot;webfont&quot;:true,&quot;category&quot;:&quot;sans-serif&quot;,&quot;variant&quot;:&quot;regular&quot;,&quot;module&quot;:&quot;google&quot;}\">\u219219.30 h.\u00a0 \u2193Praza de Galicia<\/span><\/p>\n<\/div>\n<\/div><\/div><\/div><\/div><div id=\"pgc-w286d1984-1-1\"  class=\"panel-grid-cell\" ><div id=\"panel-w286d1984-1-1-0\" class=\"so-panel widget widget_sow-editor panel-first-child panel-last-child\" data-index=\"3\" ><div class=\"desclown panel-widget-style panel-widget-style-for-w286d1984-1-1-0\" ><div\n\t\t\t\n\t\t\tclass=\"so-widget-sow-editor so-widget-sow-editor-base\"\n\t\t\t\n\t\t>\n<div class=\"siteorigin-widget-tinymce textwidget\">\n\t<p><span class=\"so-premium-web-font\" style=\"font-family: Lato, sans-serif;\" data-web-font-module=\"google\" data-font-info=\"{&quot;font&quot;:&quot;Lato&quot;,&quot;webfont&quot;:true,&quot;category&quot;:&quot;sans-serif&quot;,&quot;variant&quot;:&quot;regular&quot;,&quot;module&quot;:&quot;google&quot;}\"><img loading=\"lazy\" decoding=\"async\" class=\"aligncenter wp-image-2572 size-full\" src=\"https:\/\/www.festiclown.org\/wp-content\/uploads\/2022\/08\/EntreNous_web.jpg\" alt=\"\" width=\"750\" height=\"500\" srcset=\"https:\/\/www.festiclown.org\/wp-content\/uploads\/2022\/08\/EntreNous_web.jpg 750w, https:\/\/www.festiclown.org\/wp-content\/uploads\/2022\/08\/EntreNous_web-272x182.jpg 272w\" sizes=\"(max-width: 750px) 100vw, 750px\" \/><\/span><\/p>\n<h6><span class=\"so-premium-web-font\" style=\"font-family: Lato, sans-serif;\" data-web-font-module=\"google\" data-font-info=\"{&quot;font&quot;:&quot;Lato&quot;,&quot;webfont&quot;:true,&quot;category&quot;:&quot;sans-serif&quot;,&quot;variant&quot;:&quot;regular&quot;,&quot;module&quot;:&quot;google&quot;}\">MOSTRA FESTACLOWN<\/span><\/h6>\n<h3 style=\"text-align: center;\">ENTRE NOUS<\/h3>\n<h4 style=\"text-align: center;\">Entre nous<\/h4>\n<p style=\"text-align: center;\"><span class=\"so-premium-web-font\" style=\"font-family: Lato, sans-serif;\" data-web-font-module=\"google\" data-font-info=\"{&quot;font&quot;:&quot;Lato&quot;,&quot;webfont&quot;:true,&quot;category&quot;:&quot;sans-serif&quot;,&quot;variant&quot;:&quot;regular&quot;,&quot;module&quot;:&quot;google&quot;}\">\u219221.00 h.\u00a0 \u2193Praza da II Rep\u00fablica<\/span><\/p>\n<\/div>\n<\/div><\/div><\/div><\/div><\/div><\/div>\t\t\t\t<\/div>\n\t\t\t<\/div>\n\t\t<\/div>\n\t\t\t<div class=\"sow-accordion-panel\"\n\t\t\t data-anchor-id=\"xoves-18-agosto\">\n\t\t\t\t<div class=\"sow-accordion-panel-header-container\" role=\"heading\" aria-level=\"2\">\n\t\t\t\t\t<div class=\"sow-accordion-panel-header\" tabindex=\"0\" role=\"button\" id=\"accordion-label-xoves-18-agosto\" aria-controls=\"accordion-content-xoves-18-agosto\" aria-expanded=\"false\">\n\t\t\t\t\t\t<div class=\"sow-accordion-title sow-accordion-title-icon-left\">\n\t\t\t\t\t\t\t\t\t\t\t\t\t\tXoves 18 agosto\t\t\t\t\t\t\t\t\t\t\t\t\t<\/div>\n\t\t\t\t\t\t<div class=\"sow-accordion-open-close-button\">\n\t\t\t\t\t\t\t<div class=\"sow-accordion-open-button\">\n\t\t\t\t\t\t\t\t<span class=\"sow-icon-fontawesome sow-fas\" data-sow-icon=\"&#xf005;\"\n\t\t \n\t\taria-hidden=\"true\"><\/span>\t\t\t\t\t\t\t<\/div>\n\t\t\t\t\t\t\t<div class=\"sow-accordion-close-button\">\n\t\t\t\t\t\t\t\t<span class=\"sow-icon-fontawesome sow-far\" data-sow-icon=\"&#xf005;\"\n\t\t \n\t\taria-hidden=\"true\"><\/span>\t\t\t\t\t\t\t<\/div>\n\t\t\t\t\t\t<\/div>\n\t\t\t\t\t<\/div>\n\t\t\t\t<\/div>\n\n\t\t\t<div\n\t\t\t\tclass=\"sow-accordion-panel-content\"\n\t\t\t\trole=\"region\"\n\t\t\t\taria-labelledby=\"accordion-label-xoves-18-agosto\"\n\t\t\t\tid=\"accordion-content-xoves-18-agosto\"\n\t\t\t\tstyle=\"display: none;\"\t\t\t>\n\t\t\t\t<div class=\"sow-accordion-panel-border\">\n\t\t\t\t\t<div id=\"pl-w5aaa7918\"  class=\"panel-layout\" ><div id=\"pg-w5aaa7918-0\"  class=\"panel-grid panel-no-style\" ><div id=\"pgc-w5aaa7918-0-0\"  class=\"panel-grid-cell\" ><div id=\"panel-w5aaa7918-0-0-0\" class=\"so-panel widget widget_sow-editor panel-first-child panel-last-child\" data-index=\"0\" ><div class=\"social panel-widget-style panel-widget-style-for-w5aaa7918-0-0-0\" ><div\n\t\t\t\n\t\t\tclass=\"so-widget-sow-editor so-widget-sow-editor-base\"\n\t\t\t\n\t\t>\n<div class=\"siteorigin-widget-tinymce textwidget\">\n\t<p><span class=\"so-premium-web-font\" style=\"font-family: Lato, sans-serif;\" data-web-font-module=\"google\" data-font-info=\"{&quot;font&quot;:&quot;Lato&quot;,&quot;webfont&quot;:true,&quot;category&quot;:&quot;sans-serif&quot;,&quot;variant&quot;:&quot;regular&quot;,&quot;module&quot;:&quot;google&quot;}\"><img loading=\"lazy\" decoding=\"async\" class=\"aligncenter wp-image-2507 size-full\" src=\"https:\/\/www.festiclown.org\/wp-content\/uploads\/2022\/08\/FranReiBarrigaVerde_web-1.jpg\" alt=\"\" width=\"1080\" height=\"720\" \/><\/span><\/p>\n<h6><span class=\"so-premium-web-font\" style=\"font-family: Lato, sans-serif;\" data-web-font-module=\"google\" data-font-info=\"{&quot;font&quot;:&quot;Lato&quot;,&quot;webfont&quot;:true,&quot;category&quot;:&quot;sans-serif&quot;,&quot;variant&quot;:&quot;regular&quot;,&quot;module&quot;:&quot;google&quot;}\">ACTIVIDADE PARALELA<\/span><\/h6>\n<h3 style=\"text-align: center;\"><span class=\"so-premium-web-font\" style=\"font-family: Lato, sans-serif;\" data-web-font-module=\"google\" data-font-info=\"{&quot;font&quot;:&quot;Lato&quot;,&quot;webfont&quot;:true,&quot;category&quot;:&quot;sans-serif&quot;,&quot;variant&quot;:&quot;regular&quot;,&quot;module&quot;:&quot;google&quot;}\">FRAN REI<\/span><\/h3>\n<h4 style=\"text-align: center;\"><span class=\"so-premium-web-font\" style=\"font-family: Lato, sans-serif;\" data-web-font-module=\"google\" data-font-info=\"{&quot;font&quot;:&quot;Lato&quot;,&quot;webfont&quot;:true,&quot;category&quot;:&quot;sans-serif&quot;,&quot;variant&quot;:&quot;regular&quot;,&quot;module&quot;:&quot;google&quot;}\">Os contos de Barriga Verde<\/span><\/h4>\n<p style=\"text-align: center;\"><span class=\"so-premium-web-font\" style=\"font-family: Lato, sans-serif;\" data-web-font-module=\"google\" data-font-info=\"{&quot;font&quot;:&quot;Lato&quot;,&quot;webfont&quot;:true,&quot;category&quot;:&quot;sans-serif&quot;,&quot;variant&quot;:&quot;regular&quot;,&quot;module&quot;:&quot;google&quot;}\">\u219211.00 h\u00a0 \u2193Residencia Divina Pastora (s\u00f3 para usuarias da residencia)<\/span><\/p>\n<\/div>\n<\/div><\/div><\/div><\/div><\/div><div id=\"pg-w5aaa7918-1\"  class=\"panel-grid panel-no-style\" ><div id=\"pgc-w5aaa7918-1-0\"  class=\"panel-grid-cell\" ><div id=\"panel-w5aaa7918-1-0-0\" class=\"so-panel widget widget_sow-editor panel-first-child panel-last-child\" data-index=\"1\" ><div class=\"desclown panel-widget-style panel-widget-style-for-w5aaa7918-1-0-0\" ><div\n\t\t\t\n\t\t\tclass=\"so-widget-sow-editor so-widget-sow-editor-base\"\n\t\t\t\n\t\t>\n<div class=\"siteorigin-widget-tinymce textwidget\">\n\t<p><span class=\"so-premium-web-font\" style=\"font-family: Lato, sans-serif;\" data-web-font-module=\"google\" data-font-info=\"{&quot;font&quot;:&quot;Lato&quot;,&quot;webfont&quot;:true,&quot;category&quot;:&quot;sans-serif&quot;,&quot;variant&quot;:&quot;regular&quot;,&quot;module&quot;:&quot;google&quot;}\"><img loading=\"lazy\" decoding=\"async\" class=\"aligncenter wp-image-2574 size-full\" src=\"https:\/\/www.festiclown.org\/wp-content\/uploads\/2022\/08\/JaraOrtiz_web.jpg\" alt=\"\" width=\"750\" height=\"500\" srcset=\"https:\/\/www.festiclown.org\/wp-content\/uploads\/2022\/08\/JaraOrtiz_web.jpg 750w, https:\/\/www.festiclown.org\/wp-content\/uploads\/2022\/08\/JaraOrtiz_web-272x182.jpg 272w\" sizes=\"(max-width: 750px) 100vw, 750px\" \/><\/span><\/p>\n<h6><span class=\"so-premium-web-font\" style=\"font-family: Lato, sans-serif;\" data-web-font-module=\"google\" data-font-info=\"{&quot;font&quot;:&quot;Lato&quot;,&quot;webfont&quot;:true,&quot;category&quot;:&quot;sans-serif&quot;,&quot;variant&quot;:&quot;regular&quot;,&quot;module&quot;:&quot;google&quot;}\">APARTADO SOCIAL<\/span><\/h6>\n<h3 style=\"text-align: center;\">JARA ORTIZ<\/h3>\n<h4 style=\"text-align: center;\">L\u00faa Triangular<\/h4>\n<p style=\"text-align: center;\"><span class=\"so-premium-web-font\" style=\"font-family: Lato, sans-serif;\" data-web-font-module=\"google\" data-font-info=\"{&quot;font&quot;:&quot;Lato&quot;,&quot;webfont&quot;:true,&quot;category&quot;:&quot;sans-serif&quot;,&quot;variant&quot;:&quot;regular&quot;,&quot;module&quot;:&quot;google&quot;}\">\u219211.00 h.\u00a0 \u2193Parque Miguel Hern\u00e1ndez<\/span><\/p>\n<\/div>\n<\/div><\/div><\/div><\/div><div id=\"pgc-w5aaa7918-1-1\"  class=\"panel-grid-cell\" ><div id=\"panel-w5aaa7918-1-1-0\" class=\"so-panel widget widget_sow-editor panel-first-child panel-last-child\" data-index=\"2\" ><div class=\"desclown panel-widget-style panel-widget-style-for-w5aaa7918-1-1-0\" ><div\n\t\t\t\n\t\t\tclass=\"so-widget-sow-editor so-widget-sow-editor-base\"\n\t\t\t\n\t\t>\n<div class=\"siteorigin-widget-tinymce textwidget\">\n\t<p><span class=\"so-premium-web-font\" style=\"font-family: Lato, sans-serif;\" data-web-font-module=\"google\" data-font-info=\"{&quot;font&quot;:&quot;Lato&quot;,&quot;webfont&quot;:true,&quot;category&quot;:&quot;sans-serif&quot;,&quot;variant&quot;:&quot;regular&quot;,&quot;module&quot;:&quot;google&quot;}\"><img loading=\"lazy\" decoding=\"async\" class=\"aligncenter wp-image-2576 size-full\" src=\"https:\/\/www.festiclown.org\/wp-content\/uploads\/2022\/08\/Monikina_web.jpg\" alt=\"\" width=\"750\" height=\"500\" srcset=\"https:\/\/www.festiclown.org\/wp-content\/uploads\/2022\/08\/Monikina_web.jpg 750w, https:\/\/www.festiclown.org\/wp-content\/uploads\/2022\/08\/Monikina_web-272x182.jpg 272w\" sizes=\"(max-width: 750px) 100vw, 750px\" \/><\/span><\/p>\n<h6><span class=\"so-premium-web-font\" style=\"font-family: Lato, sans-serif;\" data-web-font-module=\"google\" data-font-info=\"{&quot;font&quot;:&quot;Lato&quot;,&quot;webfont&quot;:true,&quot;category&quot;:&quot;sans-serif&quot;,&quot;variant&quot;:&quot;regular&quot;,&quot;module&quot;:&quot;google&quot;}\">SUPERROQUI\u00d1OS<\/span><\/h6>\n<h3 style=\"text-align: center;\"><span style=\"font-family: Lato, sans-serif;\">MONIKI\u00d1A<\/span><\/h3>\n<h4 style=\"text-align: center;\"><span style=\"font-family: Lato, sans-serif;\">A viaxe de Nikita<\/span><\/h4>\n<p style=\"text-align: center;\"><span class=\"so-premium-web-font\" style=\"font-family: Lato, sans-serif;\" data-web-font-module=\"google\" data-font-info=\"{&quot;font&quot;:&quot;Lato&quot;,&quot;webfont&quot;:true,&quot;category&quot;:&quot;sans-serif&quot;,&quot;variant&quot;:&quot;regular&quot;,&quot;module&quot;:&quot;google&quot;}\">\u219212.30 h.\u00a0 \u2193Praza de Ravella<\/span><\/p>\n<\/div>\n<\/div><\/div><\/div><\/div><\/div><div id=\"pg-w5aaa7918-2\"  class=\"panel-grid panel-no-style\" ><div id=\"pgc-w5aaa7918-2-0\"  class=\"panel-grid-cell\" ><div id=\"panel-w5aaa7918-2-0-0\" class=\"so-panel widget widget_sow-editor panel-first-child panel-last-child\" data-index=\"3\" ><div class=\"desclown panel-widget-style panel-widget-style-for-w5aaa7918-2-0-0\" ><div\n\t\t\t\n\t\t\tclass=\"so-widget-sow-editor so-widget-sow-editor-base\"\n\t\t\t\n\t\t>\n<div class=\"siteorigin-widget-tinymce textwidget\">\n\t<p><span class=\"so-premium-web-font\" style=\"font-family: Lato, sans-serif;\" data-web-font-module=\"google\" data-font-info=\"{&quot;font&quot;:&quot;Lato&quot;,&quot;webfont&quot;:true,&quot;category&quot;:&quot;sans-serif&quot;,&quot;variant&quot;:&quot;regular&quot;,&quot;module&quot;:&quot;google&quot;}\"><img loading=\"lazy\" decoding=\"async\" class=\"aligncenter wp-image-2580 size-full\" src=\"https:\/\/www.festiclown.org\/wp-content\/uploads\/2022\/08\/RojoTelon_web.jpg\" alt=\"\" width=\"750\" height=\"500\" srcset=\"https:\/\/www.festiclown.org\/wp-content\/uploads\/2022\/08\/RojoTelon_web.jpg 750w, https:\/\/www.festiclown.org\/wp-content\/uploads\/2022\/08\/RojoTelon_web-272x182.jpg 272w\" sizes=\"(max-width: 750px) 100vw, 750px\" \/><\/span><\/p>\n<h6><span class=\"so-premium-web-font\" style=\"font-family: Lato, sans-serif;\" data-web-font-module=\"google\" data-font-info=\"{&quot;font&quot;:&quot;Lato&quot;,&quot;webfont&quot;:true,&quot;category&quot;:&quot;sans-serif&quot;,&quot;variant&quot;:&quot;regular&quot;,&quot;module&quot;:&quot;google&quot;}\">CERTAME FESTACLOWN<\/span><\/h6>\n<h3 style=\"text-align: center;\">ROJO TEL\u00d3N<\/h3>\n<h4 style=\"text-align: center;\">Nudo<\/h4>\n<p style=\"text-align: center;\"><span class=\"so-premium-web-font\" style=\"font-family: Lato, sans-serif;\" data-web-font-module=\"google\" data-font-info=\"{&quot;font&quot;:&quot;Lato&quot;,&quot;webfont&quot;:true,&quot;category&quot;:&quot;sans-serif&quot;,&quot;variant&quot;:&quot;regular&quot;,&quot;module&quot;:&quot;google&quot;}\">\u219219.30 h.\u00a0 \u2193Praza de Galicia<\/span><\/p>\n<\/div>\n<\/div><\/div><\/div><\/div><div id=\"pgc-w5aaa7918-2-1\"  class=\"panel-grid-cell\" ><div id=\"panel-w5aaa7918-2-1-0\" class=\"so-panel widget widget_sow-editor panel-first-child panel-last-child\" data-index=\"4\" ><div class=\"desclown panel-widget-style panel-widget-style-for-w5aaa7918-2-1-0\" ><div\n\t\t\t\n\t\t\tclass=\"so-widget-sow-editor so-widget-sow-editor-base\"\n\t\t\t\n\t\t>\n<div class=\"siteorigin-widget-tinymce textwidget\">\n\t<p><span class=\"so-premium-web-font\" style=\"font-family: Lato, sans-serif;\" data-web-font-module=\"google\" data-font-info=\"{&quot;font&quot;:&quot;Lato&quot;,&quot;webfont&quot;:true,&quot;category&quot;:&quot;sans-serif&quot;,&quot;variant&quot;:&quot;regular&quot;,&quot;module&quot;:&quot;google&quot;}\"><img loading=\"lazy\" decoding=\"async\" class=\"aligncenter wp-image-2584 size-full\" src=\"https:\/\/www.festiclown.org\/wp-content\/uploads\/2022\/08\/Kanbahiota_web.jpg\" alt=\"\" width=\"750\" height=\"500\" srcset=\"https:\/\/www.festiclown.org\/wp-content\/uploads\/2022\/08\/Kanbahiota_web.jpg 750w, https:\/\/www.festiclown.org\/wp-content\/uploads\/2022\/08\/Kanbahiota_web-272x182.jpg 272w\" sizes=\"(max-width: 750px) 100vw, 750px\" \/><\/span><\/p>\n<h6><span class=\"so-premium-web-font\" style=\"font-family: Lato, sans-serif;\" data-web-font-module=\"google\" data-font-info=\"{&quot;font&quot;:&quot;Lato&quot;,&quot;webfont&quot;:true,&quot;category&quot;:&quot;sans-serif&quot;,&quot;variant&quot;:&quot;regular&quot;,&quot;module&quot;:&quot;google&quot;}\">MOSTRA FESTACLOWN<\/span><\/h6>\n<h3 style=\"text-align: center;\"><span style=\"font-family: Lato, sans-serif;\">KANBAHIOTA<\/span><\/h3>\n<h4 style=\"text-align: center;\"><span style=\"font-family: Lato, sans-serif;\">Volando Vengo<\/span><\/h4>\n<p style=\"text-align: center;\"><span class=\"so-premium-web-font\" style=\"font-family: Lato, sans-serif;\" data-web-font-module=\"google\" data-font-info=\"{&quot;font&quot;:&quot;Lato&quot;,&quot;webfont&quot;:true,&quot;category&quot;:&quot;sans-serif&quot;,&quot;variant&quot;:&quot;regular&quot;,&quot;module&quot;:&quot;google&quot;}\">\u219221.00 h.\u00a0 \u2193Praza da II Rep\u00fablica<\/span><\/p>\n<\/div>\n<\/div><\/div><\/div><\/div><\/div><\/div>\t\t\t\t<\/div>\n\t\t\t<\/div>\n\t\t<\/div>\n\t\t\t<div class=\"sow-accordion-panel\"\n\t\t\t data-anchor-id=\"venres-19-agosto\">\n\t\t\t\t<div class=\"sow-accordion-panel-header-container\" role=\"heading\" aria-level=\"2\">\n\t\t\t\t\t<div class=\"sow-accordion-panel-header\" tabindex=\"0\" role=\"button\" id=\"accordion-label-venres-19-agosto\" aria-controls=\"accordion-content-venres-19-agosto\" aria-expanded=\"false\">\n\t\t\t\t\t\t<div class=\"sow-accordion-title sow-accordion-title-icon-left\">\n\t\t\t\t\t\t\t\t\t\t\t\t\t\tVenres 19 agosto\t\t\t\t\t\t\t\t\t\t\t\t\t<\/div>\n\t\t\t\t\t\t<div class=\"sow-accordion-open-close-button\">\n\t\t\t\t\t\t\t<div class=\"sow-accordion-open-button\">\n\t\t\t\t\t\t\t\t<span class=\"sow-icon-fontawesome sow-fas\" data-sow-icon=\"&#xf005;\"\n\t\t \n\t\taria-hidden=\"true\"><\/span>\t\t\t\t\t\t\t<\/div>\n\t\t\t\t\t\t\t<div class=\"sow-accordion-close-button\">\n\t\t\t\t\t\t\t\t<span class=\"sow-icon-fontawesome sow-far\" data-sow-icon=\"&#xf005;\"\n\t\t \n\t\taria-hidden=\"true\"><\/span>\t\t\t\t\t\t\t<\/div>\n\t\t\t\t\t\t<\/div>\n\t\t\t\t\t<\/div>\n\t\t\t\t<\/div>\n\n\t\t\t<div\n\t\t\t\tclass=\"sow-accordion-panel-content\"\n\t\t\t\trole=\"region\"\n\t\t\t\taria-labelledby=\"accordion-label-venres-19-agosto\"\n\t\t\t\tid=\"accordion-content-venres-19-agosto\"\n\t\t\t\tstyle=\"display: none;\"\t\t\t>\n\t\t\t\t<div class=\"sow-accordion-panel-border\">\n\t\t\t\t\t<div id=\"pl-w880fd53f\"  class=\"panel-layout\" ><div id=\"pg-w880fd53f-0\"  class=\"panel-grid panel-no-style\" ><div id=\"pgc-w880fd53f-0-0\"  class=\"panel-grid-cell\" ><div id=\"panel-w880fd53f-0-0-0\" class=\"so-panel widget widget_sow-editor panel-first-child panel-last-child\" data-index=\"0\" ><div class=\"desclown panel-widget-style panel-widget-style-for-w880fd53f-0-0-0\" ><div\n\t\t\t\n\t\t\tclass=\"so-widget-sow-editor so-widget-sow-editor-base\"\n\t\t\t\n\t\t>\n<div class=\"siteorigin-widget-tinymce textwidget\">\n\t<p><span class=\"so-premium-web-font\" style=\"font-family: Lato, sans-serif;\" data-web-font-module=\"google\" data-font-info=\"{&quot;font&quot;:&quot;Lato&quot;,&quot;webfont&quot;:true,&quot;category&quot;:&quot;sans-serif&quot;,&quot;variant&quot;:&quot;regular&quot;,&quot;module&quot;:&quot;google&quot;}\"><img loading=\"lazy\" decoding=\"async\" class=\"aligncenter wp-image-2542 size-full\" src=\"https:\/\/www.festiclown.org\/wp-content\/uploads\/2022\/08\/Clamide_web.jpeg\" alt=\"\" width=\"750\" height=\"500\" srcset=\"https:\/\/www.festiclown.org\/wp-content\/uploads\/2022\/08\/Clamide_web.jpeg 750w, https:\/\/www.festiclown.org\/wp-content\/uploads\/2022\/08\/Clamide_web-272x182.jpeg 272w\" sizes=\"(max-width: 750px) 100vw, 750px\" \/><\/span><\/p>\n<h6><span class=\"so-premium-web-font\" style=\"font-family: Lato, sans-serif;\" data-web-font-module=\"google\" data-font-info=\"{&quot;font&quot;:&quot;Lato&quot;,&quot;webfont&quot;:true,&quot;category&quot;:&quot;sans-serif&quot;,&quot;variant&quot;:&quot;regular&quot;,&quot;module&quot;:&quot;google&quot;}\">APARTADO SOCIAL<\/span><\/h6>\n<h3 style=\"text-align: center;\">CON ELES &amp; CL\u00c1MIDE<\/h3>\n<h4 style=\"text-align: center;\">Sen Guerras<\/h4>\n<p style=\"text-align: center;\"><span class=\"so-premium-web-font\" style=\"font-family: Lato, sans-serif;\" data-web-font-module=\"google\" data-font-info=\"{&quot;font&quot;:&quot;Lato&quot;,&quot;webfont&quot;:true,&quot;category&quot;:&quot;sans-serif&quot;,&quot;variant&quot;:&quot;regular&quot;,&quot;module&quot;:&quot;google&quot;}\">\u219211.00 h.\u00a0 \u2193Praza de Galicia\u00a0<\/span><\/p>\n<\/div>\n<\/div><\/div><\/div><\/div><div id=\"pgc-w880fd53f-0-1\"  class=\"panel-grid-cell\" ><div id=\"panel-w880fd53f-0-1-0\" class=\"so-panel widget widget_sow-editor panel-first-child panel-last-child\" data-index=\"1\" ><div class=\"desclown panel-widget-style panel-widget-style-for-w880fd53f-0-1-0\" ><div\n\t\t\t\n\t\t\tclass=\"so-widget-sow-editor so-widget-sow-editor-base\"\n\t\t\t\n\t\t>\n<div class=\"siteorigin-widget-tinymce textwidget\">\n\t<p><span class=\"so-premium-web-font\" style=\"font-family: Lato, sans-serif;\" data-web-font-module=\"google\" data-font-info=\"{&quot;font&quot;:&quot;Lato&quot;,&quot;webfont&quot;:true,&quot;category&quot;:&quot;sans-serif&quot;,&quot;variant&quot;:&quot;regular&quot;,&quot;module&quot;:&quot;google&quot;}\"><img loading=\"lazy\" decoding=\"async\" class=\"aligncenter wp-image-2558 size-full\" src=\"https:\/\/www.festiclown.org\/wp-content\/uploads\/2022\/08\/decarmela_web-1.jpg\" alt=\"\" width=\"750\" height=\"500\" srcset=\"https:\/\/www.festiclown.org\/wp-content\/uploads\/2022\/08\/decarmela_web-1.jpg 750w, https:\/\/www.festiclown.org\/wp-content\/uploads\/2022\/08\/decarmela_web-1-272x182.jpg 272w\" sizes=\"(max-width: 750px) 100vw, 750px\" \/><\/span><\/p>\n<h6><span class=\"so-premium-web-font\" style=\"font-family: Lato, sans-serif;\" data-web-font-module=\"google\" data-font-info=\"{&quot;font&quot;:&quot;Lato&quot;,&quot;webfont&quot;:true,&quot;category&quot;:&quot;sans-serif&quot;,&quot;variant&quot;:&quot;regular&quot;,&quot;module&quot;:&quot;google&quot;}\">SUPERROQUI\u00d1OS<\/span><\/h6>\n<h3 style=\"text-align: center;\"><span class=\"so-premium-web-font\" style=\"font-family: Lato, sans-serif;\" data-web-font-module=\"google\" data-font-info=\"{&quot;font&quot;:&quot;Lato&quot;,&quot;webfont&quot;:true,&quot;category&quot;:&quot;sans-serif&quot;,&quot;variant&quot;:&quot;regular&quot;,&quot;module&quot;:&quot;google&quot;}\"><span style=\"font-family: Lato, sans-serif;\">DE CARMELA<\/span><\/span><\/h3>\n<h4 style=\"text-align: center;\">Smile<\/h4>\n<p style=\"text-align: center;\"><span class=\"so-premium-web-font\" style=\"font-family: Lato, sans-serif;\" data-web-font-module=\"google\" data-font-info=\"{&quot;font&quot;:&quot;Lato&quot;,&quot;webfont&quot;:true,&quot;category&quot;:&quot;sans-serif&quot;,&quot;variant&quot;:&quot;regular&quot;,&quot;module&quot;:&quot;google&quot;}\">\u219212.30 h.\u00a0 \u2193Praza de Ravella<\/span><\/p>\n<\/div>\n<\/div><\/div><\/div><\/div><\/div><div id=\"pg-w880fd53f-1\"  class=\"panel-grid panel-no-style\" ><div id=\"pgc-w880fd53f-1-0\"  class=\"panel-grid-cell\" ><div id=\"panel-w880fd53f-1-0-0\" class=\"so-panel widget widget_sow-editor panel-first-child panel-last-child\" data-index=\"2\" ><div class=\"desclown panel-widget-style panel-widget-style-for-w880fd53f-1-0-0\" ><div\n\t\t\t\n\t\t\tclass=\"so-widget-sow-editor so-widget-sow-editor-base\"\n\t\t\t\n\t\t>\n<div class=\"siteorigin-widget-tinymce textwidget\">\n\t<p><span class=\"so-premium-web-font\" style=\"font-family: Lato, sans-serif;\" data-web-font-module=\"google\" data-font-info=\"{&quot;font&quot;:&quot;Lato&quot;,&quot;webfont&quot;:true,&quot;category&quot;:&quot;sans-serif&quot;,&quot;variant&quot;:&quot;regular&quot;,&quot;module&quot;:&quot;google&quot;}\"><img loading=\"lazy\" decoding=\"async\" class=\"aligncenter wp-image-2554 size-full\" src=\"https:\/\/www.festiclown.org\/wp-content\/uploads\/2022\/08\/Trotamundos_web-1.jpg\" alt=\"\" width=\"750\" height=\"500\" srcset=\"https:\/\/www.festiclown.org\/wp-content\/uploads\/2022\/08\/Trotamundos_web-1.jpg 750w, https:\/\/www.festiclown.org\/wp-content\/uploads\/2022\/08\/Trotamundos_web-1-272x182.jpg 272w\" sizes=\"(max-width: 750px) 100vw, 750px\" \/><\/span><\/p>\n<h6><span class=\"so-premium-web-font\" style=\"font-family: Lato, sans-serif;\" data-web-font-module=\"google\" data-font-info=\"{&quot;font&quot;:&quot;Lato&quot;,&quot;webfont&quot;:true,&quot;category&quot;:&quot;sans-serif&quot;,&quot;variant&quot;:&quot;regular&quot;,&quot;module&quot;:&quot;google&quot;}\">CERTAMEN FESTACLOWN<\/span><\/h6>\n<h3 style=\"text-align: center;\">TROTAMUNDOS<\/h3>\n<h4 style=\"text-align: center;\">Historias de un ba\u00fal<\/h4>\n<p style=\"text-align: center;\"><span class=\"so-premium-web-font\" style=\"font-family: Lato, sans-serif;\" data-web-font-module=\"google\" data-font-info=\"{&quot;font&quot;:&quot;Lato&quot;,&quot;webfont&quot;:true,&quot;category&quot;:&quot;sans-serif&quot;,&quot;variant&quot;:&quot;regular&quot;,&quot;module&quot;:&quot;google&quot;}\">\u219219.30 h.\u00a0 \u2193Praza de Galicia<\/span><\/p>\n<\/div>\n<\/div><\/div><\/div><\/div><div id=\"pgc-w880fd53f-1-1\"  class=\"panel-grid-cell\" ><div id=\"panel-w880fd53f-1-1-0\" class=\"so-panel widget widget_sow-editor panel-first-child panel-last-child\" data-index=\"3\" ><div class=\"desclown panel-widget-style panel-widget-style-for-w880fd53f-1-1-0\" ><div\n\t\t\t\n\t\t\tclass=\"so-widget-sow-editor so-widget-sow-editor-base\"\n\t\t\t\n\t\t>\n<div class=\"siteorigin-widget-tinymce textwidget\">\n\t<p><span class=\"so-premium-web-font\" style=\"font-family: Lato, sans-serif;\" data-web-font-module=\"google\" data-font-info=\"{&quot;font&quot;:&quot;Lato&quot;,&quot;webfont&quot;:true,&quot;category&quot;:&quot;sans-serif&quot;,&quot;variant&quot;:&quot;regular&quot;,&quot;module&quot;:&quot;google&quot;}\"><img loading=\"lazy\" decoding=\"async\" class=\"aligncenter wp-image-2560 size-full\" src=\"https:\/\/www.festiclown.org\/wp-content\/uploads\/2022\/08\/Troupe_web.jpg\" alt=\"\" width=\"750\" height=\"500\" srcset=\"https:\/\/www.festiclown.org\/wp-content\/uploads\/2022\/08\/Troupe_web.jpg 750w, https:\/\/www.festiclown.org\/wp-content\/uploads\/2022\/08\/Troupe_web-272x182.jpg 272w\" sizes=\"(max-width: 750px) 100vw, 750px\" \/><\/span><\/p>\n<h6><span class=\"so-premium-web-font\" style=\"font-family: Lato, sans-serif;\" data-web-font-module=\"google\" data-font-info=\"{&quot;font&quot;:&quot;Lato&quot;,&quot;webfont&quot;:true,&quot;category&quot;:&quot;sans-serif&quot;,&quot;variant&quot;:&quot;regular&quot;,&quot;module&quot;:&quot;google&quot;}\">MOSTRA FESTACLOWN<\/span><\/h6>\n<h3 style=\"text-align: center;\"><span class=\"so-premium-web-font\" style=\"font-family: Lato, sans-serif;\" data-web-font-module=\"google\" data-font-info=\"{&quot;font&quot;:&quot;Lato&quot;,&quot;webfont&quot;:true,&quot;category&quot;:&quot;sans-serif&quot;,&quot;variant&quot;:&quot;regular&quot;,&quot;module&quot;:&quot;google&quot;}\"><span style=\"font-family: Lato, sans-serif;\">LA TROUPE MALAB\u00d3<\/span><\/span><\/h3>\n<h4 style=\"text-align: center;\">Karpaty<\/h4>\n<p style=\"text-align: center;\"><span class=\"so-premium-web-font\" style=\"font-family: Lato, sans-serif;\" data-web-font-module=\"google\" data-font-info=\"{&quot;font&quot;:&quot;Lato&quot;,&quot;webfont&quot;:true,&quot;category&quot;:&quot;sans-serif&quot;,&quot;variant&quot;:&quot;regular&quot;,&quot;module&quot;:&quot;google&quot;}\">\u219221.00 h.\u00a0 \u2193Praza da II Rep\u00fablica<\/span><\/p>\n<\/div>\n<\/div><\/div><\/div><\/div><\/div><\/div>\t\t\t\t<\/div>\n\t\t\t<\/div>\n\t\t<\/div>\n\t\t\t<div class=\"sow-accordion-panel\"\n\t\t\t data-anchor-id=\"s%c3%a1bado-20-agosto\">\n\t\t\t\t<div class=\"sow-accordion-panel-header-container\" role=\"heading\" aria-level=\"2\">\n\t\t\t\t\t<div class=\"sow-accordion-panel-header\" tabindex=\"0\" role=\"button\" id=\"accordion-label-s%c3%a1bado-20-agosto\" aria-controls=\"accordion-content-s%c3%a1bado-20-agosto\" aria-expanded=\"false\">\n\t\t\t\t\t\t<div class=\"sow-accordion-title sow-accordion-title-icon-left\">\n\t\t\t\t\t\t\t\t\t\t\t\t\t\tS\u00e1bado 20 agosto\t\t\t\t\t\t\t\t\t\t\t\t\t<\/div>\n\t\t\t\t\t\t<div class=\"sow-accordion-open-close-button\">\n\t\t\t\t\t\t\t<div class=\"sow-accordion-open-button\">\n\t\t\t\t\t\t\t\t<span class=\"sow-icon-fontawesome sow-fas\" data-sow-icon=\"&#xf005;\"\n\t\t \n\t\taria-hidden=\"true\"><\/span>\t\t\t\t\t\t\t<\/div>\n\t\t\t\t\t\t\t<div class=\"sow-accordion-close-button\">\n\t\t\t\t\t\t\t\t<span class=\"sow-icon-fontawesome sow-far\" data-sow-icon=\"&#xf005;\"\n\t\t \n\t\taria-hidden=\"true\"><\/span>\t\t\t\t\t\t\t<\/div>\n\t\t\t\t\t\t<\/div>\n\t\t\t\t\t<\/div>\n\t\t\t\t<\/div>\n\n\t\t\t<div\n\t\t\t\tclass=\"sow-accordion-panel-content\"\n\t\t\t\trole=\"region\"\n\t\t\t\taria-labelledby=\"accordion-label-s%c3%a1bado-20-agosto\"\n\t\t\t\tid=\"accordion-content-s%c3%a1bado-20-agosto\"\n\t\t\t\tstyle=\"display: none;\"\t\t\t>\n\t\t\t\t<div class=\"sow-accordion-panel-border\">\n\t\t\t\t\t<div id=\"pl-w054cbf0e\"  class=\"panel-layout\" ><div id=\"pg-w054cbf0e-0\"  class=\"panel-grid panel-no-style\" ><div id=\"pgc-w054cbf0e-0-0\"  class=\"panel-grid-cell\" ><div id=\"panel-w054cbf0e-0-0-0\" class=\"so-panel widget widget_sow-editor panel-first-child panel-last-child\" data-index=\"0\" ><div class=\"desclown panel-widget-style panel-widget-style-for-w054cbf0e-0-0-0\" ><div\n\t\t\t\n\t\t\tclass=\"so-widget-sow-editor so-widget-sow-editor-base\"\n\t\t\t\n\t\t>\n<div class=\"siteorigin-widget-tinymce textwidget\">\n\t<p><span class=\"so-premium-web-font\" style=\"font-family: Lato, sans-serif;\" data-web-font-module=\"google\" data-font-info=\"{&quot;font&quot;:&quot;Lato&quot;,&quot;webfont&quot;:true,&quot;category&quot;:&quot;sans-serif&quot;,&quot;variant&quot;:&quot;regular&quot;,&quot;module&quot;:&quot;google&quot;}\"><img loading=\"lazy\" decoding=\"async\" class=\"aligncenter wp-image-2538 size-full\" src=\"https:\/\/www.festiclown.org\/wp-content\/uploads\/2022\/08\/AnxoMoure_web.jpg\" alt=\"\" width=\"750\" height=\"500\" srcset=\"https:\/\/www.festiclown.org\/wp-content\/uploads\/2022\/08\/AnxoMoure_web.jpg 750w, https:\/\/www.festiclown.org\/wp-content\/uploads\/2022\/08\/AnxoMoure_web-272x182.jpg 272w\" sizes=\"(max-width: 750px) 100vw, 750px\" \/><\/span><\/p>\n<h6><span class=\"so-premium-web-font\" style=\"font-family: Lato, sans-serif;\" data-web-font-module=\"google\" data-font-info=\"{&quot;font&quot;:&quot;Lato&quot;,&quot;webfont&quot;:true,&quot;category&quot;:&quot;sans-serif&quot;,&quot;variant&quot;:&quot;regular&quot;,&quot;module&quot;:&quot;google&quot;}\">APARTADO SOCIAL<\/span><\/h6>\n<h3 style=\"text-align: center;\">ANXO MOURE<\/h3>\n<h4 style=\"text-align: center;\">Contos pola paz<\/h4>\n<p style=\"text-align: center;\"><span class=\"so-premium-web-font\" style=\"font-family: Lato, sans-serif;\" data-web-font-module=\"google\" data-font-info=\"{&quot;font&quot;:&quot;Lato&quot;,&quot;webfont&quot;:true,&quot;category&quot;:&quot;sans-serif&quot;,&quot;variant&quot;:&quot;regular&quot;,&quot;module&quot;:&quot;google&quot;}\">\u219211.00 h.\u00a0 \u2193Parque Miguel Hern\u00e1ndez<\/span><\/p>\n<\/div>\n<\/div><\/div><\/div><\/div><div id=\"pgc-w054cbf0e-0-1\"  class=\"panel-grid-cell\" ><div id=\"panel-w054cbf0e-0-1-0\" class=\"so-panel widget widget_sow-editor panel-first-child panel-last-child\" data-index=\"1\" ><div class=\"desclown panel-widget-style panel-widget-style-for-w054cbf0e-0-1-0\" ><div\n\t\t\t\n\t\t\tclass=\"so-widget-sow-editor so-widget-sow-editor-base\"\n\t\t\t\n\t\t>\n<div class=\"siteorigin-widget-tinymce textwidget\">\n\t<p><img loading=\"lazy\" decoding=\"async\" class=\"wp-image-2556 size-full\" src=\"https:\/\/www.festiclown.org\/wp-content\/uploads\/2022\/08\/Troula_Fifo_web-1.jpg\" alt=\"\" width=\"750\" height=\"500\" srcset=\"https:\/\/www.festiclown.org\/wp-content\/uploads\/2022\/08\/Troula_Fifo_web-1.jpg 750w, https:\/\/www.festiclown.org\/wp-content\/uploads\/2022\/08\/Troula_Fifo_web-1-272x182.jpg 272w\" sizes=\"(max-width: 750px) 100vw, 750px\" \/><\/p>\n<h6><span class=\"so-premium-web-font\" style=\"font-family: Lato, sans-serif;\" data-web-font-module=\"google\" data-font-info=\"{&quot;font&quot;:&quot;Lato&quot;,&quot;webfont&quot;:true,&quot;category&quot;:&quot;sans-serif&quot;,&quot;variant&quot;:&quot;regular&quot;,&quot;module&quot;:&quot;google&quot;}\">SUPERROQUI\u00d1OS<\/span><\/h6>\n<h3 style=\"text-align: center;\"><span class=\"so-premium-web-font\" style=\"font-family: Lato, sans-serif;\" data-web-font-module=\"google\" data-font-info=\"{&quot;font&quot;:&quot;Lato&quot;,&quot;webfont&quot;:true,&quot;category&quot;:&quot;sans-serif&quot;,&quot;variant&quot;:&quot;regular&quot;,&quot;module&quot;:&quot;google&quot;}\"><span style=\"font-family: Lato, sans-serif;\">TROULA ANIMACI\u00d3N<\/span><\/span><\/h3>\n<h4 style=\"text-align: center;\">O show de Fifo<\/h4>\n<p style=\"text-align: center;\"><span class=\"so-premium-web-font\" style=\"font-family: Lato, sans-serif;\" data-web-font-module=\"google\" data-font-info=\"{&quot;font&quot;:&quot;Lato&quot;,&quot;webfont&quot;:true,&quot;category&quot;:&quot;sans-serif&quot;,&quot;variant&quot;:&quot;regular&quot;,&quot;module&quot;:&quot;google&quot;}\">\u219212.30 h.\u00a0 \u2193Praza de Ravella<\/span><\/p>\n<\/div>\n<\/div><\/div><\/div><\/div><\/div><div id=\"pg-w054cbf0e-1\"  class=\"panel-grid panel-no-style\" ><div id=\"pgc-w054cbf0e-1-0\"  class=\"panel-grid-cell\" ><div id=\"panel-w054cbf0e-1-0-0\" class=\"so-panel widget widget_sow-editor panel-first-child panel-last-child\" data-index=\"2\" ><div class=\"desclown panel-widget-style panel-widget-style-for-w054cbf0e-1-0-0\" ><div\n\t\t\t\n\t\t\tclass=\"so-widget-sow-editor so-widget-sow-editor-base\"\n\t\t\t\n\t\t>\n<div class=\"siteorigin-widget-tinymce textwidget\">\n\t<p><span class=\"so-premium-web-font\" style=\"font-family: Lato, sans-serif;\" data-web-font-module=\"google\" data-font-info=\"{&quot;font&quot;:&quot;Lato&quot;,&quot;webfont&quot;:true,&quot;category&quot;:&quot;sans-serif&quot;,&quot;variant&quot;:&quot;regular&quot;,&quot;module&quot;:&quot;google&quot;}\"><img loading=\"lazy\" decoding=\"async\" class=\"aligncenter wp-image-2540 size-full\" src=\"https:\/\/www.festiclown.org\/wp-content\/uploads\/2022\/08\/CiaVaya-web.jpg\" alt=\"\" width=\"750\" height=\"500\" srcset=\"https:\/\/www.festiclown.org\/wp-content\/uploads\/2022\/08\/CiaVaya-web.jpg 750w, https:\/\/www.festiclown.org\/wp-content\/uploads\/2022\/08\/CiaVaya-web-272x182.jpg 272w\" sizes=\"(max-width: 750px) 100vw, 750px\" \/><\/span><\/p>\n<h6><span class=\"so-premium-web-font\" style=\"font-family: Lato, sans-serif;\" data-web-font-module=\"google\" data-font-info=\"{&quot;font&quot;:&quot;Lato&quot;,&quot;webfont&quot;:true,&quot;category&quot;:&quot;sans-serif&quot;,&quot;variant&quot;:&quot;regular&quot;,&quot;module&quot;:&quot;google&quot;}\">CERTAME FESTACLOWN<\/span><\/h6>\n<h3 style=\"text-align: center;\">C\u00cdA VAYA<\/h3>\n<h4 style=\"text-align: center;\">Vertical Boom<\/h4>\n<p style=\"text-align: center;\"><span class=\"so-premium-web-font\" style=\"font-family: Lato, sans-serif;\" data-web-font-module=\"google\" data-font-info=\"{&quot;font&quot;:&quot;Lato&quot;,&quot;webfont&quot;:true,&quot;category&quot;:&quot;sans-serif&quot;,&quot;variant&quot;:&quot;regular&quot;,&quot;module&quot;:&quot;google&quot;}\">\u219219.30 h.\u00a0 \u2193Praza de Galicia<\/span><\/p>\n<\/div>\n<\/div><\/div><\/div><\/div><div id=\"pgc-w054cbf0e-1-1\"  class=\"panel-grid-cell\" ><div id=\"panel-w054cbf0e-1-1-0\" class=\"so-panel widget widget_sow-editor panel-first-child panel-last-child\" data-index=\"3\" ><div class=\"desclown panel-widget-style panel-widget-style-for-w054cbf0e-1-1-0\" ><div\n\t\t\t\n\t\t\tclass=\"so-widget-sow-editor so-widget-sow-editor-base\"\n\t\t\t\n\t\t>\n<div class=\"siteorigin-widget-tinymce textwidget\">\n\t<p><span class=\"so-premium-web-font\" style=\"font-family: Lato, sans-serif;\" data-web-font-module=\"google\" data-font-info=\"{&quot;font&quot;:&quot;Lato&quot;,&quot;webfont&quot;:true,&quot;category&quot;:&quot;sans-serif&quot;,&quot;variant&quot;:&quot;regular&quot;,&quot;module&quot;:&quot;google&quot;}\"><img loading=\"lazy\" decoding=\"async\" class=\"aligncenter wp-image-2562 size-full\" src=\"https:\/\/www.festiclown.org\/wp-content\/uploads\/2022\/08\/JavierAriza_web.jpg\" alt=\"\" width=\"750\" height=\"500\" srcset=\"https:\/\/www.festiclown.org\/wp-content\/uploads\/2022\/08\/JavierAriza_web.jpg 750w, https:\/\/www.festiclown.org\/wp-content\/uploads\/2022\/08\/JavierAriza_web-272x182.jpg 272w\" sizes=\"(max-width: 750px) 100vw, 750px\" \/><\/span><\/p>\n<h6><span class=\"so-premium-web-font\" style=\"font-family: Lato, sans-serif;\" data-web-font-module=\"google\" data-font-info=\"{&quot;font&quot;:&quot;Lato&quot;,&quot;webfont&quot;:true,&quot;category&quot;:&quot;sans-serif&quot;,&quot;variant&quot;:&quot;regular&quot;,&quot;module&quot;:&quot;google&quot;}\">MOSTRA FESTACLOWN<\/span><\/h6>\n<h3 style=\"text-align: center;\"><span class=\"so-premium-web-font\" style=\"font-family: Lato, sans-serif;\" data-web-font-module=\"google\" data-font-info=\"{&quot;font&quot;:&quot;Lato&quot;,&quot;webfont&quot;:true,&quot;category&quot;:&quot;sans-serif&quot;,&quot;variant&quot;:&quot;regular&quot;,&quot;module&quot;:&quot;google&quot;}\"><span style=\"font-family: Lato, sans-serif;\">JAVIER ARIZA<\/span><\/span><\/h3>\n<h4 style=\"text-align: center;\">Carman<\/h4>\n<p style=\"text-align: center;\"><span class=\"so-premium-web-font\" style=\"font-family: Lato, sans-serif;\" data-web-font-module=\"google\" data-font-info=\"{&quot;font&quot;:&quot;Lato&quot;,&quot;webfont&quot;:true,&quot;category&quot;:&quot;sans-serif&quot;,&quot;variant&quot;:&quot;regular&quot;,&quot;module&quot;:&quot;google&quot;}\">\u219221.00 h.\u00a0 \u2193Praza da II Rep\u00fablica<\/span><\/p>\n<\/div>\n<\/div><\/div><\/div><\/div><\/div><\/div>\t\t\t\t<\/div>\n\t\t\t<\/div>\n\t\t<\/div>\n\t\t\t<div class=\"sow-accordion-panel\"\n\t\t\t data-anchor-id=\"domingo-21-agosto\">\n\t\t\t\t<div class=\"sow-accordion-panel-header-container\" role=\"heading\" aria-level=\"2\">\n\t\t\t\t\t<div class=\"sow-accordion-panel-header\" tabindex=\"0\" role=\"button\" id=\"accordion-label-domingo-21-agosto\" aria-controls=\"accordion-content-domingo-21-agosto\" aria-expanded=\"false\">\n\t\t\t\t\t\t<div class=\"sow-accordion-title sow-accordion-title-icon-left\">\n\t\t\t\t\t\t\t\t\t\t\t\t\t\tDomingo 21 agosto\t\t\t\t\t\t\t\t\t\t\t\t\t<\/div>\n\t\t\t\t\t\t<div class=\"sow-accordion-open-close-button\">\n\t\t\t\t\t\t\t<div class=\"sow-accordion-open-button\">\n\t\t\t\t\t\t\t\t<span class=\"sow-icon-fontawesome sow-fas\" data-sow-icon=\"&#xf005;\"\n\t\t \n\t\taria-hidden=\"true\"><\/span>\t\t\t\t\t\t\t<\/div>\n\t\t\t\t\t\t\t<div class=\"sow-accordion-close-button\">\n\t\t\t\t\t\t\t\t<span class=\"sow-icon-fontawesome sow-far\" data-sow-icon=\"&#xf005;\"\n\t\t \n\t\taria-hidden=\"true\"><\/span>\t\t\t\t\t\t\t<\/div>\n\t\t\t\t\t\t<\/div>\n\t\t\t\t\t<\/div>\n\t\t\t\t<\/div>\n\n\t\t\t<div\n\t\t\t\tclass=\"sow-accordion-panel-content\"\n\t\t\t\trole=\"region\"\n\t\t\t\taria-labelledby=\"accordion-label-domingo-21-agosto\"\n\t\t\t\tid=\"accordion-content-domingo-21-agosto\"\n\t\t\t\tstyle=\"display: none;\"\t\t\t>\n\t\t\t\t<div class=\"sow-accordion-panel-border\">\n\t\t\t\t\t<div id=\"pl-w8ca5d287\"  class=\"panel-layout\" ><div id=\"pg-w8ca5d287-0\"  class=\"panel-grid panel-no-style\" ><div id=\"pgc-w8ca5d287-0-0\"  class=\"panel-grid-cell\" ><div id=\"panel-w8ca5d287-0-0-0\" class=\"so-panel widget widget_sow-editor panel-first-child panel-last-child\" data-index=\"0\" ><div class=\"desclown panel-widget-style panel-widget-style-for-w8ca5d287-0-0-0\" ><div\n\t\t\t\n\t\t\tclass=\"so-widget-sow-editor so-widget-sow-editor-base\"\n\t\t\t\n\t\t>\n<div class=\"siteorigin-widget-tinymce textwidget\">\n\t<p><span class=\"so-premium-web-font\" style=\"font-family: Lato, sans-serif;\" data-web-font-module=\"google\" data-font-info=\"{&quot;font&quot;:&quot;Lato&quot;,&quot;webfont&quot;:true,&quot;category&quot;:&quot;sans-serif&quot;,&quot;variant&quot;:&quot;regular&quot;,&quot;module&quot;:&quot;google&quot;}\"><img loading=\"lazy\" decoding=\"async\" class=\"aligncenter wp-image-2564 size-full\" src=\"https:\/\/www.festiclown.org\/wp-content\/uploads\/2022\/08\/DaniGarcia_web.jpg\" alt=\"\" width=\"750\" height=\"500\" srcset=\"https:\/\/www.festiclown.org\/wp-content\/uploads\/2022\/08\/DaniGarcia_web.jpg 750w, https:\/\/www.festiclown.org\/wp-content\/uploads\/2022\/08\/DaniGarcia_web-272x182.jpg 272w\" sizes=\"(max-width: 750px) 100vw, 750px\" \/><\/span><\/p>\n<h6><span class=\"so-premium-web-font\" style=\"font-family: Lato, sans-serif;\" data-web-font-module=\"google\" data-font-info=\"{&quot;font&quot;:&quot;Lato&quot;,&quot;webfont&quot;:true,&quot;category&quot;:&quot;sans-serif&quot;,&quot;variant&quot;:&quot;regular&quot;,&quot;module&quot;:&quot;google&quot;}\">SUPERROQUI\u00d1OS<\/span><\/h6>\n<h3 style=\"text-align: center;\">DANI GARC\u00cdA<\/h3>\n<h4 style=\"text-align: center;\">O museo encantado<\/h4>\n<p style=\"text-align: center;\"><span class=\"so-premium-web-font\" style=\"font-family: Lato, sans-serif;\" data-web-font-module=\"google\" data-font-info=\"{&quot;font&quot;:&quot;Lato&quot;,&quot;webfont&quot;:true,&quot;category&quot;:&quot;sans-serif&quot;,&quot;variant&quot;:&quot;regular&quot;,&quot;module&quot;:&quot;google&quot;}\">\u219211.00 h.\u00a0 \u2193Praza de Galicia\u00a0 (de 11.00 a 14.00 h)<\/span><\/p>\n<\/div>\n<\/div><\/div><\/div><\/div><div id=\"pgc-w8ca5d287-0-1\"  class=\"panel-grid-cell\" ><div id=\"panel-w8ca5d287-0-1-0\" class=\"so-panel widget widget_sow-editor panel-first-child panel-last-child\" data-index=\"1\" ><div class=\"desclown panel-widget-style panel-widget-style-for-w8ca5d287-0-1-0\" ><div\n\t\t\t\n\t\t\tclass=\"so-widget-sow-editor so-widget-sow-editor-base\"\n\t\t\t\n\t\t>\n<div class=\"siteorigin-widget-tinymce textwidget\">\n\t<p><span class=\"so-premium-web-font\" style=\"font-family: Lato, sans-serif;\" data-web-font-module=\"google\" data-font-info=\"{&quot;font&quot;:&quot;Lato&quot;,&quot;webfont&quot;:true,&quot;category&quot;:&quot;sans-serif&quot;,&quot;variant&quot;:&quot;regular&quot;,&quot;module&quot;:&quot;google&quot;}\"><img loading=\"lazy\" decoding=\"async\" class=\"aligncenter wp-image-2566 size-full\" src=\"https:\/\/www.festiclown.org\/wp-content\/uploads\/2022\/08\/pallasosgala_web.jpg\" alt=\"\" width=\"750\" height=\"500\" srcset=\"https:\/\/www.festiclown.org\/wp-content\/uploads\/2022\/08\/pallasosgala_web.jpg 750w, https:\/\/www.festiclown.org\/wp-content\/uploads\/2022\/08\/pallasosgala_web-272x182.jpg 272w\" sizes=\"(max-width: 750px) 100vw, 750px\" \/><\/span><\/p>\n<h6><span class=\"so-premium-web-font\" style=\"font-family: Lato, sans-serif;\" data-web-font-module=\"google\" data-font-info=\"{&quot;font&quot;:&quot;Lato&quot;,&quot;webfont&quot;:true,&quot;category&quot;:&quot;sans-serif&quot;,&quot;variant&quot;:&quot;regular&quot;,&quot;module&quot;:&quot;google&quot;}\">MOSTRA FESTACLOWN<\/span><\/h6>\n<h3 style=\"text-align: center;\"><span class=\"so-premium-web-font\" style=\"font-family: Lato, sans-serif;\" data-web-font-module=\"google\" data-font-info=\"{&quot;font&quot;:&quot;Lato&quot;,&quot;webfont&quot;:true,&quot;category&quot;:&quot;sans-serif&quot;,&quot;variant&quot;:&quot;regular&quot;,&quot;module&quot;:&quot;google&quot;}\"><span style=\"font-family: Lato, sans-serif;\">PALLASOS EN REBELD\u00cdA<\/span><\/span><\/h3>\n<h4 style=\"text-align: center;\">Gala contra a guerra<\/h4>\n<p style=\"text-align: center;\"><span class=\"so-premium-web-font\" style=\"font-family: Lato, sans-serif;\" data-web-font-module=\"google\" data-font-info=\"{&quot;font&quot;:&quot;Lato&quot;,&quot;webfont&quot;:true,&quot;category&quot;:&quot;sans-serif&quot;,&quot;variant&quot;:&quot;regular&quot;,&quot;module&quot;:&quot;google&quot;}\">\u219219.30 h.\u00a0 \u2193Praza de Galicia<\/span><\/p>\n<\/div>\n<\/div><\/div><\/div><\/div><\/div><\/div>\t\t\t\t<\/div>\n\t\t\t<\/div>\n\t\t<\/div>\n\t\t<\/div>\n<\/div>\n<\/div><\/div><\/div><\/div><\/div><\/div>\t\t\t<\/div>\n\t\t<\/div>\n\t\t\t<div class=\"sow-tabs-panel\">\n\t\t\t<div\n\t\t\t\tclass=\"sow-tabs-panel-content\"\n\t\t\t\trole=\"tabpanel\"\n\t\t\t\taria-hidden=\"true\"\n\t\t\t>\n\t\t\t\t<div id=\"pl-wb76c46eb\"  class=\"panel-layout\" ><div id=\"pg-wb76c46eb-0\"  class=\"panel-grid panel-has-style\" ><div class=\"programma-artist panel-row-style panel-row-style-for-wb76c46eb-0\" ><div id=\"pgc-wb76c46eb-0-0\"  class=\"panel-grid-cell\" ><div id=\"panel-wb76c46eb-0-0-0\" class=\"so-panel widget widget_sow-image panel-first-child panel-last-child\" data-index=\"0\" ><div\n\t\t\t\n\t\t\tclass=\"so-widget-sow-image so-widget-sow-image-default-8b5b6f678277-2493\"\n\t\t\t\n\t\t>\n\n<div class=\"sow-image-container\">\n\t\t\t<a href=\"https:\/\/www.festiclown.org\/wp-content\/uploads\/2022\/08\/Desconcerto_web-2.jpg\"\n\t\t\tdata-lightbox=\"16782066155d303758cab01592554121\" data-lightbox-options=\"{&quot;alwaysShowNavOnTouchDevices&quot;:false,&quot;disabledOnTablet&quot;:false,&quot;disabledOnMobile&quot;:false,&quot;disableScrolling&quot;:false,&quot;overlayColor&quot;:&quot;#000&quot;,&quot;overlayOpacity&quot;:0.8,&quot;fadeDuration&quot;:600,&quot;fitImagesInViewport&quot;:true,&quot;imageFadeDuration&quot;:600,&quot;maxHeight&quot;:&quot;&quot;,&quot;maxWidth&quot;:&quot;&quot;,&quot;positionFromTop&quot;:50,&quot;resizeDuration&quot;:700,&quot;showImageNumberLabel&quot;:true,&quot;disableCaption&quot;:&quot;&quot;,&quot;wrapAround&quot;:true,&quot;albumLabel&quot;:&quot; %1 of %2&quot;}\" data-title=\"Banda Municipal de M\u00fasica de Vilagarc\u00eda &amp; Culturactiva Produci\u00f3ns\" \t\t>\n\t\t\t<img loading=\"lazy\" decoding=\"async\" src=\"https:\/\/www.festiclown.org\/wp-content\/uploads\/2022\/08\/Desconcerto_web-2.jpg\" width=\"750\" height=\"500\" srcset=\"https:\/\/www.festiclown.org\/wp-content\/uploads\/2022\/08\/Desconcerto_web-2.jpg 750w, https:\/\/www.festiclown.org\/wp-content\/uploads\/2022\/08\/Desconcerto_web-2-272x182.jpg 272w\" sizes=\"(max-width: 750px) 100vw, 750px\" title=\"Banda Municipal de M\u00fasica de Vilagarc\u00eda &amp; Culturactiva Produci\u00f3ns\" alt=\"Banda Municipal de M\u00fasica de Vilagarc\u00eda &amp; Culturactiva Produci\u00f3ns\" \t\tclass=\"so-widget-image\"\/>\n\t<\/a><\/div>\n\n<\/div><\/div><\/div><div id=\"pgc-wb76c46eb-0-1\"  class=\"panel-grid-cell\" ><div id=\"panel-wb76c46eb-0-1-0\" class=\"so-panel widget widget_sow-editor panel-first-child panel-last-child\" data-index=\"1\" ><div\n\t\t\t\n\t\t\tclass=\"so-widget-sow-editor so-widget-sow-editor-base\"\n\t\t\t\n\t\t><h2 class=\"widget-title\">Banda Municipal de M\u00fasica de Vilagarc\u00eda &amp; Culturactiva Produci\u00f3ns<\/h2>\n<div class=\"siteorigin-widget-tinymce textwidget\">\n\t<h4>Desconcerto<\/h4>\n<div class=\"page\" title=\"Page 8\">\n<div class=\"layoutArea\">\n<div class=\"column\">\n<p class=\"p1\">Los protagonistas llegan tarde al recital. Con la orquesta a punto de comenzar se ven en el deber de improvisar para salir de la situaci\u00f3n. <em>Desconcierto<\/em> es un espect\u00e1culo c\u00f3mico sobre la m\u00fasica culta puesto en escena por F\u00e9lix Rodr\u00edguez y Fran Rei y dirigido por Marcos Orsi. En esta ocasi\u00f3n los actores estar\u00e1n acompa\u00f1ados de la Banda de M\u00fasica de Vilagarc\u00eda de Arousa, con la que interpretar\u00e1n grandes temas de la m\u00fasica cl\u00e1sica.<\/p>\n<\/div>\n<\/div>\n<\/div>\n<p>&nbsp;<\/p>\n<p>&nbsp;<\/p>\n<\/div>\n<\/div><\/div><\/div><\/div><\/div><div id=\"pg-wb76c46eb-1\"  class=\"panel-grid panel-has-style\" ><div class=\"programma-artist panel-row-style panel-row-style-for-wb76c46eb-1\" ><div id=\"pgc-wb76c46eb-1-0\"  class=\"panel-grid-cell\" ><div id=\"panel-wb76c46eb-1-0-0\" class=\"so-panel widget widget_sow-image panel-first-child panel-last-child\" data-index=\"2\" ><div\n\t\t\t\n\t\t\tclass=\"so-widget-sow-image so-widget-sow-image-default-8b5b6f678277-2493\"\n\t\t\t\n\t\t>\n\n<div class=\"sow-image-container\">\n\t\t\t<a href=\"https:\/\/www.festiclown.org\/wp-content\/uploads\/2022\/08\/FranBoza_web.jpg\"\n\t\t\tdata-lightbox=\"19868817115f298e76364ea413534720\" data-lightbox-options=\"{&quot;alwaysShowNavOnTouchDevices&quot;:false,&quot;disabledOnTablet&quot;:false,&quot;disabledOnMobile&quot;:false,&quot;disableScrolling&quot;:false,&quot;overlayColor&quot;:&quot;#000&quot;,&quot;overlayOpacity&quot;:0.8,&quot;fadeDuration&quot;:600,&quot;fitImagesInViewport&quot;:true,&quot;imageFadeDuration&quot;:600,&quot;maxHeight&quot;:&quot;&quot;,&quot;maxWidth&quot;:&quot;&quot;,&quot;positionFromTop&quot;:50,&quot;resizeDuration&quot;:700,&quot;showImageNumberLabel&quot;:true,&quot;disableCaption&quot;:&quot;&quot;,&quot;wrapAround&quot;:true,&quot;albumLabel&quot;:&quot; %1 of %2&quot;}\" data-title=\"Fran Boza\" \t\t>\n\t\t\t<img loading=\"lazy\" decoding=\"async\" src=\"https:\/\/www.festiclown.org\/wp-content\/uploads\/2022\/08\/FranBoza_web.jpg\" width=\"750\" height=\"500\" srcset=\"https:\/\/www.festiclown.org\/wp-content\/uploads\/2022\/08\/FranBoza_web.jpg 750w, https:\/\/www.festiclown.org\/wp-content\/uploads\/2022\/08\/FranBoza_web-272x182.jpg 272w\" sizes=\"(max-width: 750px) 100vw, 750px\" title=\"Fran Boza\" alt=\"Fran Boza\" \t\tclass=\"so-widget-image\"\/>\n\t<\/a><\/div>\n\n<\/div><\/div><\/div><div id=\"pgc-wb76c46eb-1-1\"  class=\"panel-grid-cell\" ><div id=\"panel-wb76c46eb-1-1-0\" class=\"so-panel widget widget_sow-editor panel-first-child panel-last-child\" data-index=\"3\" ><div\n\t\t\t\n\t\t\tclass=\"so-widget-sow-editor so-widget-sow-editor-base\"\n\t\t\t\n\t\t><h2 class=\"widget-title\">Fran Boza<\/h2>\n<div class=\"siteorigin-widget-tinymce textwidget\">\n\t<h4>Malabarabilidades<\/h4>\n<div class=\"page\" title=\"Page 9\">\n<div class=\"layoutArea\">\n<div class=\"column\">\n<p class=\"p1\">Bolas, mazas, rulos\u2026 Ninguna t\u00e9cnica se le resiste la este portento del circo cl\u00e1sico y los malabares. Fran Boza presenta <em>Malabarabilidades<\/em>, un espect\u00e1culo de una alta exigencia t\u00e9cnica en el que dejar\u00e1 m\u00e1s de una boca abierta y demostrar\u00e1 que es el aut\u00e9ntico rey de los malabares!<\/p>\n<\/div>\n<\/div>\n<\/div>\n<p>&nbsp;<\/p>\n<p>&nbsp;<\/p>\n<\/div>\n<\/div><\/div><\/div><\/div><\/div><div id=\"pg-wb76c46eb-2\"  class=\"panel-grid panel-has-style\" ><div class=\"programma-artist panel-row-style panel-row-style-for-wb76c46eb-2\" ><div id=\"pgc-wb76c46eb-2-0\"  class=\"panel-grid-cell\" ><div id=\"panel-wb76c46eb-2-0-0\" class=\"so-panel widget widget_sow-image panel-first-child panel-last-child\" data-index=\"4\" ><div\n\t\t\t\n\t\t\tclass=\"so-widget-sow-image so-widget-sow-image-default-8b5b6f678277-2493\"\n\t\t\t\n\t\t>\n\n<div class=\"sow-image-container\">\n\t\t\t<a href=\"https:\/\/www.festiclown.org\/wp-content\/uploads\/2022\/08\/Desastronauts_web.jpg\"\n\t\t\tdata-lightbox=\"16556195725f29a0eca44cc434777255\" data-lightbox-options=\"{&quot;alwaysShowNavOnTouchDevices&quot;:false,&quot;disabledOnTablet&quot;:false,&quot;disabledOnMobile&quot;:false,&quot;disableScrolling&quot;:false,&quot;overlayColor&quot;:&quot;#000&quot;,&quot;overlayOpacity&quot;:0.8,&quot;fadeDuration&quot;:600,&quot;fitImagesInViewport&quot;:true,&quot;imageFadeDuration&quot;:600,&quot;maxHeight&quot;:&quot;&quot;,&quot;maxWidth&quot;:&quot;&quot;,&quot;positionFromTop&quot;:50,&quot;resizeDuration&quot;:700,&quot;showImageNumberLabel&quot;:true,&quot;disableCaption&quot;:&quot;&quot;,&quot;wrapAround&quot;:true,&quot;albumLabel&quot;:&quot; %1 of %2&quot;}\" data-title=\"Desastronauts\" \t\t>\n\t\t\t<img loading=\"lazy\" decoding=\"async\" src=\"https:\/\/www.festiclown.org\/wp-content\/uploads\/2022\/08\/Desastronauts_web.jpg\" width=\"750\" height=\"500\" srcset=\"https:\/\/www.festiclown.org\/wp-content\/uploads\/2022\/08\/Desastronauts_web.jpg 750w, https:\/\/www.festiclown.org\/wp-content\/uploads\/2022\/08\/Desastronauts_web-272x182.jpg 272w\" sizes=\"(max-width: 750px) 100vw, 750px\" title=\"Desastronauts\" alt=\"Desastronauts\" \t\tclass=\"so-widget-image\"\/>\n\t<\/a><\/div>\n\n<\/div><\/div><\/div><div id=\"pgc-wb76c46eb-2-1\"  class=\"panel-grid-cell\" ><div id=\"panel-wb76c46eb-2-1-0\" class=\"so-panel widget widget_sow-editor panel-first-child panel-last-child\" data-index=\"5\" ><div\n\t\t\t\n\t\t\tclass=\"so-widget-sow-editor so-widget-sow-editor-base\"\n\t\t\t\n\t\t><h2 class=\"widget-title\">Desastroanuts<\/h2>\n<div class=\"siteorigin-widget-tinymce textwidget\">\n\t<h4>Somos Circo<\/h4>\n<div class=\"page\" title=\"Page 10\">\n<div class=\"layoutArea\">\n<div class=\"column\">\n<div class=\"textboxes\">\n<div class=\"col_b\">\n<div class=\"textbox\">\n<div id=\"contenedor\" class=\"textarea unknown\">Raquel Veganzones y Girisho Gordon aterrizan en el FESTACLOWN con su nuevo espect\u00e1culo: <em>Somos Circo<\/em>. Un show de espectaculares acrobacias mezcladas con el humor que caracteriza a la compa\u00f1\u00eda formada en Londres. El p\u00fablico disfrutar\u00e1 de un espect\u00e1culo alto en acci\u00f3n y bajo en conversaci\u00f3n, alto en satisfacci\u00f3n y bajo en decepci\u00f3n!<\/div>\n<\/div>\n<\/div>\n<\/div>\n<\/div>\n<\/div>\n<\/div>\n<\/div>\n<\/div><\/div><\/div><\/div><\/div><div id=\"pg-wb76c46eb-3\"  class=\"panel-grid panel-has-style\" ><div class=\"programma-artist panel-row-style panel-row-style-for-wb76c46eb-3\" ><div id=\"pgc-wb76c46eb-3-0\"  class=\"panel-grid-cell\" ><div id=\"panel-wb76c46eb-3-0-0\" class=\"so-panel widget widget_sow-image panel-first-child panel-last-child\" data-index=\"6\" ><div\n\t\t\t\n\t\t\tclass=\"so-widget-sow-image so-widget-sow-image-default-8b5b6f678277-2493\"\n\t\t\t\n\t\t>\n\n<div class=\"sow-image-container\">\n\t\t\t<a href=\"https:\/\/www.festiclown.org\/wp-content\/uploads\/2022\/08\/EntreNous_web.jpg\"\n\t\t\tdata-lightbox=\"20525825545b438530ee47d655654791\" data-lightbox-options=\"{&quot;alwaysShowNavOnTouchDevices&quot;:false,&quot;disabledOnTablet&quot;:false,&quot;disabledOnMobile&quot;:false,&quot;disableScrolling&quot;:false,&quot;overlayColor&quot;:&quot;#000&quot;,&quot;overlayOpacity&quot;:0.8,&quot;fadeDuration&quot;:600,&quot;fitImagesInViewport&quot;:true,&quot;imageFadeDuration&quot;:600,&quot;maxHeight&quot;:&quot;&quot;,&quot;maxWidth&quot;:&quot;&quot;,&quot;positionFromTop&quot;:50,&quot;resizeDuration&quot;:700,&quot;showImageNumberLabel&quot;:true,&quot;disableCaption&quot;:&quot;&quot;,&quot;wrapAround&quot;:true,&quot;albumLabel&quot;:&quot; %1 of %2&quot;}\" data-title=\"Entre Nous\" \t\t>\n\t\t\t<img loading=\"lazy\" decoding=\"async\" src=\"https:\/\/www.festiclown.org\/wp-content\/uploads\/2022\/08\/EntreNous_web.jpg\" width=\"750\" height=\"500\" srcset=\"https:\/\/www.festiclown.org\/wp-content\/uploads\/2022\/08\/EntreNous_web.jpg 750w, https:\/\/www.festiclown.org\/wp-content\/uploads\/2022\/08\/EntreNous_web-272x182.jpg 272w\" sizes=\"(max-width: 750px) 100vw, 750px\" title=\"Entre Nous\" alt=\"Entre Nous\" \t\tclass=\"so-widget-image\"\/>\n\t<\/a><\/div>\n\n<\/div><\/div><\/div><div id=\"pgc-wb76c46eb-3-1\"  class=\"panel-grid-cell\" ><div id=\"panel-wb76c46eb-3-1-0\" class=\"so-panel widget widget_sow-editor panel-first-child panel-last-child\" data-index=\"7\" ><div\n\t\t\t\n\t\t\tclass=\"so-widget-sow-editor so-widget-sow-editor-base\"\n\t\t\t\n\t\t><h2 class=\"widget-title\">Entre Nous<\/h2>\n<div class=\"siteorigin-widget-tinymce textwidget\">\n\t<h4>Entre Nous<\/h4>\n<div class=\"page\" title=\"Page 11\">\n<div class=\"layoutArea\">\n<div class=\"column\">\n<p class=\"p1\">En un espacio a cielo abierto, tres m\u00e1stiles, algunas sillas desordenadas, unos instrumentos y una m\u00fasica de fondo que invita al encuentro. Cinco personas van llegando y sus personalidades invaden el lugar, interact\u00faan con el p\u00fablico, hablan, r\u00eden, cuentan historias y cantan alguna canci\u00f3n. <em>Entre Nous<\/em> llega a Vilagarc\u00eda con un espect\u00e1culo acrob\u00e1tico en el que el vertical y el horizontal se confunden sin remedio.<\/p>\n<\/div>\n<\/div>\n<\/div>\n<\/div>\n<\/div><\/div><\/div><\/div><\/div><div id=\"pg-wb76c46eb-4\"  class=\"panel-grid panel-has-style\" ><div class=\"programma-artist panel-row-style panel-row-style-for-wb76c46eb-4\" ><div id=\"pgc-wb76c46eb-4-0\"  class=\"panel-grid-cell\" ><div id=\"panel-wb76c46eb-4-0-0\" class=\"so-panel widget widget_sow-image panel-first-child panel-last-child\" data-index=\"8\" ><div\n\t\t\t\n\t\t\tclass=\"so-widget-sow-image so-widget-sow-image-default-8b5b6f678277-2493\"\n\t\t\t\n\t\t>\n\n<div class=\"sow-image-container\">\n\t\t\t<a href=\"https:\/\/www.festiclown.org\/wp-content\/uploads\/2022\/08\/JaraOrtiz_web.jpg\"\n\t\t\tdata-lightbox=\"19918214375f29a1695ee52731084879\" data-lightbox-options=\"{&quot;alwaysShowNavOnTouchDevices&quot;:false,&quot;disabledOnTablet&quot;:false,&quot;disabledOnMobile&quot;:false,&quot;disableScrolling&quot;:false,&quot;overlayColor&quot;:&quot;#000&quot;,&quot;overlayOpacity&quot;:0.8,&quot;fadeDuration&quot;:600,&quot;fitImagesInViewport&quot;:true,&quot;imageFadeDuration&quot;:600,&quot;maxHeight&quot;:&quot;&quot;,&quot;maxWidth&quot;:&quot;&quot;,&quot;positionFromTop&quot;:50,&quot;resizeDuration&quot;:700,&quot;showImageNumberLabel&quot;:true,&quot;disableCaption&quot;:&quot;&quot;,&quot;wrapAround&quot;:true,&quot;albumLabel&quot;:&quot; %1 of %2&quot;}\" data-title=\"Jara Ortiz\" \t\t>\n\t\t\t<img loading=\"lazy\" decoding=\"async\" src=\"https:\/\/www.festiclown.org\/wp-content\/uploads\/2022\/08\/JaraOrtiz_web.jpg\" width=\"750\" height=\"500\" srcset=\"https:\/\/www.festiclown.org\/wp-content\/uploads\/2022\/08\/JaraOrtiz_web.jpg 750w, https:\/\/www.festiclown.org\/wp-content\/uploads\/2022\/08\/JaraOrtiz_web-272x182.jpg 272w\" sizes=\"(max-width: 750px) 100vw, 750px\" title=\"Jara Ortiz\" alt=\"Jara Ortiz\" \t\tclass=\"so-widget-image\"\/>\n\t<\/a><\/div>\n\n<\/div><\/div><\/div><div id=\"pgc-wb76c46eb-4-1\"  class=\"panel-grid-cell\" ><div id=\"panel-wb76c46eb-4-1-0\" class=\"so-panel widget widget_sow-editor panel-first-child panel-last-child\" data-index=\"9\" ><div\n\t\t\t\n\t\t\tclass=\"so-widget-sow-editor so-widget-sow-editor-base\"\n\t\t\t\n\t\t><h2 class=\"widget-title\">Jara Ortiz<\/h2>\n<div class=\"siteorigin-widget-tinymce textwidget\">\n\t<h4>L\u00faa Triangular<\/h4>\n<div class=\"page\" title=\"Page 12\">\n<div class=\"layoutArea\">\n<div class=\"column\">\n<div class=\"textboxes\">\n<div class=\"col_b\">\n<div class=\"textbox\">\n<div id=\"contenedor\" class=\"textarea unknown\">Jara Ortiz presenta un cuentacuentos lleno de humor, mui\u00f1eira y perspectiva de g\u00e9nero basado en el libro Marta y la salamandra, de Eli R\u00edos. En esta historia, Marta conoce a la salamandra Oli y juntas viajan al Mundo de los Cuentos, donde vivir\u00e1n aventuras y transformar\u00e1n el mundo en un lugar mejor, lleno de diversidad y m\u00e1s justo, donde seamos iguales y las princesas de los cuentos puedan ser felices.<\/div>\n<\/div>\n<\/div>\n<\/div>\n<\/div>\n<\/div>\n<\/div>\n<\/div>\n<\/div><\/div><\/div><\/div><\/div><div id=\"pg-wb76c46eb-5\"  class=\"panel-grid panel-has-style\" ><div class=\"programma-artist panel-row-style panel-row-style-for-wb76c46eb-5\" ><div id=\"pgc-wb76c46eb-5-0\"  class=\"panel-grid-cell\" ><div id=\"panel-wb76c46eb-5-0-0\" class=\"so-panel widget widget_sow-image panel-first-child panel-last-child\" data-index=\"10\" ><div\n\t\t\t\n\t\t\tclass=\"so-widget-sow-image so-widget-sow-image-default-8b5b6f678277-2493\"\n\t\t\t\n\t\t>\n\n<div class=\"sow-image-container\">\n\t\t\t<a href=\"https:\/\/www.festiclown.org\/wp-content\/uploads\/2022\/08\/Monikina_web.jpg\"\n\t\t\tdata-lightbox=\"9692848475f29a2508c108679773277\" data-lightbox-options=\"{&quot;alwaysShowNavOnTouchDevices&quot;:false,&quot;disabledOnTablet&quot;:false,&quot;disabledOnMobile&quot;:false,&quot;disableScrolling&quot;:false,&quot;overlayColor&quot;:&quot;#000&quot;,&quot;overlayOpacity&quot;:0.8,&quot;fadeDuration&quot;:600,&quot;fitImagesInViewport&quot;:true,&quot;imageFadeDuration&quot;:600,&quot;maxHeight&quot;:&quot;&quot;,&quot;maxWidth&quot;:&quot;&quot;,&quot;positionFromTop&quot;:50,&quot;resizeDuration&quot;:700,&quot;showImageNumberLabel&quot;:true,&quot;disableCaption&quot;:&quot;&quot;,&quot;wrapAround&quot;:true,&quot;albumLabel&quot;:&quot; %1 of %2&quot;}\" data-title=\"Moniki\u00f1a\" \t\t>\n\t\t\t<img loading=\"lazy\" decoding=\"async\" src=\"https:\/\/www.festiclown.org\/wp-content\/uploads\/2022\/08\/Monikina_web.jpg\" width=\"750\" height=\"500\" srcset=\"https:\/\/www.festiclown.org\/wp-content\/uploads\/2022\/08\/Monikina_web.jpg 750w, https:\/\/www.festiclown.org\/wp-content\/uploads\/2022\/08\/Monikina_web-272x182.jpg 272w\" sizes=\"(max-width: 750px) 100vw, 750px\" title=\"Moniki\u00f1a\" alt=\"Moniki\u00f1a\" \t\tclass=\"so-widget-image\"\/>\n\t<\/a><\/div>\n\n<\/div><\/div><\/div><div id=\"pgc-wb76c46eb-5-1\"  class=\"panel-grid-cell\" ><div id=\"panel-wb76c46eb-5-1-0\" class=\"so-panel widget widget_sow-editor panel-first-child panel-last-child\" data-index=\"11\" ><div\n\t\t\t\n\t\t\tclass=\"so-widget-sow-editor so-widget-sow-editor-base\"\n\t\t\t\n\t\t><h2 class=\"widget-title\">Moniki\u00f1a<\/h2>\n<div class=\"siteorigin-widget-tinymce textwidget\">\n\t<h4>A viaxe de Nikita<\/h4>\n<div class=\"page\" title=\"Page 13\">\n<div class=\"layoutArea\">\n<div class=\"column\">\n<p class=\"p1\"><em>Nikita<\/em> Nimoni es una exploradora muy despistada e insegura, que recorre el mundo en busca de aventuras. As\u00ed emprende un viaje inolvidable, que le servir\u00e1 para superar sus miedos, y en la que descubrir\u00e1 que viajar no es solo cambiar de lugar, tambi\u00e9n es cambiar la manera de verse a una misma. Moniki\u00f1a llega a Vilagarc\u00eda con un espect\u00e1culo que es un canto a la curiosidad y que incluye clown, n\u00fameros de fuego, malabares, percusi\u00f3n y danza.<\/p>\n<\/div>\n<\/div>\n<\/div>\n<\/div>\n<\/div><\/div><\/div><\/div><\/div><div id=\"pg-wb76c46eb-6\"  class=\"panel-grid panel-has-style\" ><div class=\"programma-artist panel-row-style panel-row-style-for-wb76c46eb-6\" ><div id=\"pgc-wb76c46eb-6-0\"  class=\"panel-grid-cell\" ><div id=\"panel-wb76c46eb-6-0-0\" class=\"so-panel widget widget_sow-image panel-first-child panel-last-child\" data-index=\"12\" ><div\n\t\t\t\n\t\t\tclass=\"so-widget-sow-image so-widget-sow-image-default-8b5b6f678277-2493\"\n\t\t\t\n\t\t>\n\n<div class=\"sow-image-container\">\n\t\t\t<a href=\"https:\/\/www.festiclown.org\/wp-content\/uploads\/2022\/08\/RojoTelon_web.jpg\"\n\t\t\tdata-lightbox=\"901950975f29a321ee4b1584538292\" data-lightbox-options=\"{&quot;alwaysShowNavOnTouchDevices&quot;:false,&quot;disabledOnTablet&quot;:false,&quot;disabledOnMobile&quot;:false,&quot;disableScrolling&quot;:false,&quot;overlayColor&quot;:&quot;#000&quot;,&quot;overlayOpacity&quot;:0.8,&quot;fadeDuration&quot;:600,&quot;fitImagesInViewport&quot;:true,&quot;imageFadeDuration&quot;:600,&quot;maxHeight&quot;:&quot;&quot;,&quot;maxWidth&quot;:&quot;&quot;,&quot;positionFromTop&quot;:50,&quot;resizeDuration&quot;:700,&quot;showImageNumberLabel&quot;:true,&quot;disableCaption&quot;:&quot;&quot;,&quot;wrapAround&quot;:true,&quot;albumLabel&quot;:&quot; %1 of %2&quot;}\" data-title=\"Rojo Tel\u00f3n\" \t\t>\n\t\t\t<img loading=\"lazy\" decoding=\"async\" src=\"https:\/\/www.festiclown.org\/wp-content\/uploads\/2022\/08\/RojoTelon_web.jpg\" width=\"750\" height=\"500\" srcset=\"https:\/\/www.festiclown.org\/wp-content\/uploads\/2022\/08\/RojoTelon_web.jpg 750w, https:\/\/www.festiclown.org\/wp-content\/uploads\/2022\/08\/RojoTelon_web-272x182.jpg 272w\" sizes=\"(max-width: 750px) 100vw, 750px\" title=\"Rojo Tel\u00f3n\" alt=\"Rojo Tel\u00f3n\" \t\tclass=\"so-widget-image\"\/>\n\t<\/a><\/div>\n\n<\/div><\/div><\/div><div id=\"pgc-wb76c46eb-6-1\"  class=\"panel-grid-cell\" ><div id=\"panel-wb76c46eb-6-1-0\" class=\"so-panel widget widget_sow-editor panel-first-child panel-last-child\" data-index=\"13\" ><div\n\t\t\t\n\t\t\tclass=\"so-widget-sow-editor so-widget-sow-editor-base\"\n\t\t\t\n\t\t><h2 class=\"widget-title\">Rojo Tel\u00f3n<\/h2>\n<div class=\"siteorigin-widget-tinymce textwidget\">\n\t<h4>Nudo<\/h4>\n<div class=\"page\" title=\"Page 14\">\n<div class=\"layoutArea\">\n<div class=\"column\">\n<p class=\"p1\">Volver\u00e1n a tomar los cielos para desatar los nudos que las oprimen. Y se deleitar\u00e1n en una eterna bacanal para entrar en un estado de letargo y as\u00ed trascender para volver a ser ellas. Y \u00bfqui\u00e9n son ellas? Tres mujeres de la compa\u00f1\u00eda Rojo Tel\u00f3n que a trav\u00e9s del humor, la interpretaci\u00f3n y t\u00e9cnicas circenses har\u00e1n que el p\u00fablico del FESTACLOWN se desmelene y viva una experiencia \u2018celestial\u2019.<\/p>\n<\/div>\n<\/div>\n<\/div>\n<\/div>\n<\/div><\/div><\/div><\/div><\/div><div id=\"pg-wb76c46eb-7\"  class=\"panel-grid panel-has-style\" ><div class=\"programma-artist panel-row-style panel-row-style-for-wb76c46eb-7\" ><div id=\"pgc-wb76c46eb-7-0\"  class=\"panel-grid-cell\" ><div id=\"panel-wb76c46eb-7-0-0\" class=\"so-panel widget widget_sow-image panel-first-child panel-last-child\" data-index=\"14\" ><div\n\t\t\t\n\t\t\tclass=\"so-widget-sow-image so-widget-sow-image-default-8b5b6f678277-2493\"\n\t\t\t\n\t\t>\n\n<div class=\"sow-image-container\">\n\t\t\t<a href=\"https:\/\/www.festiclown.org\/wp-content\/uploads\/2022\/08\/Kanbahiota_web.jpg\"\n\t\t\tdata-lightbox=\"13102177065f29a34dde296051083514\" data-lightbox-options=\"{&quot;alwaysShowNavOnTouchDevices&quot;:false,&quot;disabledOnTablet&quot;:false,&quot;disabledOnMobile&quot;:false,&quot;disableScrolling&quot;:false,&quot;overlayColor&quot;:&quot;#000&quot;,&quot;overlayOpacity&quot;:0.8,&quot;fadeDuration&quot;:600,&quot;fitImagesInViewport&quot;:true,&quot;imageFadeDuration&quot;:600,&quot;maxHeight&quot;:&quot;&quot;,&quot;maxWidth&quot;:&quot;&quot;,&quot;positionFromTop&quot;:50,&quot;resizeDuration&quot;:700,&quot;showImageNumberLabel&quot;:true,&quot;disableCaption&quot;:&quot;&quot;,&quot;wrapAround&quot;:true,&quot;albumLabel&quot;:&quot; %1 of %2&quot;}\" data-title=\"Kanbahiota\" \t\t>\n\t\t\t<img loading=\"lazy\" decoding=\"async\" src=\"https:\/\/www.festiclown.org\/wp-content\/uploads\/2022\/08\/Kanbahiota_web.jpg\" width=\"750\" height=\"500\" srcset=\"https:\/\/www.festiclown.org\/wp-content\/uploads\/2022\/08\/Kanbahiota_web.jpg 750w, https:\/\/www.festiclown.org\/wp-content\/uploads\/2022\/08\/Kanbahiota_web-272x182.jpg 272w\" sizes=\"(max-width: 750px) 100vw, 750px\" title=\"Kanbahiota\" alt=\"Kanbahiota\" \t\tclass=\"so-widget-image\"\/>\n\t<\/a><\/div>\n\n<\/div><\/div><\/div><div id=\"pgc-wb76c46eb-7-1\"  class=\"panel-grid-cell\" ><div id=\"panel-wb76c46eb-7-1-0\" class=\"so-panel widget widget_sow-editor panel-first-child panel-last-child\" data-index=\"15\" ><div\n\t\t\t\n\t\t\tclass=\"so-widget-sow-editor so-widget-sow-editor-base\"\n\t\t\t\n\t\t><h2 class=\"widget-title\">Kanbahiota<\/h2>\n<div class=\"siteorigin-widget-tinymce textwidget\">\n\t<h4>Volando\u2026 vengo!<\/h4>\n<div class=\"page\" title=\"Page 15\">\n<div class=\"layoutArea\">\n<div class=\"column\">\n<p class=\"p1\">Kanbahiota trae a Vilagarc\u00eda un espect\u00e1culo ambicioso y arriesgado con cuatro trapecistas, una barra y una estructura de trapecio volante. Solo hay que conseguir ajustarlo para poder conquistar el aire con sus acrobacias, no sin alguna ca\u00edda inesperada.<\/p>\n<\/div>\n<\/div>\n<\/div>\n<\/div>\n<\/div><\/div><\/div><\/div><\/div><div id=\"pg-wb76c46eb-8\"  class=\"panel-grid panel-has-style\" ><div class=\"programma-artist panel-row-style panel-row-style-for-wb76c46eb-8\" ><div id=\"pgc-wb76c46eb-8-0\"  class=\"panel-grid-cell\" ><div id=\"panel-wb76c46eb-8-0-0\" class=\"so-panel widget widget_sow-image panel-first-child panel-last-child\" data-index=\"16\" ><div\n\t\t\t\n\t\t\tclass=\"so-widget-sow-image so-widget-sow-image-default-8b5b6f678277-2493\"\n\t\t\t\n\t\t>\n\n<div class=\"sow-image-container\">\n\t\t\t<a href=\"https:\/\/www.festiclown.org\/wp-content\/uploads\/2022\/08\/Clamide_web.jpeg\"\n\t\t\tdata-lightbox=\"4998688065f29a37f35eca156515509\" data-lightbox-options=\"{&quot;alwaysShowNavOnTouchDevices&quot;:false,&quot;disabledOnTablet&quot;:false,&quot;disabledOnMobile&quot;:false,&quot;disableScrolling&quot;:false,&quot;overlayColor&quot;:&quot;#000&quot;,&quot;overlayOpacity&quot;:0.8,&quot;fadeDuration&quot;:600,&quot;fitImagesInViewport&quot;:true,&quot;imageFadeDuration&quot;:600,&quot;maxHeight&quot;:&quot;&quot;,&quot;maxWidth&quot;:&quot;&quot;,&quot;positionFromTop&quot;:50,&quot;resizeDuration&quot;:700,&quot;showImageNumberLabel&quot;:true,&quot;disableCaption&quot;:&quot;&quot;,&quot;wrapAround&quot;:true,&quot;albumLabel&quot;:&quot; %1 of %2&quot;}\" data-title=\"Con eles &amp; Cl\u00e1mide\" \t\t>\n\t\t\t<img loading=\"lazy\" decoding=\"async\" src=\"https:\/\/www.festiclown.org\/wp-content\/uploads\/2022\/08\/Clamide_web.jpeg\" width=\"750\" height=\"500\" srcset=\"https:\/\/www.festiclown.org\/wp-content\/uploads\/2022\/08\/Clamide_web.jpeg 750w, https:\/\/www.festiclown.org\/wp-content\/uploads\/2022\/08\/Clamide_web-272x182.jpeg 272w\" sizes=\"(max-width: 750px) 100vw, 750px\" title=\"Con eles &amp; Cl\u00e1mide\" alt=\"Con eles &amp; Cl\u00e1mide\" \t\tclass=\"so-widget-image\"\/>\n\t<\/a><\/div>\n\n<\/div><\/div><\/div><div id=\"pgc-wb76c46eb-8-1\"  class=\"panel-grid-cell\" ><div id=\"panel-wb76c46eb-8-1-0\" class=\"so-panel widget widget_sow-editor panel-first-child panel-last-child\" data-index=\"17\" ><div\n\t\t\t\n\t\t\tclass=\"so-widget-sow-editor so-widget-sow-editor-base\"\n\t\t\t\n\t\t><h2 class=\"widget-title\">Con Eles &amp; Cl\u00e1mide<\/h2>\n<div class=\"siteorigin-widget-tinymce textwidget\">\n\t<h4>Sen guerras<\/h4>\n<div class=\"page\" title=\"Page 16\">\n<div class=\"layoutArea\">\n<div class=\"column\">\n<p class=\"p1\">Con Ellos y Cl\u00e1mide Teatro se vuelven a aliar para presentar en el FESTACLOWN su nueva creaci\u00f3n. <em>Sin Guerras<\/em> es el ejercicio final del taller de teatro dinamizado por Fran Rei con las personas usuarias de la asociaci\u00f3n Con Ellos. Acompa\u00f1adas del grupo Cl\u00e1mide Teatro interpretar\u00e1n diferentes escenas que tratan sobre la guerra en clave de humor.<\/p>\n<\/div>\n<\/div>\n<\/div>\n<\/div>\n<\/div><\/div><\/div><\/div><\/div><div id=\"pg-wb76c46eb-9\"  class=\"panel-grid panel-has-style\" ><div class=\"programma-artist panel-row-style panel-row-style-for-wb76c46eb-9\" ><div id=\"pgc-wb76c46eb-9-0\"  class=\"panel-grid-cell\" ><div id=\"panel-wb76c46eb-9-0-0\" class=\"so-panel widget widget_sow-image panel-first-child panel-last-child\" data-index=\"18\" ><div\n\t\t\t\n\t\t\tclass=\"so-widget-sow-image so-widget-sow-image-default-8b5b6f678277-2493\"\n\t\t\t\n\t\t>\n\n<div class=\"sow-image-container\">\n\t\t\t<a href=\"https:\/\/www.festiclown.org\/wp-content\/uploads\/2022\/08\/decarmela_web-1.jpg\"\n\t\t\tdata-lightbox=\"10159654025f29a3ad4861e790092430\" data-lightbox-options=\"{&quot;alwaysShowNavOnTouchDevices&quot;:false,&quot;disabledOnTablet&quot;:false,&quot;disabledOnMobile&quot;:false,&quot;disableScrolling&quot;:false,&quot;overlayColor&quot;:&quot;#000&quot;,&quot;overlayOpacity&quot;:0.8,&quot;fadeDuration&quot;:600,&quot;fitImagesInViewport&quot;:true,&quot;imageFadeDuration&quot;:600,&quot;maxHeight&quot;:&quot;&quot;,&quot;maxWidth&quot;:&quot;&quot;,&quot;positionFromTop&quot;:50,&quot;resizeDuration&quot;:700,&quot;showImageNumberLabel&quot;:true,&quot;disableCaption&quot;:&quot;&quot;,&quot;wrapAround&quot;:true,&quot;albumLabel&quot;:&quot; %1 of %2&quot;}\" data-title=\"De Carmela\" \t\t>\n\t\t\t<img loading=\"lazy\" decoding=\"async\" src=\"https:\/\/www.festiclown.org\/wp-content\/uploads\/2022\/08\/decarmela_web-1.jpg\" width=\"750\" height=\"500\" srcset=\"https:\/\/www.festiclown.org\/wp-content\/uploads\/2022\/08\/decarmela_web-1.jpg 750w, https:\/\/www.festiclown.org\/wp-content\/uploads\/2022\/08\/decarmela_web-1-272x182.jpg 272w\" sizes=\"(max-width: 750px) 100vw, 750px\" title=\"De Carmela\" alt=\"De Carmenla\" \t\tclass=\"so-widget-image\"\/>\n\t<\/a><\/div>\n\n<\/div><\/div><\/div><div id=\"pgc-wb76c46eb-9-1\"  class=\"panel-grid-cell\" ><div id=\"panel-wb76c46eb-9-1-0\" class=\"so-panel widget widget_sow-editor panel-first-child panel-last-child\" data-index=\"19\" ><div\n\t\t\t\n\t\t\tclass=\"so-widget-sow-editor so-widget-sow-editor-base\"\n\t\t\t\n\t\t><h2 class=\"widget-title\">De Carmela<\/h2>\n<div class=\"siteorigin-widget-tinymce textwidget\">\n\t<h4>Smile<\/h4>\n<div class=\"page\" title=\"Page 17\">\n<div class=\"layoutArea\">\n<div class=\"column\">\n<p class=\"p1\">Una actriz, un viaje y un campamento\u2026 de personas refugiadas. Ella tiene que actuar para las ni\u00f1as y ni\u00f1os que viven all\u00ed pero parece que todo est\u00e1 en su contra. \u00bfSer\u00e1 quien de conseguirlo? En principio parece que no, pero de noche una mu\u00f1eca payasa le dar\u00e1 el poder para transformarse y salir a buscar sonrisas. Con <em>Smile<\/em>, la asturiana De Carmela promete hacer sonre\u00edr y reflexionar al p\u00fablico del FESTACLOWN.<\/p>\n<\/div>\n<\/div>\n<\/div>\n<\/div>\n<\/div><\/div><\/div><\/div><\/div><div id=\"pg-wb76c46eb-10\"  class=\"panel-grid panel-has-style\" ><div class=\"programma-artist panel-row-style panel-row-style-for-wb76c46eb-10\" ><div id=\"pgc-wb76c46eb-10-0\"  class=\"panel-grid-cell\" ><div id=\"panel-wb76c46eb-10-0-0\" class=\"so-panel widget widget_sow-image panel-first-child panel-last-child\" data-index=\"20\" ><div\n\t\t\t\n\t\t\tclass=\"so-widget-sow-image so-widget-sow-image-default-8b5b6f678277-2493\"\n\t\t\t\n\t\t>\n\n<div class=\"sow-image-container\">\n\t\t\t<a href=\"https:\/\/www.festiclown.org\/wp-content\/uploads\/2022\/08\/Trotamundos_web-1.jpg\"\n\t\t\tdata-lightbox=\"971118153610a5c4093524361049818\" data-lightbox-options=\"{&quot;alwaysShowNavOnTouchDevices&quot;:false,&quot;disabledOnTablet&quot;:false,&quot;disabledOnMobile&quot;:false,&quot;disableScrolling&quot;:false,&quot;overlayColor&quot;:&quot;#000&quot;,&quot;overlayOpacity&quot;:0.8,&quot;fadeDuration&quot;:600,&quot;fitImagesInViewport&quot;:true,&quot;imageFadeDuration&quot;:600,&quot;maxHeight&quot;:&quot;&quot;,&quot;maxWidth&quot;:&quot;&quot;,&quot;positionFromTop&quot;:50,&quot;resizeDuration&quot;:700,&quot;showImageNumberLabel&quot;:true,&quot;disableCaption&quot;:&quot;&quot;,&quot;wrapAround&quot;:true,&quot;albumLabel&quot;:&quot; %1 of %2&quot;}\" data-title=\"Trotamundos\" \t\t>\n\t\t\t<img loading=\"lazy\" decoding=\"async\" src=\"https:\/\/www.festiclown.org\/wp-content\/uploads\/2022\/08\/Trotamundos_web-1.jpg\" width=\"750\" height=\"500\" srcset=\"https:\/\/www.festiclown.org\/wp-content\/uploads\/2022\/08\/Trotamundos_web-1.jpg 750w, https:\/\/www.festiclown.org\/wp-content\/uploads\/2022\/08\/Trotamundos_web-1-272x182.jpg 272w\" sizes=\"(max-width: 750px) 100vw, 750px\" title=\"Trotamundos\" alt=\"Trotamundos\" \t\tclass=\"so-widget-image\"\/>\n\t<\/a><\/div>\n\n<\/div><\/div><\/div><div id=\"pgc-wb76c46eb-10-1\"  class=\"panel-grid-cell\" ><div id=\"panel-wb76c46eb-10-1-0\" class=\"so-panel widget widget_sow-editor panel-first-child panel-last-child\" data-index=\"21\" ><div\n\t\t\t\n\t\t\tclass=\"so-widget-sow-editor so-widget-sow-editor-base\"\n\t\t\t\n\t\t><h2 class=\"widget-title\">Trotamundos<\/h2>\n<div class=\"siteorigin-widget-tinymce textwidget\">\n\t<h4>Historias de un ba\u00fal<\/h4>\n<div class=\"page\" title=\"Page 17\">\n<div class=\"layoutArea\">\n<div class=\"column\">\n<div class=\"page\" title=\"Page 18\">\n<div class=\"layoutArea\">\n<div class=\"column\">\n<p class=\"p1\"><em>Historias de un Ba\u00fal<\/em> es la historia de Fidel y Capulita. Dos entra\u00f1ables personas viajeras, circenses, so\u00f1adoras y compa\u00f1eras que van por la vida con un antiguo ba\u00fal a espaldas. Siempre tienen todo listo para el gran momento de encontrar un nuevo p\u00fablico al que sorprender con malabares, hula hoops, acrobacias y mucho humor. \u00bfEncontrar\u00e1n en Vilagarc\u00eda a su p\u00fablico ideal?<\/p>\n<\/div>\n<\/div>\n<\/div>\n<\/div>\n<\/div>\n<\/div>\n<\/div>\n<\/div><\/div><\/div><\/div><\/div><div id=\"pg-wb76c46eb-11\"  class=\"panel-grid panel-has-style\" ><div class=\"programma-artist panel-row-style panel-row-style-for-wb76c46eb-11\" ><div id=\"pgc-wb76c46eb-11-0\"  class=\"panel-grid-cell\" ><div id=\"panel-wb76c46eb-11-0-0\" class=\"so-panel widget widget_sow-image panel-first-child panel-last-child\" data-index=\"22\" ><div\n\t\t\t\n\t\t\tclass=\"so-widget-sow-image so-widget-sow-image-default-8b5b6f678277-2493\"\n\t\t\t\n\t\t>\n\n<div class=\"sow-image-container\">\n\t\t\t<a href=\"https:\/\/www.festiclown.org\/wp-content\/uploads\/2022\/08\/Troupe_web.jpg\"\n\t\t\tdata-lightbox=\"483847959610a5c71378cf553101854\" data-lightbox-options=\"{&quot;alwaysShowNavOnTouchDevices&quot;:false,&quot;disabledOnTablet&quot;:false,&quot;disabledOnMobile&quot;:false,&quot;disableScrolling&quot;:false,&quot;overlayColor&quot;:&quot;#000&quot;,&quot;overlayOpacity&quot;:0.8,&quot;fadeDuration&quot;:600,&quot;fitImagesInViewport&quot;:true,&quot;imageFadeDuration&quot;:600,&quot;maxHeight&quot;:&quot;&quot;,&quot;maxWidth&quot;:&quot;&quot;,&quot;positionFromTop&quot;:50,&quot;resizeDuration&quot;:700,&quot;showImageNumberLabel&quot;:true,&quot;disableCaption&quot;:&quot;&quot;,&quot;wrapAround&quot;:true,&quot;albumLabel&quot;:&quot; %1 of %2&quot;}\" data-title=\"La troupe malab\u00f3\" \t\t>\n\t\t\t<img loading=\"lazy\" decoding=\"async\" src=\"https:\/\/www.festiclown.org\/wp-content\/uploads\/2022\/08\/Troupe_web.jpg\" width=\"750\" height=\"500\" srcset=\"https:\/\/www.festiclown.org\/wp-content\/uploads\/2022\/08\/Troupe_web.jpg 750w, https:\/\/www.festiclown.org\/wp-content\/uploads\/2022\/08\/Troupe_web-272x182.jpg 272w\" sizes=\"(max-width: 750px) 100vw, 750px\" title=\"La troupe malab\u00f3\" alt=\"La troupe malab\u00f3\" \t\tclass=\"so-widget-image\"\/>\n\t<\/a><\/div>\n\n<\/div><\/div><\/div><div id=\"pgc-wb76c46eb-11-1\"  class=\"panel-grid-cell\" ><div id=\"panel-wb76c46eb-11-1-0\" class=\"so-panel widget widget_sow-editor panel-first-child panel-last-child\" data-index=\"23\" ><div\n\t\t\t\n\t\t\tclass=\"so-widget-sow-editor so-widget-sow-editor-base\"\n\t\t\t\n\t\t><h2 class=\"widget-title\">La troupe malab\u00f3<\/h2>\n<div class=\"siteorigin-widget-tinymce textwidget\">\n\t<h4>Karpaty Cirqu\u00e9<\/h4>\n<div class=\"page\" title=\"Page 17\">\n<div class=\"layoutArea\">\n<div class=\"column\">\n<div class=\"page\" title=\"Page 19\">\n<div class=\"layoutArea\">\n<div class=\"column\">\n<p class=\"p1\">Todo comienza en <em>Karpaty Cirqu\u00e9<\/em>, un viejo y prestigioso circo ruso. Tras a\u00f1os de \u00e9xito, estallan guerras y epidemias dejando al circo en la m\u00e1s absoluta decadencia. Los superviventes del circo emprenden un largo viaje en la b\u00fasqueda de un lugar donde poder realizar su sue\u00f1o: volver a mostrar su arte al p\u00fablico. Lana Troupe Malab\u00f3 viene desde Castell\u00f3n con este espect\u00e1culo \u00fanico de clown, malabares, acrobacias, magia y m\u00fasica en directo que no dejar\u00e1 a nadie indiferente.<\/p>\n<\/div>\n<\/div>\n<\/div>\n<\/div>\n<\/div>\n<\/div>\n<\/div>\n<\/div><\/div><\/div><\/div><\/div><div id=\"pg-wb76c46eb-12\"  class=\"panel-grid panel-has-style\" ><div class=\"programma-artist panel-row-style panel-row-style-for-wb76c46eb-12\" ><div id=\"pgc-wb76c46eb-12-0\"  class=\"panel-grid-cell\" ><div id=\"panel-wb76c46eb-12-0-0\" class=\"so-panel widget widget_sow-image panel-first-child panel-last-child\" data-index=\"24\" ><div\n\t\t\t\n\t\t\tclass=\"so-widget-sow-image so-widget-sow-image-default-8b5b6f678277-2493\"\n\t\t\t\n\t\t>\n\n<div class=\"sow-image-container\">\n\t\t\t<a href=\"https:\/\/www.festiclown.org\/wp-content\/uploads\/2022\/08\/AnxoMoure_web.jpg\"\n\t\t\tdata-lightbox=\"412408402610a5c9aa6197044554279\" data-lightbox-options=\"{&quot;alwaysShowNavOnTouchDevices&quot;:false,&quot;disabledOnTablet&quot;:false,&quot;disabledOnMobile&quot;:false,&quot;disableScrolling&quot;:false,&quot;overlayColor&quot;:&quot;#000&quot;,&quot;overlayOpacity&quot;:0.8,&quot;fadeDuration&quot;:600,&quot;fitImagesInViewport&quot;:true,&quot;imageFadeDuration&quot;:600,&quot;maxHeight&quot;:&quot;&quot;,&quot;maxWidth&quot;:&quot;&quot;,&quot;positionFromTop&quot;:50,&quot;resizeDuration&quot;:700,&quot;showImageNumberLabel&quot;:true,&quot;disableCaption&quot;:&quot;&quot;,&quot;wrapAround&quot;:true,&quot;albumLabel&quot;:&quot; %1 of %2&quot;}\" data-title=\"Anxo Moure\" \t\t>\n\t\t\t<img loading=\"lazy\" decoding=\"async\" src=\"https:\/\/www.festiclown.org\/wp-content\/uploads\/2022\/08\/AnxoMoure_web.jpg\" width=\"750\" height=\"500\" srcset=\"https:\/\/www.festiclown.org\/wp-content\/uploads\/2022\/08\/AnxoMoure_web.jpg 750w, https:\/\/www.festiclown.org\/wp-content\/uploads\/2022\/08\/AnxoMoure_web-272x182.jpg 272w\" sizes=\"(max-width: 750px) 100vw, 750px\" title=\"Anxo Moure\" alt=\"Anxo Moure\" \t\tclass=\"so-widget-image\"\/>\n\t<\/a><\/div>\n\n<\/div><\/div><\/div><div id=\"pgc-wb76c46eb-12-1\"  class=\"panel-grid-cell\" ><div id=\"panel-wb76c46eb-12-1-0\" class=\"so-panel widget widget_sow-editor panel-first-child panel-last-child\" data-index=\"25\" ><div\n\t\t\t\n\t\t\tclass=\"so-widget-sow-editor so-widget-sow-editor-base\"\n\t\t\t\n\t\t><h2 class=\"widget-title\">Anxo Moure<\/h2>\n<div class=\"siteorigin-widget-tinymce textwidget\">\n\t<h4>Contos pola paz<\/h4>\n<div class=\"page\" title=\"Page 17\">\n<div class=\"layoutArea\">\n<div class=\"column\">\n<div class=\"page\" title=\"Page 20\">\n<div class=\"layoutArea\">\n<div class=\"column\">\n<p class=\"p1\">Anxo Moure presenta en el FESTACLOWN un espect\u00e1culo de narraci\u00f3n oral para ni\u00f1os y ni\u00f1as en el que la protagonista principal es la solidaridad. Los <em>Cuentos por la paz<\/em> sacar\u00e1n una sonrisa y conmover\u00e1n al p\u00fablico de todas las edades.<\/p>\n<\/div>\n<\/div>\n<\/div>\n<\/div>\n<\/div>\n<\/div>\n<\/div>\n<\/div><\/div><\/div><\/div><\/div><div id=\"pg-wb76c46eb-13\"  class=\"panel-grid panel-has-style\" ><div class=\"programma-artist panel-row-style panel-row-style-for-wb76c46eb-13\" ><div id=\"pgc-wb76c46eb-13-0\"  class=\"panel-grid-cell\" ><div id=\"panel-wb76c46eb-13-0-0\" class=\"so-panel widget widget_sow-image panel-first-child panel-last-child\" data-index=\"26\" ><div\n\t\t\t\n\t\t\tclass=\"so-widget-sow-image so-widget-sow-image-default-8b5b6f678277-2493\"\n\t\t\t\n\t\t>\n\n<div class=\"sow-image-container\">\n\t\t\t<a href=\"https:\/\/www.festiclown.org\/wp-content\/uploads\/2022\/08\/Troula_Fifo_web-1.jpg\"\n\t\t\tdata-lightbox=\"1023744459610a5cc1723bd122527166\" data-lightbox-options=\"{&quot;alwaysShowNavOnTouchDevices&quot;:false,&quot;disabledOnTablet&quot;:false,&quot;disabledOnMobile&quot;:false,&quot;disableScrolling&quot;:false,&quot;overlayColor&quot;:&quot;#000&quot;,&quot;overlayOpacity&quot;:0.8,&quot;fadeDuration&quot;:600,&quot;fitImagesInViewport&quot;:true,&quot;imageFadeDuration&quot;:600,&quot;maxHeight&quot;:&quot;&quot;,&quot;maxWidth&quot;:&quot;&quot;,&quot;positionFromTop&quot;:50,&quot;resizeDuration&quot;:700,&quot;showImageNumberLabel&quot;:true,&quot;disableCaption&quot;:&quot;&quot;,&quot;wrapAround&quot;:true,&quot;albumLabel&quot;:&quot; %1 of %2&quot;}\" data-title=\"Troula Animaci\u00f3n\" \t\t>\n\t\t\t<img loading=\"lazy\" decoding=\"async\" src=\"https:\/\/www.festiclown.org\/wp-content\/uploads\/2022\/08\/Troula_Fifo_web-1.jpg\" width=\"750\" height=\"500\" srcset=\"https:\/\/www.festiclown.org\/wp-content\/uploads\/2022\/08\/Troula_Fifo_web-1.jpg 750w, https:\/\/www.festiclown.org\/wp-content\/uploads\/2022\/08\/Troula_Fifo_web-1-272x182.jpg 272w\" sizes=\"(max-width: 750px) 100vw, 750px\" title=\"Troula Animaci\u00f3n\" alt=\"Troula Animaci\u00f3n\" \t\tclass=\"so-widget-image\"\/>\n\t<\/a><\/div>\n\n<\/div><\/div><\/div><div id=\"pgc-wb76c46eb-13-1\"  class=\"panel-grid-cell\" ><div id=\"panel-wb76c46eb-13-1-0\" class=\"so-panel widget widget_sow-editor panel-first-child panel-last-child\" data-index=\"27\" ><div\n\t\t\t\n\t\t\tclass=\"so-widget-sow-editor so-widget-sow-editor-base\"\n\t\t\t\n\t\t><h2 class=\"widget-title\">Troula Animaci\u00f3n<\/h2>\n<div class=\"siteorigin-widget-tinymce textwidget\">\n\t<h4>O show de Fifo<\/h4>\n<div class=\"page\" title=\"Page 17\">\n<div class=\"layoutArea\">\n<div class=\"column\">\n<div class=\"page\" title=\"Page 21\">\n<div class=\"layoutArea\">\n<div class=\"column\">\n<p class=\"p1\">Fifo no sabe si est\u00e1 en un sue\u00f1o o se est\u00e1 despertando. Tendr\u00e1 que descubrirlo con m\u00fasica, bailes, gags c\u00f3micos y mucho m\u00e1s! Fiesta Animaci\u00f3n ha preparado un espect\u00e1culo lleno de diversi\u00f3n y participaci\u00f3n constante de todas las personas que quieran jugar con este payaso.<\/p>\n<\/div>\n<\/div>\n<\/div>\n<\/div>\n<\/div>\n<\/div>\n<\/div>\n<\/div><\/div><\/div><\/div><\/div><div id=\"pg-wb76c46eb-14\"  class=\"panel-grid panel-has-style\" ><div class=\"programma-artist panel-row-style panel-row-style-for-wb76c46eb-14\" ><div id=\"pgc-wb76c46eb-14-0\"  class=\"panel-grid-cell\" ><div id=\"panel-wb76c46eb-14-0-0\" class=\"so-panel widget widget_sow-image panel-first-child panel-last-child\" data-index=\"28\" ><div\n\t\t\t\n\t\t\tclass=\"so-widget-sow-image so-widget-sow-image-default-8b5b6f678277-2493\"\n\t\t\t\n\t\t>\n\n<div class=\"sow-image-container\">\n\t\t\t<a href=\"https:\/\/www.festiclown.org\/wp-content\/uploads\/2022\/08\/CiaVaya-web.jpg\"\n\t\t\tdata-lightbox=\"1371188123610a5dff9c4f9760009594\" data-lightbox-options=\"{&quot;alwaysShowNavOnTouchDevices&quot;:false,&quot;disabledOnTablet&quot;:false,&quot;disabledOnMobile&quot;:false,&quot;disableScrolling&quot;:false,&quot;overlayColor&quot;:&quot;#000&quot;,&quot;overlayOpacity&quot;:0.8,&quot;fadeDuration&quot;:600,&quot;fitImagesInViewport&quot;:true,&quot;imageFadeDuration&quot;:600,&quot;maxHeight&quot;:&quot;&quot;,&quot;maxWidth&quot;:&quot;&quot;,&quot;positionFromTop&quot;:50,&quot;resizeDuration&quot;:700,&quot;showImageNumberLabel&quot;:true,&quot;disableCaption&quot;:&quot;&quot;,&quot;wrapAround&quot;:true,&quot;albumLabel&quot;:&quot; %1 of %2&quot;}\" data-title=\"C\u00eda Vaya\" \t\t>\n\t\t\t<img loading=\"lazy\" decoding=\"async\" src=\"https:\/\/www.festiclown.org\/wp-content\/uploads\/2022\/08\/CiaVaya-web.jpg\" width=\"750\" height=\"500\" srcset=\"https:\/\/www.festiclown.org\/wp-content\/uploads\/2022\/08\/CiaVaya-web.jpg 750w, https:\/\/www.festiclown.org\/wp-content\/uploads\/2022\/08\/CiaVaya-web-272x182.jpg 272w\" sizes=\"(max-width: 750px) 100vw, 750px\" title=\"C\u00eda Vaya\" alt=\"C\u00eda Vaya\" \t\tclass=\"so-widget-image\"\/>\n\t<\/a><\/div>\n\n<\/div><\/div><\/div><div id=\"pgc-wb76c46eb-14-1\"  class=\"panel-grid-cell\" ><div id=\"panel-wb76c46eb-14-1-0\" class=\"so-panel widget widget_sow-editor panel-first-child panel-last-child\" data-index=\"29\" ><div\n\t\t\t\n\t\t\tclass=\"so-widget-sow-editor so-widget-sow-editor-base\"\n\t\t\t\n\t\t><h2 class=\"widget-title\">C\u00eda Vaya<\/h2>\n<div class=\"siteorigin-widget-tinymce textwidget\">\n\t<h4>Vertical Boom<\/h4>\n<div class=\"page\" title=\"Page 17\">\n<div class=\"layoutArea\">\n<div class=\"column\">\n<div class=\"page\" title=\"Page 21\">\n<div class=\"layoutArea\">\n<div class=\"column\">\n<div class=\"page\" title=\"Page 22\">\n<div class=\"layoutArea\">\n<div class=\"column\">\n<p class=\"p1\">La compa\u00f1\u00eda internacional C\u00eda Vaya interpreta el reencuentro de una familia de payasos, la familia <em>BOOM<\/em>, a trav\u00e9s del humor y el mejor circo. Un espect\u00e1culo vertical donde la amistad, la confianza y la locura son los pilares para ejecutar las acrobacias grupales m\u00e1s delirantes.<\/p>\n<\/div>\n<\/div>\n<\/div>\n<\/div>\n<\/div>\n<\/div>\n<\/div>\n<\/div>\n<\/div>\n<\/div>\n<\/div><\/div><\/div><\/div><\/div><div id=\"pg-wb76c46eb-15\"  class=\"panel-grid panel-has-style\" ><div class=\"programma-artist panel-row-style panel-row-style-for-wb76c46eb-15\" ><div id=\"pgc-wb76c46eb-15-0\"  class=\"panel-grid-cell\" ><div id=\"panel-wb76c46eb-15-0-0\" class=\"so-panel widget widget_sow-image panel-first-child panel-last-child\" data-index=\"30\" ><div\n\t\t\t\n\t\t\tclass=\"so-widget-sow-image so-widget-sow-image-default-8b5b6f678277-2493\"\n\t\t\t\n\t\t>\n\n<div class=\"sow-image-container\">\n\t\t\t<a href=\"https:\/\/www.festiclown.org\/wp-content\/uploads\/2022\/08\/JavierAriza_web.jpg\"\n\t\t\tdata-lightbox=\"363778941610a5e669eaeb455492808\" data-lightbox-options=\"{&quot;alwaysShowNavOnTouchDevices&quot;:false,&quot;disabledOnTablet&quot;:false,&quot;disabledOnMobile&quot;:false,&quot;disableScrolling&quot;:false,&quot;overlayColor&quot;:&quot;#000&quot;,&quot;overlayOpacity&quot;:0.8,&quot;fadeDuration&quot;:600,&quot;fitImagesInViewport&quot;:true,&quot;imageFadeDuration&quot;:600,&quot;maxHeight&quot;:&quot;&quot;,&quot;maxWidth&quot;:&quot;&quot;,&quot;positionFromTop&quot;:50,&quot;resizeDuration&quot;:700,&quot;showImageNumberLabel&quot;:true,&quot;disableCaption&quot;:&quot;&quot;,&quot;wrapAround&quot;:true,&quot;albumLabel&quot;:&quot; %1 of %2&quot;}\" data-title=\"Javier Ariza\" \t\t>\n\t\t\t<img loading=\"lazy\" decoding=\"async\" src=\"https:\/\/www.festiclown.org\/wp-content\/uploads\/2022\/08\/JavierAriza_web.jpg\" width=\"750\" height=\"500\" srcset=\"https:\/\/www.festiclown.org\/wp-content\/uploads\/2022\/08\/JavierAriza_web.jpg 750w, https:\/\/www.festiclown.org\/wp-content\/uploads\/2022\/08\/JavierAriza_web-272x182.jpg 272w\" sizes=\"(max-width: 750px) 100vw, 750px\" title=\"Javier Ariza\" alt=\"Javier Ariza\" \t\tclass=\"so-widget-image\"\/>\n\t<\/a><\/div>\n\n<\/div><\/div><\/div><div id=\"pgc-wb76c46eb-15-1\"  class=\"panel-grid-cell\" ><div id=\"panel-wb76c46eb-15-1-0\" class=\"so-panel widget widget_sow-editor panel-first-child panel-last-child\" data-index=\"31\" ><div\n\t\t\t\n\t\t\tclass=\"so-widget-sow-editor so-widget-sow-editor-base\"\n\t\t\t\n\t\t><h2 class=\"widget-title\">Javier Ariza<\/h2>\n<div class=\"siteorigin-widget-tinymce textwidget\">\n\t<h4>Carman<\/h4>\n<div class=\"page\" title=\"Page 17\">\n<div class=\"layoutArea\">\n<div class=\"column\">\n<div class=\"page\" title=\"Page 21\">\n<div class=\"layoutArea\">\n<div class=\"column\">\n<div class=\"page\" title=\"Page 23\">\n<div class=\"layoutArea\">\n<div class=\"column\">\n<p class=\"p1\">Un showman y un Seat 600 son los protagonistas de <em>Carman<\/em>. Un divertido espect\u00e1culo para todos los p\u00fablicos en el que un coche ic\u00f3nico cobra vida y termina por moverse sin conductor en una rutina musical y circense que puede llevarles hasta Eurovisi\u00f3n. Javier Ariza convertir\u00e1 el veh\u00edculo casi en una marioneta que recorrer\u00e1 las calles de Vilagarc\u00eda cargado de clown y circo.<\/p>\n<\/div>\n<\/div>\n<\/div>\n<\/div>\n<\/div>\n<\/div>\n<\/div>\n<\/div>\n<\/div>\n<\/div>\n<\/div><\/div><\/div><\/div><\/div><div id=\"pg-wb76c46eb-16\"  class=\"panel-grid panel-has-style\" ><div class=\"programma-artist panel-row-style panel-row-style-for-wb76c46eb-16\" ><div id=\"pgc-wb76c46eb-16-0\"  class=\"panel-grid-cell\" ><div id=\"panel-wb76c46eb-16-0-0\" class=\"so-panel widget widget_sow-image panel-first-child panel-last-child\" data-index=\"32\" ><div\n\t\t\t\n\t\t\tclass=\"so-widget-sow-image so-widget-sow-image-default-8b5b6f678277-2493\"\n\t\t\t\n\t\t>\n\n<div class=\"sow-image-container\">\n\t\t\t<a href=\"https:\/\/www.festiclown.org\/wp-content\/uploads\/2022\/08\/DaniGarcia_web.jpg\"\n\t\t\tdata-lightbox=\"85589957610a5e869f60d965415786\" data-lightbox-options=\"{&quot;alwaysShowNavOnTouchDevices&quot;:false,&quot;disabledOnTablet&quot;:false,&quot;disabledOnMobile&quot;:false,&quot;disableScrolling&quot;:false,&quot;overlayColor&quot;:&quot;#000&quot;,&quot;overlayOpacity&quot;:0.8,&quot;fadeDuration&quot;:600,&quot;fitImagesInViewport&quot;:true,&quot;imageFadeDuration&quot;:600,&quot;maxHeight&quot;:&quot;&quot;,&quot;maxWidth&quot;:&quot;&quot;,&quot;positionFromTop&quot;:50,&quot;resizeDuration&quot;:700,&quot;showImageNumberLabel&quot;:true,&quot;disableCaption&quot;:&quot;&quot;,&quot;wrapAround&quot;:true,&quot;albumLabel&quot;:&quot; %1 of %2&quot;}\" data-title=\"Dani Garc\u00eda\" \t\t>\n\t\t\t<img loading=\"lazy\" decoding=\"async\" src=\"https:\/\/www.festiclown.org\/wp-content\/uploads\/2022\/08\/DaniGarcia_web.jpg\" width=\"750\" height=\"500\" srcset=\"https:\/\/www.festiclown.org\/wp-content\/uploads\/2022\/08\/DaniGarcia_web.jpg 750w, https:\/\/www.festiclown.org\/wp-content\/uploads\/2022\/08\/DaniGarcia_web-272x182.jpg 272w\" sizes=\"(max-width: 750px) 100vw, 750px\" title=\"Dani Garc\u00eda\" alt=\"Dani Garc\u00eda\" \t\tclass=\"so-widget-image\"\/>\n\t<\/a><\/div>\n\n<\/div><\/div><\/div><div id=\"pgc-wb76c46eb-16-1\"  class=\"panel-grid-cell\" ><div id=\"panel-wb76c46eb-16-1-0\" class=\"so-panel widget widget_sow-editor panel-first-child panel-last-child\" data-index=\"33\" ><div\n\t\t\t\n\t\t\tclass=\"so-widget-sow-editor so-widget-sow-editor-base\"\n\t\t\t\n\t\t><h2 class=\"widget-title\">Dani Garc\u00eda<\/h2>\n<div class=\"siteorigin-widget-tinymce textwidget\">\n\t<h4>O museo encantado<\/h4>\n<div class=\"page\" title=\"Page 17\">\n<div class=\"layoutArea\">\n<div class=\"column\">\n<div class=\"page\" title=\"Page 21\">\n<div class=\"layoutArea\">\n<div class=\"column\">\n<div class=\"page\" title=\"Page 24\">\n<div class=\"layoutArea\">\n<div class=\"column\">\n<p class=\"p1\">El mago Dani Garc\u00eda presenta una incre\u00edble instalaci\u00f3n de magia y humor con cabinas tan originales como un confesionario, una cabina de tel\u00e9fonos, un fotomat\u00f3n o una cabina de feria en la que se van sucediendo humor y magia a partes iguales. \u00a1Llega <em>El Museo Encantado<\/em> a Vilagarc\u00eda!<\/p>\n<\/div>\n<\/div>\n<\/div>\n<\/div>\n<\/div>\n<\/div>\n<\/div>\n<\/div>\n<\/div>\n<\/div>\n<\/div><\/div><\/div><\/div><\/div><div id=\"pg-wb76c46eb-17\"  class=\"panel-grid panel-has-style\" ><div class=\"programma-artist panel-row-style panel-row-style-for-wb76c46eb-17\" ><div id=\"pgc-wb76c46eb-17-0\"  class=\"panel-grid-cell\" ><div id=\"panel-wb76c46eb-17-0-0\" class=\"so-panel widget widget_sow-image panel-first-child panel-last-child\" data-index=\"34\" ><div\n\t\t\t\n\t\t\tclass=\"so-widget-sow-image so-widget-sow-image-default-8b5b6f678277-2493\"\n\t\t\t\n\t\t>\n\n<div class=\"sow-image-container\">\n\t\t\t<a href=\"https:\/\/www.festiclown.org\/wp-content\/uploads\/2022\/08\/pallasosgala_web.jpg\"\n\t\t\tdata-lightbox=\"26005751610a5ee78aec6443202964\" data-lightbox-options=\"{&quot;alwaysShowNavOnTouchDevices&quot;:false,&quot;disabledOnTablet&quot;:false,&quot;disabledOnMobile&quot;:false,&quot;disableScrolling&quot;:false,&quot;overlayColor&quot;:&quot;#000&quot;,&quot;overlayOpacity&quot;:0.8,&quot;fadeDuration&quot;:600,&quot;fitImagesInViewport&quot;:true,&quot;imageFadeDuration&quot;:600,&quot;maxHeight&quot;:&quot;&quot;,&quot;maxWidth&quot;:&quot;&quot;,&quot;positionFromTop&quot;:50,&quot;resizeDuration&quot;:700,&quot;showImageNumberLabel&quot;:true,&quot;disableCaption&quot;:&quot;&quot;,&quot;wrapAround&quot;:true,&quot;albumLabel&quot;:&quot; %1 of %2&quot;}\" data-title=\"Pallasos en Rebeld\u00eda\" \t\t>\n\t\t\t<img loading=\"lazy\" decoding=\"async\" src=\"https:\/\/www.festiclown.org\/wp-content\/uploads\/2022\/08\/pallasosgala_web.jpg\" width=\"750\" height=\"500\" srcset=\"https:\/\/www.festiclown.org\/wp-content\/uploads\/2022\/08\/pallasosgala_web.jpg 750w, https:\/\/www.festiclown.org\/wp-content\/uploads\/2022\/08\/pallasosgala_web-272x182.jpg 272w\" sizes=\"(max-width: 750px) 100vw, 750px\" title=\"Pallasos en Rebeld\u00eda\" alt=\"Pallasos en Rebeld\u00eda\" \t\tclass=\"so-widget-image\"\/>\n\t<\/a><\/div>\n\n<\/div><\/div><\/div><div id=\"pgc-wb76c46eb-17-1\"  class=\"panel-grid-cell\" ><div id=\"panel-wb76c46eb-17-1-0\" class=\"so-panel widget widget_sow-editor panel-first-child panel-last-child\" data-index=\"35\" ><div\n\t\t\t\n\t\t\tclass=\"so-widget-sow-editor so-widget-sow-editor-base\"\n\t\t\t\n\t\t><h2 class=\"widget-title\">Pallasos en Rebeld\u00eda<\/h2>\n<div class=\"siteorigin-widget-tinymce textwidget\">\n\t<h4>Gala contra a guerra<\/h4>\n<div class=\"page\" title=\"Page 17\">\n<div class=\"layoutArea\">\n<div class=\"column\">\n<div class=\"page\" title=\"Page 21\">\n<div class=\"layoutArea\">\n<div class=\"column\">\n<div class=\"page\" title=\"Page 25\">\n<div class=\"layoutArea\">\n<div class=\"column\">\n<p class=\"p1\">La Asociaci\u00f3n Cultural y de Cooperaci\u00f3n Internacional Pallasos en Rebeld\u00eda es un espacio art\u00edstico de solidaridad internacional, transformaci\u00f3n pol\u00edtica y fraternidad entre los pueblos que se expresa a trav\u00e9s del clown y las artes circenses. Este a\u00f1o organizan en FESTACLOWN una <em>Gala contra la Guerra<\/em> en la que habr\u00e1 circo, clown, reivindicaciones y sobre todo solidaridad.<\/p>\n<\/div>\n<\/div>\n<\/div>\n<\/div>\n<\/div>\n<\/div>\n<\/div>\n<\/div>\n<\/div>\n<\/div>\n<\/div><\/div><\/div><\/div><\/div><div id=\"pg-wb76c46eb-18\"  class=\"panel-grid panel-has-style\" ><div class=\"programma-artist panel-row-style panel-row-style-for-wb76c46eb-18\" ><div id=\"pgc-wb76c46eb-18-0\"  class=\"panel-grid-cell\" ><div id=\"panel-wb76c46eb-18-0-0\" class=\"so-panel widget widget_sow-image panel-first-child panel-last-child\" data-index=\"36\" ><div\n\t\t\t\n\t\t\tclass=\"so-widget-sow-image so-widget-sow-image-default-8b5b6f678277-2493\"\n\t\t\t\n\t\t>\n\n<div class=\"sow-image-container\">\n\t\t\t<a href=\"https:\/\/www.festiclown.org\/wp-content\/uploads\/2022\/08\/FranReiBarrigaVerde_web-2.jpg\"\n\t\t\tdata-lightbox=\"1128741315610a63e2a1384047887775\" data-lightbox-options=\"{&quot;alwaysShowNavOnTouchDevices&quot;:false,&quot;disabledOnTablet&quot;:false,&quot;disabledOnMobile&quot;:false,&quot;disableScrolling&quot;:false,&quot;overlayColor&quot;:&quot;#000&quot;,&quot;overlayOpacity&quot;:0.8,&quot;fadeDuration&quot;:600,&quot;fitImagesInViewport&quot;:true,&quot;imageFadeDuration&quot;:600,&quot;maxHeight&quot;:&quot;&quot;,&quot;maxWidth&quot;:&quot;&quot;,&quot;positionFromTop&quot;:50,&quot;resizeDuration&quot;:700,&quot;showImageNumberLabel&quot;:true,&quot;disableCaption&quot;:&quot;&quot;,&quot;wrapAround&quot;:true,&quot;albumLabel&quot;:&quot; %1 of %2&quot;}\" data-title=\"Fran Rei\" \t\t>\n\t\t\t<img loading=\"lazy\" decoding=\"async\" src=\"https:\/\/www.festiclown.org\/wp-content\/uploads\/2022\/08\/FranReiBarrigaVerde_web-2.jpg\" width=\"750\" height=\"500\" srcset=\"https:\/\/www.festiclown.org\/wp-content\/uploads\/2022\/08\/FranReiBarrigaVerde_web-2.jpg 750w, https:\/\/www.festiclown.org\/wp-content\/uploads\/2022\/08\/FranReiBarrigaVerde_web-2-272x182.jpg 272w\" sizes=\"(max-width: 750px) 100vw, 750px\" title=\"Fran Rei\" alt=\"Fran Rei\" \t\tclass=\"so-widget-image\"\/>\n\t<\/a><\/div>\n\n<\/div><\/div><\/div><div id=\"pgc-wb76c46eb-18-1\"  class=\"panel-grid-cell\" ><div id=\"panel-wb76c46eb-18-1-0\" class=\"so-panel widget widget_sow-editor panel-first-child panel-last-child\" data-index=\"37\" ><div\n\t\t\t\n\t\t\tclass=\"so-widget-sow-editor so-widget-sow-editor-base\"\n\t\t\t\n\t\t><h2 class=\"widget-title\">Fran Rei<\/h2>\n<div class=\"siteorigin-widget-tinymce textwidget\">\n\t<h4>O conto de Barriga Verde<\/h4>\n<div class=\"page\" title=\"Page 17\">\n<div class=\"layoutArea\">\n<div class=\"column\">\n<div class=\"page\" title=\"Page 21\">\n<div class=\"layoutArea\">\n<div class=\"column\">\n<div class=\"page\" title=\"Page 30\">\n<div class=\"layoutArea\">\n<div class=\"column\">\n<div class=\"page\" title=\"Page 32\">\n<div class=\"layoutArea\">\n<div class=\"column\">\n<div class=\"textboxes\">\n<div class=\"col_b\">\n<div class=\"textbox\">\n<div id=\"contenedor\" class=\"textarea unknown\">Fran Rei mezcla narraci\u00f3n oral, humor y magia en <em>El cuento de Barriga Verde<\/em>. Escrito por Avelino Gonz\u00e1lez a partir de tres obras de Manuel Mar\u00eda (Barriga Verde, Os so\u00f1os na gaiola y Aventuras e desventuras dunha espi\u00f1a de toxo chamada Berenguela), este espect\u00e1culo es un acercamiento a la poes\u00eda, prosa y teatro del autor lucense.<\/div>\n<\/div>\n<\/div>\n<\/div>\n<\/div>\n<\/div>\n<\/div>\n<\/div>\n<\/div>\n<\/div>\n<\/div>\n<\/div>\n<\/div>\n<\/div>\n<\/div>\n<\/div>\n<\/div>\n<\/div><\/div><\/div><\/div><\/div><\/div>\t\t\t<\/div>\n\t\t<\/div>\n\t\t\t<div class=\"sow-tabs-panel\">\n\t\t\t<div\n\t\t\t\tclass=\"sow-tabs-panel-content\"\n\t\t\t\trole=\"tabpanel\"\n\t\t\t\taria-hidden=\"true\"\n\t\t\t>\n\t\t\t\t<div id=\"pl-w78875c7f\"  class=\"panel-layout\" ><div id=\"pg-w78875c7f-0\"  class=\"panel-grid panel-has-style\" ><div class=\"programma-media panel-row-style panel-row-style-for-w78875c7f-0\" ><div id=\"pgc-w78875c7f-0-0\"  class=\"panel-grid-cell\" ><div id=\"panel-w78875c7f-0-0-0\" class=\"so-panel widget widget_sow-video panel-first-child\" data-index=\"0\" ><div\n\t\t\t\n\t\t\tclass=\"so-widget-sow-video so-widget-sow-video-default-f379b959fc93-2493\"\n\t\t\t\n\t\t><h2 class=\"widget-title\">Resumen del Festaclown 2022!<\/h2>\n<div class=\"sow-video-wrapper no-controls\">\n\t\t\t<iframe loading=\"lazy\" title=\"Resumo do Festaclown 2022 Vilagarc\u00eda\" width=\"720\" height=\"405\" src=\"https:\/\/www.youtube.com\/embed\/3FTnFzTTZ0Y?feature=oembed&enablejsapi=1\" frameborder=\"0\" allow=\"accelerometer; autoplay; clipboard-write; encrypted-media; gyroscope; picture-in-picture; web-share\" referrerpolicy=\"strict-origin-when-cross-origin\" allowfullscreen><\/iframe>\t<\/div>\n<\/div><\/div><div id=\"panel-w78875c7f-0-0-1\" class=\"so-panel widget widget_sow-video\" data-index=\"1\" ><div\n\t\t\t\n\t\t\tclass=\"so-widget-sow-video so-widget-sow-video-default-f379b959fc93-2493\"\n\t\t\t\n\t\t><h2 class=\"widget-title\">Ha terminado el Festaclown 2021!<\/h2>\n<div class=\"sow-video-wrapper no-controls\">\n\t\t\t<iframe loading=\"lazy\" title=\"Resumo do Festaclown 2021 en Vilagarc\u00eda de Arousa\" width=\"720\" height=\"405\" src=\"https:\/\/www.youtube.com\/embed\/uBUKRlBUp4Q?feature=oembed&enablejsapi=1\" frameborder=\"0\" allow=\"accelerometer; autoplay; clipboard-write; encrypted-media; gyroscope; picture-in-picture; web-share\" referrerpolicy=\"strict-origin-when-cross-origin\" allowfullscreen><\/iframe>\t<\/div>\n<\/div><\/div><div id=\"panel-w78875c7f-0-0-2\" class=\"so-panel widget widget_sow-video\" data-index=\"2\" ><div\n\t\t\t\n\t\t\tclass=\"so-widget-sow-video so-widget-sow-video-default-f379b959fc93-2493\"\n\t\t\t\n\t\t><h2 class=\"widget-title\">Hahaha terminado el Festaclown 2020!<\/h2>\n<div class=\"sow-video-wrapper no-controls\">\n\t\t\t<iframe loading=\"lazy\" title=\"Rematou o Festaclown 2020 !\" width=\"720\" height=\"405\" src=\"https:\/\/www.youtube.com\/embed\/kU9TOTkWvC0?feature=oembed&enablejsapi=1\" frameborder=\"0\" allow=\"accelerometer; autoplay; clipboard-write; encrypted-media; gyroscope; picture-in-picture; web-share\" referrerpolicy=\"strict-origin-when-cross-origin\" allowfullscreen><\/iframe>\t<\/div>\n<\/div><\/div><div id=\"panel-w78875c7f-0-0-3\" class=\"so-panel widget widget_sow-video\" data-index=\"3\" ><div\n\t\t\t\n\t\t\tclass=\"so-widget-sow-video so-widget-sow-video-default-f379b959fc93-2493\"\n\t\t\t\n\t\t><h2 class=\"widget-title\">Empieza el Festaclown 2020<\/h2>\n<div class=\"sow-video-wrapper no-controls\">\n\t\t\t<iframe loading=\"lazy\" title=\"Comezou o Festaclown 2020 !\" width=\"720\" height=\"405\" src=\"https:\/\/www.youtube.com\/embed\/rRJ-nL90DyA?feature=oembed&enablejsapi=1\" frameborder=\"0\" allow=\"accelerometer; autoplay; clipboard-write; encrypted-media; gyroscope; picture-in-picture; web-share\" referrerpolicy=\"strict-origin-when-cross-origin\" allowfullscreen><\/iframe>\t<\/div>\n<\/div><\/div><div id=\"panel-w78875c7f-0-0-4\" class=\"so-panel widget widget_sow-video panel-last-child\" data-index=\"4\" ><div\n\t\t\t\n\t\t\tclass=\"so-widget-sow-video so-widget-sow-video-default-f379b959fc93-2493\"\n\t\t\t\n\t\t><h2 class=\"widget-title\">Festiclown 2019, lunes 19 de agosto<\/h2>\n<div class=\"sow-video-wrapper no-controls\">\n\t\t\t<iframe loading=\"lazy\" title=\"Festaclown 2019, luns 19 de agosto\" width=\"720\" height=\"405\" src=\"https:\/\/www.youtube.com\/embed\/FCHLpq06aEE?feature=oembed&enablejsapi=1\" frameborder=\"0\" allow=\"accelerometer; autoplay; clipboard-write; encrypted-media; gyroscope; picture-in-picture; web-share\" referrerpolicy=\"strict-origin-when-cross-origin\" allowfullscreen><\/iframe>\t<\/div>\n<\/div><\/div><\/div><div id=\"pgc-w78875c7f-0-1\"  class=\"panel-grid-cell\" ><div id=\"panel-w78875c7f-0-1-0\" class=\"so-panel widget widget_sow-video panel-first-child\" data-index=\"5\" ><div\n\t\t\t\n\t\t\tclass=\"so-widget-sow-video so-widget-sow-video-default-f379b959fc93-2493\"\n\t\t\t\n\t\t><h2 class=\"widget-title\">Sigue el Festaclown 2020!<\/h2>\n<div class=\"sow-video-wrapper no-controls\">\n\t\t\t<iframe loading=\"lazy\" title=\"Segue o Festaclown 2020!\" width=\"720\" height=\"405\" src=\"https:\/\/www.youtube.com\/embed\/zgyVwrL1vUE?feature=oembed&enablejsapi=1\" frameborder=\"0\" allow=\"accelerometer; autoplay; clipboard-write; encrypted-media; gyroscope; picture-in-picture; web-share\" referrerpolicy=\"strict-origin-when-cross-origin\" allowfullscreen><\/iframe>\t<\/div>\n<\/div><\/div><div id=\"panel-w78875c7f-0-1-1\" class=\"so-panel widget widget_sow-video\" data-index=\"6\" ><div\n\t\t\t\n\t\t\tclass=\"so-widget-sow-video so-widget-sow-video-default-f379b959fc93-2493\"\n\t\t\t\n\t\t><h2 class=\"widget-title\">Festiclown 2020. Promo<\/h2>\n<div class=\"sow-video-wrapper no-controls\">\n\t\t\t<iframe loading=\"lazy\" title=\"Festaclown Vilagarc\u00eda 2020\" width=\"720\" height=\"405\" src=\"https:\/\/www.youtube.com\/embed\/LKK8JBQ95kw?feature=oembed&enablejsapi=1\" frameborder=\"0\" allow=\"accelerometer; autoplay; clipboard-write; encrypted-media; gyroscope; picture-in-picture; web-share\" referrerpolicy=\"strict-origin-when-cross-origin\" allowfullscreen><\/iframe>\t<\/div>\n<\/div><\/div><div id=\"panel-w78875c7f-0-1-2\" class=\"so-panel widget widget_sow-video\" data-index=\"7\" ><div\n\t\t\t\n\t\t\tclass=\"so-widget-sow-video so-widget-sow-video-default-f379b959fc93-2493\"\n\t\t\t\n\t\t><h2 class=\"widget-title\">Festiclown 2019, domingo 18 de agosto<\/h2>\n<div class=\"sow-video-wrapper no-controls\">\n\t\t\t<iframe loading=\"lazy\" title=\"Festaclown 2019, domingo 18 de agosto\" width=\"720\" height=\"405\" src=\"https:\/\/www.youtube.com\/embed\/HeGQ-24gH0Y?feature=oembed&enablejsapi=1\" frameborder=\"0\" allow=\"accelerometer; autoplay; clipboard-write; encrypted-media; gyroscope; picture-in-picture; web-share\" referrerpolicy=\"strict-origin-when-cross-origin\" allowfullscreen><\/iframe>\t<\/div>\n<\/div><\/div><div id=\"panel-w78875c7f-0-1-3\" class=\"so-panel widget widget_sow-video panel-last-child\" data-index=\"8\" ><div\n\t\t\t\n\t\t\tclass=\"so-widget-sow-video so-widget-sow-video-default-f379b959fc93-2493\"\n\t\t\t\n\t\t><h2 class=\"widget-title\">Festiclown 2019, S\u00e1bado 17 de agosto<\/h2>\n<div class=\"sow-video-wrapper no-controls\">\n\t\t\t<iframe loading=\"lazy\" title=\"FESTACLOWN 2019 - S\u00e1bado, 17 de agosto\" width=\"720\" height=\"405\" src=\"https:\/\/www.youtube.com\/embed\/muS8-pUTiww?feature=oembed&enablejsapi=1\" frameborder=\"0\" allow=\"accelerometer; autoplay; clipboard-write; encrypted-media; gyroscope; picture-in-picture; web-share\" referrerpolicy=\"strict-origin-when-cross-origin\" allowfullscreen><\/iframe>\t<\/div>\n<\/div><\/div><\/div><\/div><\/div><\/div>\t\t\t<\/div>\n\t\t<\/div>\n\t\t<\/div>\n<\/div>\n<\/div><\/div><\/div><\/div><\/div><\/div><div id=\"pg-2493-2\"  class=\"panel-grid panel-has-style\" ><div class=\"rr-ss panel-row-style panel-row-style-for-2493-2\" ><div id=\"pgc-2493-2-0\"  class=\"panel-grid-cell\" ><div id=\"panel-2493-2-0-0\" class=\"so-panel widget widget_sow-editor panel-first-child\" data-index=\"2\" ><div\n\t\t\t\n\t\t\tclass=\"so-widget-sow-editor so-widget-sow-editor-base\"\n\t\t\t\n\t\t>\n<div class=\"siteorigin-widget-tinymce textwidget\">\n\t<h3 style=\"text-align: center;margin-top:0;\">Colaboran:<\/h3>\n<\/div>\n<\/div><\/div><div id=\"panel-2493-2-0-1\" class=\"so-panel widget widget_sow-image-grid\" data-index=\"3\" ><div\n\t\t\t\n\t\t\tclass=\"so-widget-sow-image-grid so-widget-sow-image-grid-default-af21f64d4a1b-2493\"\n\t\t\t\n\t\t>\t<div class=\"sow-image-grid-wrapper\"\n\t\t\t\tdata-max-height=\"45\">\n\t\t\t\t\t<div class=\"sow-image-grid-image img-id-969\">\n\t\t\t\t\t\t\t\t<img loading=\"lazy\" decoding=\"async\" width=\"206\" height=\"70\" src=\"https:\/\/www.festiclown.org\/wp-content\/uploads\/2018\/07\/logo_concello_vilagarcia.png\" class=\"sow-image-grid-image_html\" alt=\"\" title=\"Concello de Vilagarc\u00eda de Arousa\" \/>\t\t\t\t\t\t\t<\/div>\n\t\t\t\t\t<div class=\"sow-image-grid-image img-id-961\">\n\t\t\t\t\t\t\t\t<img loading=\"lazy\" decoding=\"async\" width=\"180\" height=\"80\" src=\"https:\/\/www.festiclown.org\/wp-content\/uploads\/2018\/07\/logo_obra_social.png\" class=\"sow-image-grid-image_html\" alt=\"\" title=\"Obra Social &quot;La Caixa&quot;\" \/>\t\t\t\t\t\t\t<\/div>\n\t\t\t\t\t<div class=\"sow-image-grid-image img-id-959\">\n\t\t\t\t\t\t\t\t<img loading=\"lazy\" decoding=\"async\" width=\"537\" height=\"80\" src=\"https:\/\/www.festiclown.org\/wp-content\/uploads\/2018\/07\/logo_inaem.png\" class=\"sow-image-grid-image_html\" alt=\"\" title=\"INAEM\" \/>\t\t\t\t\t\t\t<\/div>\n\t\t\t\t\t<div class=\"sow-image-grid-image img-id-963\">\n\t\t\t\t\t\t\t\t<img loading=\"lazy\" decoding=\"async\" width=\"247\" height=\"80\" src=\"https:\/\/www.festiclown.org\/wp-content\/uploads\/2018\/07\/logo_agadic.png\" class=\"sow-image-grid-image_html\" alt=\"\" title=\"AGADIC\" \/>\t\t\t\t\t\t\t<\/div>\n\t\t\t\t\t<div class=\"sow-image-grid-image img-id-957\">\n\t\t\t\t\t\t\t\t<img loading=\"lazy\" decoding=\"async\" width=\"485\" height=\"150\" src=\"https:\/\/www.festiclown.org\/wp-content\/uploads\/2018\/07\/logo_xunta_cor.png\" class=\"sow-image-grid-image_html\" alt=\"\" title=\"Xunta de Galicia\" \/>\t\t\t\t\t\t\t<\/div>\n\t\t\t<\/div>\n<\/div><\/div><div id=\"panel-2493-2-0-2\" class=\"so-panel widget widget_sow-editor\" data-index=\"4\" ><div\n\t\t\t\n\t\t\tclass=\"so-widget-sow-editor so-widget-sow-editor-base\"\n\t\t\t\n\t\t><h2 class=\"widget-title\">Festiclown en las redes<\/h2>\n<div class=\"siteorigin-widget-tinymce textwidget\">\n\t<\/div>\n<\/div><\/div><div id=\"panel-2493-2-0-3\" class=\"so-panel widget widget_siteorigin-panels-builder panel-last-child\" data-index=\"5\" ><div id=\"pl-w5b598dbf37201\"  class=\"panel-layout\" ><div id=\"pg-w5b598dbf37201-0\"  class=\"panel-grid panel-no-style\" ><div id=\"pgc-w5b598dbf37201-0-0\"  class=\"panel-grid-cell\" ><div id=\"panel-w5b598dbf37201-0-0-0\" class=\"widget_text so-panel widget widget_custom_html panel-first-child panel-last-child\" data-index=\"0\" ><div class=\"textwidget custom-html-widget\"><iframe loading=\"lazy\" src=\"https:\/\/www.facebook.com\/plugins\/page.php?href=https%3A%2F%2Fwww.facebook.com%2FFesticlown-1683525588531914%2F&tabs=timeline&width=340&height=550&small_header=true&adapt_container_width=true&hide_cover=false&show_facepile=false&appId\" width=\"340\" height=\"550\" style=\"border:none;overflow:hidden\" scrolling=\"no\" frameborder=\"0\" allow=\"encrypted-media\"><\/iframe><\/div><\/div><\/div><div id=\"pgc-w5b598dbf37201-0-1\"  class=\"panel-grid-cell\" ><div id=\"panel-w5b598dbf37201-0-1-0\" class=\"widget_text so-panel widget widget_custom_html panel-first-child panel-last-child\" data-index=\"1\" ><div class=\"textwidget custom-html-widget\"><a class=\"twitter-timeline\" data-height=\"550\" data-dnt=\"true\" data-link-color=\"#b23\" href=\"https:\/\/twitter.com\/festiclown?ref_src=twsrc%5Etfw\">Tweets by festiclown<\/a> <script async src=\"https:\/\/platform.twitter.com\/widgets.js\" charset=\"utf-8\"><\/script> <\/div><\/div><\/div><div id=\"pgc-w5b598dbf37201-0-2\"  class=\"panel-grid-cell\" ><div id=\"panel-w5b598dbf37201-0-2-0\" class=\"so-panel widget widget_sow-editor panel-first-child panel-last-child\" data-index=\"2\" ><div\n\t\t\t\n\t\t\tclass=\"so-widget-sow-editor so-widget-sow-editor-base\"\n\t\t\t\n\t\t>\n<div class=\"siteorigin-widget-tinymce textwidget\">\n\t\n<div id=\"sb_instagram\"  class=\"sbi sbi_mob_col_1 sbi_tab_col_2 sbi_col_2 sbi_width_resp sbi_fixed_height\" style=\"padding-bottom: 10px;background-color: rgb(255,255,255);width: 100%;height: 550px;\" data-feedid=\"sbi_17841408289074962#12\"  data-res=\"auto\" data-cols=\"2\" data-colsmobile=\"1\" data-colstablet=\"2\" data-num=\"12\" data-nummobile=\"\" data-item-padding=\"5\" data-shortcode-atts=\"{}\"  data-postid=\"2493\" data-locatornonce=\"5444f442a3\" data-sbi-flags=\"favorLocal\">\n\t<div class=\"sb_instagram_header  sbi_no_avatar\"   >\n\t<a class=\"sbi_header_link\" target=\"_blank\" rel=\"nofollow noopener\" href=\"https:\/\/www.instagram.com\/festiclown\/\" title=\"@festiclown\">\n\t\t<div class=\"sbi_header_text sbi_no_bio\">\n\t\t\t<div class=\"sbi_header_img\">\n\t\t\t\t\t\t\t\t\t\t\t\t\t<div class=\"sbi_header_hashtag_icon\"  ><svg class=\"sbi_new_logo fa-instagram fa-w-14\" aria-hidden=\"true\" data-fa-processed=\"\" aria-label=\"Instagram\" data-prefix=\"fab\" data-icon=\"instagram\" role=\"img\" viewBox=\"0 0 448 512\">\n\t                <path fill=\"currentColor\" d=\"M224.1 141c-63.6 0-114.9 51.3-114.9 114.9s51.3 114.9 114.9 114.9S339 319.5 339 255.9 287.7 141 224.1 141zm0 189.6c-41.1 0-74.7-33.5-74.7-74.7s33.5-74.7 74.7-74.7 74.7 33.5 74.7 74.7-33.6 74.7-74.7 74.7zm146.4-194.3c0 14.9-12 26.8-26.8 26.8-14.9 0-26.8-12-26.8-26.8s12-26.8 26.8-26.8 26.8 12 26.8 26.8zm76.1 27.2c-1.7-35.9-9.9-67.7-36.2-93.9-26.2-26.2-58-34.4-93.9-36.2-37-2.1-147.9-2.1-184.9 0-35.8 1.7-67.6 9.9-93.9 36.1s-34.4 58-36.2 93.9c-2.1 37-2.1 147.9 0 184.9 1.7 35.9 9.9 67.7 36.2 93.9s58 34.4 93.9 36.2c37 2.1 147.9 2.1 184.9 0 35.9-1.7 67.7-9.9 93.9-36.2 26.2-26.2 34.4-58 36.2-93.9 2.1-37 2.1-147.8 0-184.8zM398.8 388c-7.8 19.6-22.9 34.7-42.6 42.6-29.5 11.7-99.5 9-132.1 9s-102.7 2.6-132.1-9c-19.6-7.8-34.7-22.9-42.6-42.6-11.7-29.5-9-99.5-9-132.1s-2.6-102.7 9-132.1c7.8-19.6 22.9-34.7 42.6-42.6 29.5-11.7 99.5-9 132.1-9s102.7-2.6 132.1 9c19.6 7.8 34.7 22.9 42.6 42.6 11.7 29.5 9 99.5 9 132.1s2.7 102.7-9 132.1z\"><\/path>\n\t            <\/svg><\/div>\n\t\t\t\t\t\t\t<\/div>\n\n\t\t\t<div class=\"sbi_feedtheme_header_text\">\n\t\t\t\t<h3>festiclown<\/h3>\n\t\t\t\t\t\t\t<\/div>\n\t\t<\/div>\n\t<\/a>\n<\/div>\n\n    <div id=\"sbi_images\"  style=\"gap: 10px;\">\n\t\t<div class=\"sbi_item sbi_type_image sbi_new sbi_transition\" id=\"sbi_18075478663509349\" data-date=\"1729244865\">\n    <div class=\"sbi_photo_wrap\">\n        <a class=\"sbi_photo\" href=\"https:\/\/www.instagram.com\/p\/DBQtEWhxsj1\/\" target=\"_blank\" rel=\"noopener nofollow\" data-full-res=\"https:\/\/scontent.cdninstagram.com\/v\/t39.30808-6\/463062509_562876522937577_1093396619899326944_n.jpg?_nc_cat=104&#038;ccb=1-7&#038;_nc_sid=18de74&#038;_nc_ohc=XeSKH8mqLLIQ7kNvgEdyKZG&#038;_nc_zt=23&#038;_nc_ht=scontent.cdninstagram.com&#038;edm=ANo9K5cEAAAA&#038;_nc_gid=A1X_t_VFouC_23eSxx0H1bC&#038;oh=00_AYAs2F9BlbAcjZ2VjnwshCetSYPlFz76Tpa7e9IqZnC02w&#038;oe=6756139F\" data-img-src-set=\"{&quot;d&quot;:&quot;https:\\\/\\\/scontent.cdninstagram.com\\\/v\\\/t39.30808-6\\\/463062509_562876522937577_1093396619899326944_n.jpg?_nc_cat=104&amp;ccb=1-7&amp;_nc_sid=18de74&amp;_nc_ohc=XeSKH8mqLLIQ7kNvgEdyKZG&amp;_nc_zt=23&amp;_nc_ht=scontent.cdninstagram.com&amp;edm=ANo9K5cEAAAA&amp;_nc_gid=A1X_t_VFouC_23eSxx0H1bC&amp;oh=00_AYAs2F9BlbAcjZ2VjnwshCetSYPlFz76Tpa7e9IqZnC02w&amp;oe=6756139F&quot;,&quot;150&quot;:&quot;https:\\\/\\\/scontent.cdninstagram.com\\\/v\\\/t39.30808-6\\\/463062509_562876522937577_1093396619899326944_n.jpg?_nc_cat=104&amp;ccb=1-7&amp;_nc_sid=18de74&amp;_nc_ohc=XeSKH8mqLLIQ7kNvgEdyKZG&amp;_nc_zt=23&amp;_nc_ht=scontent.cdninstagram.com&amp;edm=ANo9K5cEAAAA&amp;_nc_gid=A1X_t_VFouC_23eSxx0H1bC&amp;oh=00_AYAs2F9BlbAcjZ2VjnwshCetSYPlFz76Tpa7e9IqZnC02w&amp;oe=6756139F&quot;,&quot;320&quot;:&quot;https:\\\/\\\/scontent.cdninstagram.com\\\/v\\\/t39.30808-6\\\/463062509_562876522937577_1093396619899326944_n.jpg?_nc_cat=104&amp;ccb=1-7&amp;_nc_sid=18de74&amp;_nc_ohc=XeSKH8mqLLIQ7kNvgEdyKZG&amp;_nc_zt=23&amp;_nc_ht=scontent.cdninstagram.com&amp;edm=ANo9K5cEAAAA&amp;_nc_gid=A1X_t_VFouC_23eSxx0H1bC&amp;oh=00_AYAs2F9BlbAcjZ2VjnwshCetSYPlFz76Tpa7e9IqZnC02w&amp;oe=6756139F&quot;,&quot;640&quot;:&quot;https:\\\/\\\/scontent.cdninstagram.com\\\/v\\\/t39.30808-6\\\/463062509_562876522937577_1093396619899326944_n.jpg?_nc_cat=104&amp;ccb=1-7&amp;_nc_sid=18de74&amp;_nc_ohc=XeSKH8mqLLIQ7kNvgEdyKZG&amp;_nc_zt=23&amp;_nc_ht=scontent.cdninstagram.com&amp;edm=ANo9K5cEAAAA&amp;_nc_gid=A1X_t_VFouC_23eSxx0H1bC&amp;oh=00_AYAs2F9BlbAcjZ2VjnwshCetSYPlFz76Tpa7e9IqZnC02w&amp;oe=6756139F&quot;}\">\n            <span class=\"sbi-screenreader\">Via Morta est\u00e1 de xira este outono, e a pr\u00f3xima <\/span>\n            \t                    <img decoding=\"async\" src=\"https:\/\/www.festiclown.org\/wp-content\/plugins\/instagram-feed\/img\/placeholder.png\" alt=\"Via Morta est\u00e1 de xira este outono, e a pr\u00f3xima semana fai parada en Vilagarc\u00eda. \n\n\ud83c\udfad M\u00e1is que un espect\u00e1culo teatral \u00e9 unha experiencia a trav\u00e9s do teatro. O espazo conv\u00edrtese nun campo de refuxiados, e o p\u00fablico ach\u00e9gase as\u00ed \u00e1 dura realidade que viven mill\u00f3ns de persoas que chegan a Europa na procura dunha vida mellor. \n\nBaseada na experiencia de @pallasosenrebeldia no terreo, \u00e9 un espect\u00e1culo que non se pode perder! \ud83e\udd21\n\n\ud83d\udcc5 Venres, 25 de outubro\n\ud83d\udd64 21.30h\n\ud83d\udccdPeixer\u00eda Vella, Vilagarc\u00eda de Arousa\n\n@vilagarciaviva @culturactiva_coop @fondogalego\">\n        <\/a>\n    <\/div>\n<\/div><div class=\"sbi_item sbi_type_video sbi_new sbi_transition\" id=\"sbi_18037232441470399\" data-date=\"1728917506\">\n    <div class=\"sbi_photo_wrap\">\n        <a class=\"sbi_photo\" href=\"https:\/\/www.instagram.com\/reel\/DBG8L_IMTBz\/\" target=\"_blank\" rel=\"noopener nofollow\" data-full-res=\"https:\/\/scontent.cdninstagram.com\/v\/t51.29350-15\/463100428_1569291880682505_6223465078388221723_n.jpg?_nc_cat=104&#038;ccb=1-7&#038;_nc_sid=18de74&#038;_nc_ohc=FWCF5eZLGZEQ7kNvgGZybzL&#038;_nc_zt=23&#038;_nc_ht=scontent.cdninstagram.com&#038;edm=ANo9K5cEAAAA&#038;_nc_gid=A1X_t_VFouC_23eSxx0H1bC&#038;oh=00_AYDWYCkf7M4SAZX4GQIVZF7RHDxc_cJRQqjWVWzj8HOF3Q&#038;oe=6755F918\" data-img-src-set=\"{&quot;d&quot;:&quot;https:\\\/\\\/scontent.cdninstagram.com\\\/v\\\/t51.29350-15\\\/463100428_1569291880682505_6223465078388221723_n.jpg?_nc_cat=104&amp;ccb=1-7&amp;_nc_sid=18de74&amp;_nc_ohc=FWCF5eZLGZEQ7kNvgGZybzL&amp;_nc_zt=23&amp;_nc_ht=scontent.cdninstagram.com&amp;edm=ANo9K5cEAAAA&amp;_nc_gid=A1X_t_VFouC_23eSxx0H1bC&amp;oh=00_AYDWYCkf7M4SAZX4GQIVZF7RHDxc_cJRQqjWVWzj8HOF3Q&amp;oe=6755F918&quot;,&quot;150&quot;:&quot;https:\\\/\\\/scontent.cdninstagram.com\\\/v\\\/t51.29350-15\\\/463100428_1569291880682505_6223465078388221723_n.jpg?_nc_cat=104&amp;ccb=1-7&amp;_nc_sid=18de74&amp;_nc_ohc=FWCF5eZLGZEQ7kNvgGZybzL&amp;_nc_zt=23&amp;_nc_ht=scontent.cdninstagram.com&amp;edm=ANo9K5cEAAAA&amp;_nc_gid=A1X_t_VFouC_23eSxx0H1bC&amp;oh=00_AYDWYCkf7M4SAZX4GQIVZF7RHDxc_cJRQqjWVWzj8HOF3Q&amp;oe=6755F918&quot;,&quot;320&quot;:&quot;https:\\\/\\\/scontent.cdninstagram.com\\\/v\\\/t51.29350-15\\\/463100428_1569291880682505_6223465078388221723_n.jpg?_nc_cat=104&amp;ccb=1-7&amp;_nc_sid=18de74&amp;_nc_ohc=FWCF5eZLGZEQ7kNvgGZybzL&amp;_nc_zt=23&amp;_nc_ht=scontent.cdninstagram.com&amp;edm=ANo9K5cEAAAA&amp;_nc_gid=A1X_t_VFouC_23eSxx0H1bC&amp;oh=00_AYDWYCkf7M4SAZX4GQIVZF7RHDxc_cJRQqjWVWzj8HOF3Q&amp;oe=6755F918&quot;,&quot;640&quot;:&quot;https:\\\/\\\/scontent.cdninstagram.com\\\/v\\\/t51.29350-15\\\/463100428_1569291880682505_6223465078388221723_n.jpg?_nc_cat=104&amp;ccb=1-7&amp;_nc_sid=18de74&amp;_nc_ohc=FWCF5eZLGZEQ7kNvgGZybzL&amp;_nc_zt=23&amp;_nc_ht=scontent.cdninstagram.com&amp;edm=ANo9K5cEAAAA&amp;_nc_gid=A1X_t_VFouC_23eSxx0H1bC&amp;oh=00_AYDWYCkf7M4SAZX4GQIVZF7RHDxc_cJRQqjWVWzj8HOF3Q&amp;oe=6755F918&quot;}\">\n            <span class=\"sbi-screenreader\">MAGICLOWN 2024| \ud83c\udfa5 Aqu\u00ed est\u00e0 el resum del Magi<\/span>\n            \t        <svg style=\"color: rgba(255,255,255,1)\" class=\"svg-inline--fa fa-play fa-w-14 sbi_playbtn\" aria-label=\"Play\" aria-hidden=\"true\" data-fa-processed=\"\" data-prefix=\"fa\" data-icon=\"play\" role=\"presentation\" xmlns=\"http:\/\/www.w3.org\/2000\/svg\" viewBox=\"0 0 448 512\"><path fill=\"currentColor\" d=\"M424.4 214.7L72.4 6.6C43.8-10.3 0 6.1 0 47.9V464c0 37.5 40.7 60.1 72.4 41.3l352-208c31.4-18.5 31.5-64.1 0-82.6z\"><\/path><\/svg>            <img decoding=\"async\" src=\"https:\/\/www.festiclown.org\/wp-content\/plugins\/instagram-feed\/img\/placeholder.png\" alt=\"MAGICLOWN 2024| \ud83c\udfa5 Aqu\u00ed est\u00e0 el resum del Magiclown 2024 \n\n\ud83e\ude84 Molta m\u00e0gia, molt de circ, molts riures i, sobretot, molt\u00edssima il\u00b7lusi\u00f3 \ud83c\udfaa\n\nMoltes gr\u00e0cies a totes les persones que ho heu fet possible!\nEns veiem l&#039;any vinent! \u2728\n\n-- \n\n[es] \ud83c\udfa5 Aqu\u00ed est\u00e1 el resumen del Magiclown 2024 \n\n\ud83e\ude84 Mucha magia, mucho circo, muchas risas y, sobre todo, much\u00edsima ilusi\u00f3n \ud83c\udfaa\n\n\u00a1Muchas gracias a todas las personas que lo hab\u00e9is hecho posible!\n\u00a1Nos vemos el pr\u00f3ximo a\u00f1o! \u2728\">\n        <\/a>\n    <\/div>\n<\/div><div class=\"sbi_item sbi_type_carousel sbi_new sbi_transition\" id=\"sbi_17870856933127096\" data-date=\"1727686773\">\n    <div class=\"sbi_photo_wrap\">\n        <a class=\"sbi_photo\" href=\"https:\/\/www.instagram.com\/p\/DAiRPmQsQBi\/\" target=\"_blank\" rel=\"noopener nofollow\" data-full-res=\"https:\/\/scontent.cdninstagram.com\/v\/t51.29350-15\/461554072_909939557652418_4501915077727568845_n.webp?stp=dst-jpg&#038;_nc_cat=101&#038;ccb=1-7&#038;_nc_sid=18de74&#038;_nc_ohc=csf3jkj2FLAQ7kNvgFO-oeU&#038;_nc_zt=23&#038;_nc_ht=scontent.cdninstagram.com&#038;edm=ANo9K5cEAAAA&#038;_nc_gid=A1X_t_VFouC_23eSxx0H1bC&#038;oh=00_AYCIT6TG0HON7AZtSQbAeUkFCfnsK7poM07u19D3qig7Yg&#038;oe=6755F996\" data-img-src-set=\"{&quot;d&quot;:&quot;https:\\\/\\\/scontent.cdninstagram.com\\\/v\\\/t51.29350-15\\\/461554072_909939557652418_4501915077727568845_n.webp?stp=dst-jpg&amp;_nc_cat=101&amp;ccb=1-7&amp;_nc_sid=18de74&amp;_nc_ohc=csf3jkj2FLAQ7kNvgFO-oeU&amp;_nc_zt=23&amp;_nc_ht=scontent.cdninstagram.com&amp;edm=ANo9K5cEAAAA&amp;_nc_gid=A1X_t_VFouC_23eSxx0H1bC&amp;oh=00_AYCIT6TG0HON7AZtSQbAeUkFCfnsK7poM07u19D3qig7Yg&amp;oe=6755F996&quot;,&quot;150&quot;:&quot;https:\\\/\\\/scontent.cdninstagram.com\\\/v\\\/t51.29350-15\\\/461554072_909939557652418_4501915077727568845_n.webp?stp=dst-jpg&amp;_nc_cat=101&amp;ccb=1-7&amp;_nc_sid=18de74&amp;_nc_ohc=csf3jkj2FLAQ7kNvgFO-oeU&amp;_nc_zt=23&amp;_nc_ht=scontent.cdninstagram.com&amp;edm=ANo9K5cEAAAA&amp;_nc_gid=A1X_t_VFouC_23eSxx0H1bC&amp;oh=00_AYCIT6TG0HON7AZtSQbAeUkFCfnsK7poM07u19D3qig7Yg&amp;oe=6755F996&quot;,&quot;320&quot;:&quot;https:\\\/\\\/scontent.cdninstagram.com\\\/v\\\/t51.29350-15\\\/461554072_909939557652418_4501915077727568845_n.webp?stp=dst-jpg&amp;_nc_cat=101&amp;ccb=1-7&amp;_nc_sid=18de74&amp;_nc_ohc=csf3jkj2FLAQ7kNvgFO-oeU&amp;_nc_zt=23&amp;_nc_ht=scontent.cdninstagram.com&amp;edm=ANo9K5cEAAAA&amp;_nc_gid=A1X_t_VFouC_23eSxx0H1bC&amp;oh=00_AYCIT6TG0HON7AZtSQbAeUkFCfnsK7poM07u19D3qig7Yg&amp;oe=6755F996&quot;,&quot;640&quot;:&quot;https:\\\/\\\/scontent.cdninstagram.com\\\/v\\\/t51.29350-15\\\/461554072_909939557652418_4501915077727568845_n.webp?stp=dst-jpg&amp;_nc_cat=101&amp;ccb=1-7&amp;_nc_sid=18de74&amp;_nc_ohc=csf3jkj2FLAQ7kNvgFO-oeU&amp;_nc_zt=23&amp;_nc_ht=scontent.cdninstagram.com&amp;edm=ANo9K5cEAAAA&amp;_nc_gid=A1X_t_VFouC_23eSxx0H1bC&amp;oh=00_AYCIT6TG0HON7AZtSQbAeUkFCfnsK7poM07u19D3qig7Yg&amp;oe=6755F996&quot;}\">\n            <span class=\"sbi-screenreader\">\ud83e\ude84 MAGICLOWN 2024| @jorgeblass va posar l\u2019apot<\/span>\n            <svg class=\"svg-inline--fa fa-clone fa-w-16 sbi_lightbox_carousel_icon\" aria-hidden=\"true\" aria-label=\"Clone\" data-fa-pro\u0192cessed=\"\" data-prefix=\"far\" data-icon=\"clone\" role=\"img\" xmlns=\"http:\/\/www.w3.org\/2000\/svg\" viewBox=\"0 0 512 512\">\n\t                <path fill=\"currentColor\" d=\"M464 0H144c-26.51 0-48 21.49-48 48v48H48c-26.51 0-48 21.49-48 48v320c0 26.51 21.49 48 48 48h320c26.51 0 48-21.49 48-48v-48h48c26.51 0 48-21.49 48-48V48c0-26.51-21.49-48-48-48zM362 464H54a6 6 0 0 1-6-6V150a6 6 0 0 1 6-6h42v224c0 26.51 21.49 48 48 48h224v42a6 6 0 0 1-6 6zm96-96H150a6 6 0 0 1-6-6V54a6 6 0 0 1 6-6h308a6 6 0 0 1 6 6v308a6 6 0 0 1-6 6z\"><\/path>\n\t            <\/svg>\t                    <img decoding=\"async\" src=\"https:\/\/www.festiclown.org\/wp-content\/plugins\/instagram-feed\/img\/placeholder.png\" alt=\"\ud83e\ude84 MAGICLOWN 2024| @jorgeblass va posar l\u2019apoteosi al #Magiclown ahir. Un dels millors mags del m\u00f3n ens va deixar els ulls com plats amb el seu il\u00b7lusionisme.\n\n\ud83d\ude0d  Gr\u00e0cies al p\u00fablic per acompanyar-nos aquests dies de Magiclown. Ens veim l\u2019any que ve amb molta m\u00e0gia! \u2764\ufe0f\ud83c\udf88\n\n\ud83d\udcf8David L\u00f3pez @80.lsd\n\n__ \n\n[ES] \ud83e\ude84 MAGICLOWN 2024| @jorgeblass puso el broche de oro al #Magiclown ayer. Uno de los mejores magos del mundo nos dej\u00f3 los ojos como platos con su ilusionismo. \n\n\ud83d\ude0d  Gracias al p\u00fablico por acompa\u00f1arnos estos d\u00edas de Magiclown. \u00a1Nos vemos el pr\u00f3ximo a\u00f1o con mucha magia! \u2764\ufe0f\ud83c\udf88\n\n@sant_josep_de_sa_talaia @cultura.santjosep\n\n#magia #circo #magiclown #santjosepdesatalaia\">\n        <\/a>\n    <\/div>\n<\/div><div class=\"sbi_item sbi_type_carousel sbi_new sbi_transition\" id=\"sbi_18057210589763917\" data-date=\"1727681845\">\n    <div class=\"sbi_photo_wrap\">\n        <a class=\"sbi_photo\" href=\"https:\/\/www.instagram.com\/p\/DAiH2DRsRo6\/\" target=\"_blank\" rel=\"noopener nofollow\" data-full-res=\"https:\/\/scontent.cdninstagram.com\/v\/t51.29350-15\/461391041_846106301052828_6221868426429039040_n.webp?stp=dst-jpg_tt6&#038;_nc_cat=110&#038;ccb=1-7&#038;_nc_sid=18de74&#038;_nc_ohc=-sQeCB6flegQ7kNvgElc0Oh&#038;_nc_zt=23&#038;_nc_ht=scontent.cdninstagram.com&#038;edm=ANo9K5cEAAAA&#038;_nc_gid=A1X_t_VFouC_23eSxx0H1bC&#038;oh=00_AYB7onbkPlm2ny6Zyxqr80HIb841Em0Ma8NiTCUPiyDTpw&#038;oe=6755F3BE\" data-img-src-set=\"{&quot;d&quot;:&quot;https:\\\/\\\/scontent.cdninstagram.com\\\/v\\\/t51.29350-15\\\/461391041_846106301052828_6221868426429039040_n.webp?stp=dst-jpg_tt6&amp;_nc_cat=110&amp;ccb=1-7&amp;_nc_sid=18de74&amp;_nc_ohc=-sQeCB6flegQ7kNvgElc0Oh&amp;_nc_zt=23&amp;_nc_ht=scontent.cdninstagram.com&amp;edm=ANo9K5cEAAAA&amp;_nc_gid=A1X_t_VFouC_23eSxx0H1bC&amp;oh=00_AYB7onbkPlm2ny6Zyxqr80HIb841Em0Ma8NiTCUPiyDTpw&amp;oe=6755F3BE&quot;,&quot;150&quot;:&quot;https:\\\/\\\/scontent.cdninstagram.com\\\/v\\\/t51.29350-15\\\/461391041_846106301052828_6221868426429039040_n.webp?stp=dst-jpg_tt6&amp;_nc_cat=110&amp;ccb=1-7&amp;_nc_sid=18de74&amp;_nc_ohc=-sQeCB6flegQ7kNvgElc0Oh&amp;_nc_zt=23&amp;_nc_ht=scontent.cdninstagram.com&amp;edm=ANo9K5cEAAAA&amp;_nc_gid=A1X_t_VFouC_23eSxx0H1bC&amp;oh=00_AYB7onbkPlm2ny6Zyxqr80HIb841Em0Ma8NiTCUPiyDTpw&amp;oe=6755F3BE&quot;,&quot;320&quot;:&quot;https:\\\/\\\/scontent.cdninstagram.com\\\/v\\\/t51.29350-15\\\/461391041_846106301052828_6221868426429039040_n.webp?stp=dst-jpg_tt6&amp;_nc_cat=110&amp;ccb=1-7&amp;_nc_sid=18de74&amp;_nc_ohc=-sQeCB6flegQ7kNvgElc0Oh&amp;_nc_zt=23&amp;_nc_ht=scontent.cdninstagram.com&amp;edm=ANo9K5cEAAAA&amp;_nc_gid=A1X_t_VFouC_23eSxx0H1bC&amp;oh=00_AYB7onbkPlm2ny6Zyxqr80HIb841Em0Ma8NiTCUPiyDTpw&amp;oe=6755F3BE&quot;,&quot;640&quot;:&quot;https:\\\/\\\/scontent.cdninstagram.com\\\/v\\\/t51.29350-15\\\/461391041_846106301052828_6221868426429039040_n.webp?stp=dst-jpg_tt6&amp;_nc_cat=110&amp;ccb=1-7&amp;_nc_sid=18de74&amp;_nc_ohc=-sQeCB6flegQ7kNvgElc0Oh&amp;_nc_zt=23&amp;_nc_ht=scontent.cdninstagram.com&amp;edm=ANo9K5cEAAAA&amp;_nc_gid=A1X_t_VFouC_23eSxx0H1bC&amp;oh=00_AYB7onbkPlm2ny6Zyxqr80HIb841Em0Ma8NiTCUPiyDTpw&amp;oe=6755F3BE&quot;}\">\n            <span class=\"sbi-screenreader\">\ud83e\ude84 MAGICLOWN 2024| Per aqu\u00ed deixam les imatges <\/span>\n            <svg class=\"svg-inline--fa fa-clone fa-w-16 sbi_lightbox_carousel_icon\" aria-hidden=\"true\" aria-label=\"Clone\" data-fa-pro\u0192cessed=\"\" data-prefix=\"far\" data-icon=\"clone\" role=\"img\" xmlns=\"http:\/\/www.w3.org\/2000\/svg\" viewBox=\"0 0 512 512\">\n\t                <path fill=\"currentColor\" d=\"M464 0H144c-26.51 0-48 21.49-48 48v48H48c-26.51 0-48 21.49-48 48v320c0 26.51 21.49 48 48 48h320c26.51 0 48-21.49 48-48v-48h48c26.51 0 48-21.49 48-48V48c0-26.51-21.49-48-48-48zM362 464H54a6 6 0 0 1-6-6V150a6 6 0 0 1 6-6h42v224c0 26.51 21.49 48 48 48h224v42a6 6 0 0 1-6 6zm96-96H150a6 6 0 0 1-6-6V54a6 6 0 0 1 6-6h308a6 6 0 0 1 6 6v308a6 6 0 0 1-6 6z\"><\/path>\n\t            <\/svg>\t                    <img decoding=\"async\" src=\"https:\/\/www.festiclown.org\/wp-content\/plugins\/instagram-feed\/img\/placeholder.png\" alt=\"\ud83e\ude84 MAGICLOWN 2024| Per aqu\u00ed deixam les imatges de les incre\u00efbles acrob\u00e0cies de @martasemprearriba en el #Magiclown ahir. Molta m\u00fasica i molt de flow a l\u2019aire! \u2764\ufe0f\ud83c\udf88\n\n\ud83d\udcf8 David L\u00f3pez @80.lsd\n\n__ \n[ES] \ud83e\ude84 MAGICLOWN 2024| Por aqu\u00ed dejamos las im\u00e1genes de las incre\u00edbles acrobacias de @martasemprearriba en el #Magiclown ayer. \u00a1Mucha m\u00fasica y mucho flow en el aire! \u2764\ufe0f\ud83c\udf88\n\n@sant_josep_de_sa_talaia @cultura.santjosep\n\n#magia #circo #magiclown #santjosepdesatalaia\">\n        <\/a>\n    <\/div>\n<\/div><div class=\"sbi_item sbi_type_carousel sbi_new sbi_transition\" id=\"sbi_18068372266608438\" data-date=\"1727588541\">\n    <div class=\"sbi_photo_wrap\">\n        <a class=\"sbi_photo\" href=\"https:\/\/www.instagram.com\/p\/DAfV4V-IIhE\/\" target=\"_blank\" rel=\"noopener nofollow\" data-full-res=\"https:\/\/scontent.cdninstagram.com\/v\/t51.29350-15\/458208399_3893603624229097_5646395164648546788_n.jpg?_nc_cat=108&#038;ccb=1-7&#038;_nc_sid=18de74&#038;_nc_ohc=OTofsVA1MN4Q7kNvgETAchu&#038;_nc_zt=23&#038;_nc_ht=scontent.cdninstagram.com&#038;edm=ANo9K5cEAAAA&#038;_nc_gid=A1X_t_VFouC_23eSxx0H1bC&#038;oh=00_AYA8Nqx4eWvVS6lcD7jRrPvju5SI92Zq0IlbgpHQhcEz5g&#038;oe=6755F8F8\" data-img-src-set=\"{&quot;d&quot;:&quot;https:\\\/\\\/scontent.cdninstagram.com\\\/v\\\/t51.29350-15\\\/458208399_3893603624229097_5646395164648546788_n.jpg?_nc_cat=108&amp;ccb=1-7&amp;_nc_sid=18de74&amp;_nc_ohc=OTofsVA1MN4Q7kNvgETAchu&amp;_nc_zt=23&amp;_nc_ht=scontent.cdninstagram.com&amp;edm=ANo9K5cEAAAA&amp;_nc_gid=A1X_t_VFouC_23eSxx0H1bC&amp;oh=00_AYA8Nqx4eWvVS6lcD7jRrPvju5SI92Zq0IlbgpHQhcEz5g&amp;oe=6755F8F8&quot;,&quot;150&quot;:&quot;https:\\\/\\\/scontent.cdninstagram.com\\\/v\\\/t51.29350-15\\\/458208399_3893603624229097_5646395164648546788_n.jpg?_nc_cat=108&amp;ccb=1-7&amp;_nc_sid=18de74&amp;_nc_ohc=OTofsVA1MN4Q7kNvgETAchu&amp;_nc_zt=23&amp;_nc_ht=scontent.cdninstagram.com&amp;edm=ANo9K5cEAAAA&amp;_nc_gid=A1X_t_VFouC_23eSxx0H1bC&amp;oh=00_AYA8Nqx4eWvVS6lcD7jRrPvju5SI92Zq0IlbgpHQhcEz5g&amp;oe=6755F8F8&quot;,&quot;320&quot;:&quot;https:\\\/\\\/scontent.cdninstagram.com\\\/v\\\/t51.29350-15\\\/458208399_3893603624229097_5646395164648546788_n.jpg?_nc_cat=108&amp;ccb=1-7&amp;_nc_sid=18de74&amp;_nc_ohc=OTofsVA1MN4Q7kNvgETAchu&amp;_nc_zt=23&amp;_nc_ht=scontent.cdninstagram.com&amp;edm=ANo9K5cEAAAA&amp;_nc_gid=A1X_t_VFouC_23eSxx0H1bC&amp;oh=00_AYA8Nqx4eWvVS6lcD7jRrPvju5SI92Zq0IlbgpHQhcEz5g&amp;oe=6755F8F8&quot;,&quot;640&quot;:&quot;https:\\\/\\\/scontent.cdninstagram.com\\\/v\\\/t51.29350-15\\\/458208399_3893603624229097_5646395164648546788_n.jpg?_nc_cat=108&amp;ccb=1-7&amp;_nc_sid=18de74&amp;_nc_ohc=OTofsVA1MN4Q7kNvgETAchu&amp;_nc_zt=23&amp;_nc_ht=scontent.cdninstagram.com&amp;edm=ANo9K5cEAAAA&amp;_nc_gid=A1X_t_VFouC_23eSxx0H1bC&amp;oh=00_AYA8Nqx4eWvVS6lcD7jRrPvju5SI92Zq0IlbgpHQhcEz5g&amp;oe=6755F8F8&quot;}\">\n            <span class=\"sbi-screenreader\">\ud83e\ude84 MAGICLOWN 2024| Circ i rock junts... \u00e9s poss<\/span>\n            <svg class=\"svg-inline--fa fa-clone fa-w-16 sbi_lightbox_carousel_icon\" aria-hidden=\"true\" aria-label=\"Clone\" data-fa-pro\u0192cessed=\"\" data-prefix=\"far\" data-icon=\"clone\" role=\"img\" xmlns=\"http:\/\/www.w3.org\/2000\/svg\" viewBox=\"0 0 512 512\">\n\t                <path fill=\"currentColor\" d=\"M464 0H144c-26.51 0-48 21.49-48 48v48H48c-26.51 0-48 21.49-48 48v320c0 26.51 21.49 48 48 48h320c26.51 0 48-21.49 48-48v-48h48c26.51 0 48-21.49 48-48V48c0-26.51-21.49-48-48-48zM362 464H54a6 6 0 0 1-6-6V150a6 6 0 0 1 6-6h42v224c0 26.51 21.49 48 48 48h224v42a6 6 0 0 1-6 6zm96-96H150a6 6 0 0 1-6-6V54a6 6 0 0 1 6-6h308a6 6 0 0 1 6 6v308a6 6 0 0 1-6 6z\"><\/path>\n\t            <\/svg>\t                    <img decoding=\"async\" src=\"https:\/\/www.festiclown.org\/wp-content\/plugins\/instagram-feed\/img\/placeholder.png\" alt=\"\ud83e\ude84 MAGICLOWN 2024| Circ i rock junts... \u00e9s possible? @circorolabola ens va demostrar que s\u00ed! \nQuina meravella d&#039;espectacle! \ud83e\udd38\ud83c\udffd\ud83c\udfb8\n\ud83d\ude09 I dem\u00e0 m\u00e9s Magiclown\n\n\ud83d\udc49\ud83c\udffd Programaci\u00f3 completa a www.magiclown.org\n__\n\n[ES]\n\ud83e\ude84 MAGICLOWN 2024| \u00bfCirco y rock juntos... es posible? @circorolabola nos demostr\u00f3 que s\u00ed! \n\u00a1Qu\u00e9 maravilla de espect\u00e1culo! \ud83e\udd38\ud83c\udffd\ud83c\udfb8\n\ud83d\ude09 Y ma\u00f1ana m\u00e1s Magiclown\n\n\ud83d\udc49\ud83c\udffd Programaci\u00f3n completa en www.magiclown.org\n\n@sant_josep_de_sa_talaia @cultura.santjosep \n\n#magia #circo #magiclown #santjosepdesatalaia\">\n        <\/a>\n    <\/div>\n<\/div><div class=\"sbi_item sbi_type_carousel sbi_new sbi_transition\" id=\"sbi_18044660819005490\" data-date=\"1727587508\">\n    <div class=\"sbi_photo_wrap\">\n        <a class=\"sbi_photo\" href=\"https:\/\/www.instagram.com\/p\/DAfT6PiIPeJ\/\" target=\"_blank\" rel=\"noopener nofollow\" data-full-res=\"https:\/\/scontent.cdninstagram.com\/v\/t51.29350-15\/461529459_526255453437516_9133996363776275115_n.jpg?_nc_cat=109&#038;ccb=1-7&#038;_nc_sid=18de74&#038;_nc_ohc=M-PxVimboGkQ7kNvgFi6cD_&#038;_nc_zt=23&#038;_nc_ht=scontent.cdninstagram.com&#038;edm=ANo9K5cEAAAA&#038;_nc_gid=A1X_t_VFouC_23eSxx0H1bC&#038;oh=00_AYAkNTbvsl_S5EjRMWg_IwxSRM_J3n4WsMHUKtt3cuH0Hg&#038;oe=67561AFF\" data-img-src-set=\"{&quot;d&quot;:&quot;https:\\\/\\\/scontent.cdninstagram.com\\\/v\\\/t51.29350-15\\\/461529459_526255453437516_9133996363776275115_n.jpg?_nc_cat=109&amp;ccb=1-7&amp;_nc_sid=18de74&amp;_nc_ohc=M-PxVimboGkQ7kNvgFi6cD_&amp;_nc_zt=23&amp;_nc_ht=scontent.cdninstagram.com&amp;edm=ANo9K5cEAAAA&amp;_nc_gid=A1X_t_VFouC_23eSxx0H1bC&amp;oh=00_AYAkNTbvsl_S5EjRMWg_IwxSRM_J3n4WsMHUKtt3cuH0Hg&amp;oe=67561AFF&quot;,&quot;150&quot;:&quot;https:\\\/\\\/scontent.cdninstagram.com\\\/v\\\/t51.29350-15\\\/461529459_526255453437516_9133996363776275115_n.jpg?_nc_cat=109&amp;ccb=1-7&amp;_nc_sid=18de74&amp;_nc_ohc=M-PxVimboGkQ7kNvgFi6cD_&amp;_nc_zt=23&amp;_nc_ht=scontent.cdninstagram.com&amp;edm=ANo9K5cEAAAA&amp;_nc_gid=A1X_t_VFouC_23eSxx0H1bC&amp;oh=00_AYAkNTbvsl_S5EjRMWg_IwxSRM_J3n4WsMHUKtt3cuH0Hg&amp;oe=67561AFF&quot;,&quot;320&quot;:&quot;https:\\\/\\\/scontent.cdninstagram.com\\\/v\\\/t51.29350-15\\\/461529459_526255453437516_9133996363776275115_n.jpg?_nc_cat=109&amp;ccb=1-7&amp;_nc_sid=18de74&amp;_nc_ohc=M-PxVimboGkQ7kNvgFi6cD_&amp;_nc_zt=23&amp;_nc_ht=scontent.cdninstagram.com&amp;edm=ANo9K5cEAAAA&amp;_nc_gid=A1X_t_VFouC_23eSxx0H1bC&amp;oh=00_AYAkNTbvsl_S5EjRMWg_IwxSRM_J3n4WsMHUKtt3cuH0Hg&amp;oe=67561AFF&quot;,&quot;640&quot;:&quot;https:\\\/\\\/scontent.cdninstagram.com\\\/v\\\/t51.29350-15\\\/461529459_526255453437516_9133996363776275115_n.jpg?_nc_cat=109&amp;ccb=1-7&amp;_nc_sid=18de74&amp;_nc_ohc=M-PxVimboGkQ7kNvgFi6cD_&amp;_nc_zt=23&amp;_nc_ht=scontent.cdninstagram.com&amp;edm=ANo9K5cEAAAA&amp;_nc_gid=A1X_t_VFouC_23eSxx0H1bC&amp;oh=00_AYAkNTbvsl_S5EjRMWg_IwxSRM_J3n4WsMHUKtt3cuH0Hg&amp;oe=67561AFF&quot;}\">\n            <span class=\"sbi-screenreader\">\ud83d\udce2MAGICLOWN 2024|Aix\u00ed de b\u00e9 ens ho passam en e<\/span>\n            <svg class=\"svg-inline--fa fa-clone fa-w-16 sbi_lightbox_carousel_icon\" aria-hidden=\"true\" aria-label=\"Clone\" data-fa-pro\u0192cessed=\"\" data-prefix=\"far\" data-icon=\"clone\" role=\"img\" xmlns=\"http:\/\/www.w3.org\/2000\/svg\" viewBox=\"0 0 512 512\">\n\t                <path fill=\"currentColor\" d=\"M464 0H144c-26.51 0-48 21.49-48 48v48H48c-26.51 0-48 21.49-48 48v320c0 26.51 21.49 48 48 48h320c26.51 0 48-21.49 48-48v-48h48c26.51 0 48-21.49 48-48V48c0-26.51-21.49-48-48-48zM362 464H54a6 6 0 0 1-6-6V150a6 6 0 0 1 6-6h42v224c0 26.51 21.49 48 48 48h224v42a6 6 0 0 1-6 6zm96-96H150a6 6 0 0 1-6-6V54a6 6 0 0 1 6-6h308a6 6 0 0 1 6 6v308a6 6 0 0 1-6 6z\"><\/path>\n\t            <\/svg>\t                    <img decoding=\"async\" src=\"https:\/\/www.festiclown.org\/wp-content\/plugins\/instagram-feed\/img\/placeholder.png\" alt=\"\ud83d\udce2MAGICLOWN 2024|Aix\u00ed de b\u00e9 ens ho passam en el #Magiclown amb @cialepuant!\n\nI dem\u00e0 acomiadam el Magiclown! Doble espectacle a partir de les 19.30 h! \ud83d\ude09\n\ud83d\udc49\ud83c\udffd Programaci\u00f3 completa a www.magiclown.org\n\ud83d\udcf8David L\u00f3pez\n__\n\n[ES]\n\n\ud83e\ude84 MAGICLOWN 2024| \u00a1As\u00ed de bien nos lo pasamos en el #Magiclown con @cialepuant!\n\u00a1Y ma\u00f1ana despedimos el Magiclown! \u00a1Doble espect\u00e1culo a partir de las 19.30! \ud83d\ude09\n\n\ud83d\udc49\ud83c\udffd Programaci\u00f3n completa en www.magiclown.org\n\n@sant_josep_de_sa_talaia \n#magia #circo #magiclown #santjosepdesatalaia\">\n        <\/a>\n    <\/div>\n<\/div><div class=\"sbi_item sbi_type_carousel sbi_new sbi_transition\" id=\"sbi_18239764078278064\" data-date=\"1727532027\">\n    <div class=\"sbi_photo_wrap\">\n        <a class=\"sbi_photo\" href=\"https:\/\/www.instagram.com\/p\/DAdqFtasGOZ\/\" target=\"_blank\" rel=\"noopener nofollow\" data-full-res=\"https:\/\/scontent.cdninstagram.com\/v\/t39.30808-6\/461415416_546553891236507_4964551081078761129_n.jpg?_nc_cat=101&#038;ccb=1-7&#038;_nc_sid=18de74&#038;_nc_ohc=96Q2kc51kYcQ7kNvgE3dZ2a&#038;_nc_zt=23&#038;_nc_ht=scontent.cdninstagram.com&#038;edm=ANo9K5cEAAAA&#038;_nc_gid=A1X_t_VFouC_23eSxx0H1bC&#038;oh=00_AYCk_g5gmpJPiYZIEofNOPHpBiVGU-JJ77Jnfemvk4hYZQ&#038;oe=6756039C\" data-img-src-set=\"{&quot;d&quot;:&quot;https:\\\/\\\/scontent.cdninstagram.com\\\/v\\\/t39.30808-6\\\/461415416_546553891236507_4964551081078761129_n.jpg?_nc_cat=101&amp;ccb=1-7&amp;_nc_sid=18de74&amp;_nc_ohc=96Q2kc51kYcQ7kNvgE3dZ2a&amp;_nc_zt=23&amp;_nc_ht=scontent.cdninstagram.com&amp;edm=ANo9K5cEAAAA&amp;_nc_gid=A1X_t_VFouC_23eSxx0H1bC&amp;oh=00_AYCk_g5gmpJPiYZIEofNOPHpBiVGU-JJ77Jnfemvk4hYZQ&amp;oe=6756039C&quot;,&quot;150&quot;:&quot;https:\\\/\\\/scontent.cdninstagram.com\\\/v\\\/t39.30808-6\\\/461415416_546553891236507_4964551081078761129_n.jpg?_nc_cat=101&amp;ccb=1-7&amp;_nc_sid=18de74&amp;_nc_ohc=96Q2kc51kYcQ7kNvgE3dZ2a&amp;_nc_zt=23&amp;_nc_ht=scontent.cdninstagram.com&amp;edm=ANo9K5cEAAAA&amp;_nc_gid=A1X_t_VFouC_23eSxx0H1bC&amp;oh=00_AYCk_g5gmpJPiYZIEofNOPHpBiVGU-JJ77Jnfemvk4hYZQ&amp;oe=6756039C&quot;,&quot;320&quot;:&quot;https:\\\/\\\/scontent.cdninstagram.com\\\/v\\\/t39.30808-6\\\/461415416_546553891236507_4964551081078761129_n.jpg?_nc_cat=101&amp;ccb=1-7&amp;_nc_sid=18de74&amp;_nc_ohc=96Q2kc51kYcQ7kNvgE3dZ2a&amp;_nc_zt=23&amp;_nc_ht=scontent.cdninstagram.com&amp;edm=ANo9K5cEAAAA&amp;_nc_gid=A1X_t_VFouC_23eSxx0H1bC&amp;oh=00_AYCk_g5gmpJPiYZIEofNOPHpBiVGU-JJ77Jnfemvk4hYZQ&amp;oe=6756039C&quot;,&quot;640&quot;:&quot;https:\\\/\\\/scontent.cdninstagram.com\\\/v\\\/t39.30808-6\\\/461415416_546553891236507_4964551081078761129_n.jpg?_nc_cat=101&amp;ccb=1-7&amp;_nc_sid=18de74&amp;_nc_ohc=96Q2kc51kYcQ7kNvgE3dZ2a&amp;_nc_zt=23&amp;_nc_ht=scontent.cdninstagram.com&amp;edm=ANo9K5cEAAAA&amp;_nc_gid=A1X_t_VFouC_23eSxx0H1bC&amp;oh=00_AYCk_g5gmpJPiYZIEofNOPHpBiVGU-JJ77Jnfemvk4hYZQ&amp;oe=6756039C&quot;}\">\n            <span class=\"sbi-screenreader\">\ud83e\ude84 MAGICLOWN 2024| Dem\u00e0 diumenge arriba el Magi<\/span>\n            <svg class=\"svg-inline--fa fa-clone fa-w-16 sbi_lightbox_carousel_icon\" aria-hidden=\"true\" aria-label=\"Clone\" data-fa-pro\u0192cessed=\"\" data-prefix=\"far\" data-icon=\"clone\" role=\"img\" xmlns=\"http:\/\/www.w3.org\/2000\/svg\" viewBox=\"0 0 512 512\">\n\t                <path fill=\"currentColor\" d=\"M464 0H144c-26.51 0-48 21.49-48 48v48H48c-26.51 0-48 21.49-48 48v320c0 26.51 21.49 48 48 48h320c26.51 0 48-21.49 48-48v-48h48c26.51 0 48-21.49 48-48V48c0-26.51-21.49-48-48-48zM362 464H54a6 6 0 0 1-6-6V150a6 6 0 0 1 6-6h42v224c0 26.51 21.49 48 48 48h224v42a6 6 0 0 1-6 6zm96-96H150a6 6 0 0 1-6-6V54a6 6 0 0 1 6-6h308a6 6 0 0 1 6 6v308a6 6 0 0 1-6 6z\"><\/path>\n\t            <\/svg>\t                    <img decoding=\"async\" src=\"https:\/\/www.festiclown.org\/wp-content\/plugins\/instagram-feed\/img\/placeholder.png\" alt=\"\ud83e\ude84 MAGICLOWN 2024| Dem\u00e0 diumenge arriba el Magiclown a la seua \u00faltima jornada! Amb molt de circ i molta m\u00e0gia a l\u2019auditori Calo de s\u2019Oli.\n\n\ud83d\udc49\ud83c\udffd \u00a1Hoy\u2026 s\u00ed! de @martasemprearriba \n\ud83d\udcc5 diumenge, 29 de setembre, 19.30 h\n\ud83d\udccc exterior de l\u2019auditori Cal\u00f3 de s\u2019Oli\n\ud83c\udf9f\ufe0f acc\u00e9s lliure i gratu\u00eft\n\n\ud83d\udc49\ud83c\udffd La m\u00e0gia de @jorgeblass \n\ud83d\udcc5 diumenge, 29 de setembre, 21 h\n\ud83d\udccc  auditori Cal\u00f3 de s\u2019Oli\n\ud83c\udf9f\ufe0f reserva d\u2019entrades a les oficines municipals\n\n__\n\n[ES]\ud83e\ude84 MAGICLOWN 2024| \u00a1Ma\u00f1ana, domingo llega el Magiclown a su \u00faltima jornada! Con mucho circo y mucha magia en el auditorio Cal\u00f3 de s\u2019Oli.\n\n\ud83d\udc49\ud83c\udffd \u00a1Hoy\u2026 s\u00ed! de @martasemprearriba \n\ud83d\udcc5 domingo, 29 de septiembre, 19.30 h\n\ud83d\udccc exterior del auditorio Cal\u00f3 de s\u2019Oli\n\ud83c\udf9f\ufe0f acceso libre y gratuito\n\n\ud83d\udc49\ud83c\udffd La magia de @jorgeblass \n\ud83d\udcc5  domingo, 29 de septiembre, 21 h\n\ud83d\udccc auditorio Cal\u00f3 de s\u2019Oli\n\ud83c\udf9f\ufe0f reserva de entradas en las oficinas municipales\n\n\u00a1No te pierdas la despedida del Magiclown!\n\n@sant_josep_de_sa_talaia  @cultura.santjosep \n#magia #circo #magiclown #santjosepdesatalaia\">\n        <\/a>\n    <\/div>\n<\/div><div class=\"sbi_item sbi_type_carousel sbi_new sbi_transition\" id=\"sbi_18420317521079874\" data-date=\"1727475875\">\n    <div class=\"sbi_photo_wrap\">\n        <a class=\"sbi_photo\" href=\"https:\/\/www.instagram.com\/p\/DAb-_RIouOl\/\" target=\"_blank\" rel=\"noopener nofollow\" data-full-res=\"https:\/\/scontent.cdninstagram.com\/v\/t51.29350-15\/461423913_1328046091492477_8591064405616665007_n.jpg?_nc_cat=105&#038;ccb=1-7&#038;_nc_sid=18de74&#038;_nc_ohc=whlV0z0I4lcQ7kNvgEgNQt8&#038;_nc_zt=23&#038;_nc_ht=scontent.cdninstagram.com&#038;edm=ANo9K5cEAAAA&#038;_nc_gid=A1X_t_VFouC_23eSxx0H1bC&#038;oh=00_AYC5iXkYImVFyOLkk-15K9HGe9gWRQlSN3LE_6HXd2xY2Q&#038;oe=6755F479\" data-img-src-set=\"{&quot;d&quot;:&quot;https:\\\/\\\/scontent.cdninstagram.com\\\/v\\\/t51.29350-15\\\/461423913_1328046091492477_8591064405616665007_n.jpg?_nc_cat=105&amp;ccb=1-7&amp;_nc_sid=18de74&amp;_nc_ohc=whlV0z0I4lcQ7kNvgEgNQt8&amp;_nc_zt=23&amp;_nc_ht=scontent.cdninstagram.com&amp;edm=ANo9K5cEAAAA&amp;_nc_gid=A1X_t_VFouC_23eSxx0H1bC&amp;oh=00_AYC5iXkYImVFyOLkk-15K9HGe9gWRQlSN3LE_6HXd2xY2Q&amp;oe=6755F479&quot;,&quot;150&quot;:&quot;https:\\\/\\\/scontent.cdninstagram.com\\\/v\\\/t51.29350-15\\\/461423913_1328046091492477_8591064405616665007_n.jpg?_nc_cat=105&amp;ccb=1-7&amp;_nc_sid=18de74&amp;_nc_ohc=whlV0z0I4lcQ7kNvgEgNQt8&amp;_nc_zt=23&amp;_nc_ht=scontent.cdninstagram.com&amp;edm=ANo9K5cEAAAA&amp;_nc_gid=A1X_t_VFouC_23eSxx0H1bC&amp;oh=00_AYC5iXkYImVFyOLkk-15K9HGe9gWRQlSN3LE_6HXd2xY2Q&amp;oe=6755F479&quot;,&quot;320&quot;:&quot;https:\\\/\\\/scontent.cdninstagram.com\\\/v\\\/t51.29350-15\\\/461423913_1328046091492477_8591064405616665007_n.jpg?_nc_cat=105&amp;ccb=1-7&amp;_nc_sid=18de74&amp;_nc_ohc=whlV0z0I4lcQ7kNvgEgNQt8&amp;_nc_zt=23&amp;_nc_ht=scontent.cdninstagram.com&amp;edm=ANo9K5cEAAAA&amp;_nc_gid=A1X_t_VFouC_23eSxx0H1bC&amp;oh=00_AYC5iXkYImVFyOLkk-15K9HGe9gWRQlSN3LE_6HXd2xY2Q&amp;oe=6755F479&quot;,&quot;640&quot;:&quot;https:\\\/\\\/scontent.cdninstagram.com\\\/v\\\/t51.29350-15\\\/461423913_1328046091492477_8591064405616665007_n.jpg?_nc_cat=105&amp;ccb=1-7&amp;_nc_sid=18de74&amp;_nc_ohc=whlV0z0I4lcQ7kNvgEgNQt8&amp;_nc_zt=23&amp;_nc_ht=scontent.cdninstagram.com&amp;edm=ANo9K5cEAAAA&amp;_nc_gid=A1X_t_VFouC_23eSxx0H1bC&amp;oh=00_AYC5iXkYImVFyOLkk-15K9HGe9gWRQlSN3LE_6HXd2xY2Q&amp;oe=6755F479&quot;}\">\n            <span class=\"sbi-screenreader\">#MigueldeLucas conquist\u00f3 Sant Jordi con su magia,<\/span>\n            <svg class=\"svg-inline--fa fa-clone fa-w-16 sbi_lightbox_carousel_icon\" aria-hidden=\"true\" aria-label=\"Clone\" data-fa-pro\u0192cessed=\"\" data-prefix=\"far\" data-icon=\"clone\" role=\"img\" xmlns=\"http:\/\/www.w3.org\/2000\/svg\" viewBox=\"0 0 512 512\">\n\t                <path fill=\"currentColor\" d=\"M464 0H144c-26.51 0-48 21.49-48 48v48H48c-26.51 0-48 21.49-48 48v320c0 26.51 21.49 48 48 48h320c26.51 0 48-21.49 48-48v-48h48c26.51 0 48-21.49 48-48V48c0-26.51-21.49-48-48-48zM362 464H54a6 6 0 0 1-6-6V150a6 6 0 0 1 6-6h42v224c0 26.51 21.49 48 48 48h224v42a6 6 0 0 1-6 6zm96-96H150a6 6 0 0 1-6-6V54a6 6 0 0 1 6-6h308a6 6 0 0 1 6 6v308a6 6 0 0 1-6 6z\"><\/path>\n\t            <\/svg>\t                    <img decoding=\"async\" src=\"https:\/\/www.festiclown.org\/wp-content\/plugins\/instagram-feed\/img\/placeholder.png\" alt=\"#MigueldeLucas conquist\u00f3 Sant Jordi con su magia, estaba lleno de un p\u00fablico fascinado.\n\u00a1Y el #Magiclown contin\u00faa! \u00a1No te pierdas ning\u00fan espect\u00e1culo! \ud83d\ude09\n\n\ud83d\udcf1 Programaci\u00f3n completa en www.magiclown.org\n@DeTalaia\n\n[ES]\n\n\ud83e\ude84 MAGICLOWN 2024| @migueldelucastv conquist\u00f3 Sant Jordi con su magia, estaba lleno de un p\u00fablico fascinado.\n\n\u00a1Y el #Magiclown contin\u00faa! \u00a1No te pierdas ning\u00fan espect\u00e1culo! \ud83d\ude09\n\n\ud83d\udcf1 Programaci\u00f3n completa en www.magiclown.org\n\n@sant_josep_de_sa_talaia @cultura.santjosep \n\n#magia #circo #magiclown #santjosepdesatalaia\">\n        <\/a>\n    <\/div>\n<\/div><div class=\"sbi_item sbi_type_carousel sbi_new sbi_transition\" id=\"sbi_17958896705815147\" data-date=\"1727442043\">\n    <div class=\"sbi_photo_wrap\">\n        <a class=\"sbi_photo\" href=\"https:\/\/www.instagram.com\/p\/DAa-dUfvp_i\/\" target=\"_blank\" rel=\"noopener nofollow\" data-full-res=\"https:\/\/scontent.cdninstagram.com\/v\/t39.30808-6\/461199131_546541121237784_8474957768947104111_n.jpg?_nc_cat=100&#038;ccb=1-7&#038;_nc_sid=18de74&#038;_nc_ohc=K2nEe0CNbigQ7kNvgG-6E0z&#038;_nc_zt=23&#038;_nc_ht=scontent.cdninstagram.com&#038;edm=ANo9K5cEAAAA&#038;_nc_gid=A1X_t_VFouC_23eSxx0H1bC&#038;oh=00_AYBrnSYab7copJ23CkUydWgojjgnZ0kJBNg1R0RfEusbIA&#038;oe=67561E27\" data-img-src-set=\"{&quot;d&quot;:&quot;https:\\\/\\\/scontent.cdninstagram.com\\\/v\\\/t39.30808-6\\\/461199131_546541121237784_8474957768947104111_n.jpg?_nc_cat=100&amp;ccb=1-7&amp;_nc_sid=18de74&amp;_nc_ohc=K2nEe0CNbigQ7kNvgG-6E0z&amp;_nc_zt=23&amp;_nc_ht=scontent.cdninstagram.com&amp;edm=ANo9K5cEAAAA&amp;_nc_gid=A1X_t_VFouC_23eSxx0H1bC&amp;oh=00_AYBrnSYab7copJ23CkUydWgojjgnZ0kJBNg1R0RfEusbIA&amp;oe=67561E27&quot;,&quot;150&quot;:&quot;https:\\\/\\\/scontent.cdninstagram.com\\\/v\\\/t39.30808-6\\\/461199131_546541121237784_8474957768947104111_n.jpg?_nc_cat=100&amp;ccb=1-7&amp;_nc_sid=18de74&amp;_nc_ohc=K2nEe0CNbigQ7kNvgG-6E0z&amp;_nc_zt=23&amp;_nc_ht=scontent.cdninstagram.com&amp;edm=ANo9K5cEAAAA&amp;_nc_gid=A1X_t_VFouC_23eSxx0H1bC&amp;oh=00_AYBrnSYab7copJ23CkUydWgojjgnZ0kJBNg1R0RfEusbIA&amp;oe=67561E27&quot;,&quot;320&quot;:&quot;https:\\\/\\\/scontent.cdninstagram.com\\\/v\\\/t39.30808-6\\\/461199131_546541121237784_8474957768947104111_n.jpg?_nc_cat=100&amp;ccb=1-7&amp;_nc_sid=18de74&amp;_nc_ohc=K2nEe0CNbigQ7kNvgG-6E0z&amp;_nc_zt=23&amp;_nc_ht=scontent.cdninstagram.com&amp;edm=ANo9K5cEAAAA&amp;_nc_gid=A1X_t_VFouC_23eSxx0H1bC&amp;oh=00_AYBrnSYab7copJ23CkUydWgojjgnZ0kJBNg1R0RfEusbIA&amp;oe=67561E27&quot;,&quot;640&quot;:&quot;https:\\\/\\\/scontent.cdninstagram.com\\\/v\\\/t39.30808-6\\\/461199131_546541121237784_8474957768947104111_n.jpg?_nc_cat=100&amp;ccb=1-7&amp;_nc_sid=18de74&amp;_nc_ohc=K2nEe0CNbigQ7kNvgG-6E0z&amp;_nc_zt=23&amp;_nc_ht=scontent.cdninstagram.com&amp;edm=ANo9K5cEAAAA&amp;_nc_gid=A1X_t_VFouC_23eSxx0H1bC&amp;oh=00_AYBrnSYab7copJ23CkUydWgojjgnZ0kJBNg1R0RfEusbIA&amp;oe=67561E27&quot;}\">\n            <span class=\"sbi-screenreader\">\ud83e\ude84 MAGICLOWN 2024| Dem\u00e0 tenim una doble cita am<\/span>\n            <svg class=\"svg-inline--fa fa-clone fa-w-16 sbi_lightbox_carousel_icon\" aria-hidden=\"true\" aria-label=\"Clone\" data-fa-pro\u0192cessed=\"\" data-prefix=\"far\" data-icon=\"clone\" role=\"img\" xmlns=\"http:\/\/www.w3.org\/2000\/svg\" viewBox=\"0 0 512 512\">\n\t                <path fill=\"currentColor\" d=\"M464 0H144c-26.51 0-48 21.49-48 48v48H48c-26.51 0-48 21.49-48 48v320c0 26.51 21.49 48 48 48h320c26.51 0 48-21.49 48-48v-48h48c26.51 0 48-21.49 48-48V48c0-26.51-21.49-48-48-48zM362 464H54a6 6 0 0 1-6-6V150a6 6 0 0 1 6-6h42v224c0 26.51 21.49 48 48 48h224v42a6 6 0 0 1-6 6zm96-96H150a6 6 0 0 1-6-6V54a6 6 0 0 1 6-6h308a6 6 0 0 1 6 6v308a6 6 0 0 1-6 6z\"><\/path>\n\t            <\/svg>\t                    <img decoding=\"async\" src=\"https:\/\/www.festiclown.org\/wp-content\/plugins\/instagram-feed\/img\/placeholder.png\" alt=\"\ud83e\ude84 MAGICLOWN 2024| Dem\u00e0 tenim una doble cita amb el #Magiclown!\n\n\ud83d\udc49\ud83c\udffd Tot sol\u2026 I n\u00favol, @cialepuant \n\ud83d\udcc5 Dissabte, 28 de setembre, 20 h\n\ud83d\udccc  Auditori Cal\u00f3 de s\u2019Oli\n\ud83c\udf9f\ufe0f Reserva d\u2019entrades gratu\u00eftes a les oficines municipals\n\n\ud83d\udc49\ud83c\udffd Rock Cirk, de @circorolabola \n\ud83d\udcc5  Dissabte, 28 de setembre, 21.30 h\n\ud83d\udccc Exterior de l\u2019auditori Cal\u00f3 de s\u2019Oli\n\ud83c\udf9f\ufe0f Acc\u00e9s lliure i gratu\u00eft\n\nHi vens\n\n\ud83d\udcf1  Programaci\u00f3 completa a www.magiclown.org\n\n__\n\n[ES]\ud83e\ude84 MAGICLOWN 2024| \u00a1Ma\u00f1ana tenemos una doble cita con el #Magiclown!\n\n\ud83d\udc49\ud83c\udffd Tot sol\u2026 I n\u00favol, @cialepuant \n\ud83d\udcc5  S\u00e1bado, 28 de septiembre, 20 h\n\ud83d\udccc  Auditorio Cal\u00f3 de s\u2019Oli\n\ud83c\udf9f\ufe0f Reserva de entradas gratuitas en las oficinas municipales\n\n\ud83d\udc49\ud83c\udffd Rock Cirk, de @circorolabola \n\ud83d\udcc5  S\u00e1bado, 28 de septiembre, 21.30 h\n\ud83d\udccc  Exterior del auditorio Cal\u00f3 de s\u2019Oli\n\ud83c\udf9f\ufe0f Acceso libre y gratuito\n\n\u00bfVienes?\n\ud83d\udcf1  Programaci\u00f3n completa en www.magiclown.org\n\n@sant_josep_de_sa_talaia  @cultura.santjosep \n#magia #circo #magiclown #santjosepdesatalaia\">\n        <\/a>\n    <\/div>\n<\/div><div class=\"sbi_item sbi_type_carousel sbi_new sbi_transition\" id=\"sbi_17982070172604045\" data-date=\"1727421480\">\n    <div class=\"sbi_photo_wrap\">\n        <a class=\"sbi_photo\" href=\"https:\/\/www.instagram.com\/p\/DAaXPJxxtZw\/\" target=\"_blank\" rel=\"noopener nofollow\" data-full-res=\"https:\/\/scontent.cdninstagram.com\/v\/t39.30808-6\/461075337_547025721189324_2740572118832658708_n.jpg?_nc_cat=110&#038;ccb=1-7&#038;_nc_sid=18de74&#038;_nc_ohc=kX9R0179es4Q7kNvgH2-pfK&#038;_nc_zt=23&#038;_nc_ht=scontent.cdninstagram.com&#038;edm=ANo9K5cEAAAA&#038;_nc_gid=A1X_t_VFouC_23eSxx0H1bC&#038;oh=00_AYDnp1jWhOqAMpFbswQDM5fDfiWOH0q5EuBMUZ2JeU4Gvw&#038;oe=6755FB3E\" data-img-src-set=\"{&quot;d&quot;:&quot;https:\\\/\\\/scontent.cdninstagram.com\\\/v\\\/t39.30808-6\\\/461075337_547025721189324_2740572118832658708_n.jpg?_nc_cat=110&amp;ccb=1-7&amp;_nc_sid=18de74&amp;_nc_ohc=kX9R0179es4Q7kNvgH2-pfK&amp;_nc_zt=23&amp;_nc_ht=scontent.cdninstagram.com&amp;edm=ANo9K5cEAAAA&amp;_nc_gid=A1X_t_VFouC_23eSxx0H1bC&amp;oh=00_AYDnp1jWhOqAMpFbswQDM5fDfiWOH0q5EuBMUZ2JeU4Gvw&amp;oe=6755FB3E&quot;,&quot;150&quot;:&quot;https:\\\/\\\/scontent.cdninstagram.com\\\/v\\\/t39.30808-6\\\/461075337_547025721189324_2740572118832658708_n.jpg?_nc_cat=110&amp;ccb=1-7&amp;_nc_sid=18de74&amp;_nc_ohc=kX9R0179es4Q7kNvgH2-pfK&amp;_nc_zt=23&amp;_nc_ht=scontent.cdninstagram.com&amp;edm=ANo9K5cEAAAA&amp;_nc_gid=A1X_t_VFouC_23eSxx0H1bC&amp;oh=00_AYDnp1jWhOqAMpFbswQDM5fDfiWOH0q5EuBMUZ2JeU4Gvw&amp;oe=6755FB3E&quot;,&quot;320&quot;:&quot;https:\\\/\\\/scontent.cdninstagram.com\\\/v\\\/t39.30808-6\\\/461075337_547025721189324_2740572118832658708_n.jpg?_nc_cat=110&amp;ccb=1-7&amp;_nc_sid=18de74&amp;_nc_ohc=kX9R0179es4Q7kNvgH2-pfK&amp;_nc_zt=23&amp;_nc_ht=scontent.cdninstagram.com&amp;edm=ANo9K5cEAAAA&amp;_nc_gid=A1X_t_VFouC_23eSxx0H1bC&amp;oh=00_AYDnp1jWhOqAMpFbswQDM5fDfiWOH0q5EuBMUZ2JeU4Gvw&amp;oe=6755FB3E&quot;,&quot;640&quot;:&quot;https:\\\/\\\/scontent.cdninstagram.com\\\/v\\\/t39.30808-6\\\/461075337_547025721189324_2740572118832658708_n.jpg?_nc_cat=110&amp;ccb=1-7&amp;_nc_sid=18de74&amp;_nc_ohc=kX9R0179es4Q7kNvgH2-pfK&amp;_nc_zt=23&amp;_nc_ht=scontent.cdninstagram.com&amp;edm=ANo9K5cEAAAA&amp;_nc_gid=A1X_t_VFouC_23eSxx0H1bC&amp;oh=00_AYDnp1jWhOqAMpFbswQDM5fDfiWOH0q5EuBMUZ2JeU4Gvw&amp;oe=6755FB3E&quot;}\">\n            <span class=\"sbi-screenreader\">\ud83e\ude84 MAGICLOWN 2024|Aix\u00ed va ser el fant\u00e0stic esp<\/span>\n            <svg class=\"svg-inline--fa fa-clone fa-w-16 sbi_lightbox_carousel_icon\" aria-hidden=\"true\" aria-label=\"Clone\" data-fa-pro\u0192cessed=\"\" data-prefix=\"far\" data-icon=\"clone\" role=\"img\" xmlns=\"http:\/\/www.w3.org\/2000\/svg\" viewBox=\"0 0 512 512\">\n\t                <path fill=\"currentColor\" d=\"M464 0H144c-26.51 0-48 21.49-48 48v48H48c-26.51 0-48 21.49-48 48v320c0 26.51 21.49 48 48 48h320c26.51 0 48-21.49 48-48v-48h48c26.51 0 48-21.49 48-48V48c0-26.51-21.49-48-48-48zM362 464H54a6 6 0 0 1-6-6V150a6 6 0 0 1 6-6h42v224c0 26.51 21.49 48 48 48h224v42a6 6 0 0 1-6 6zm96-96H150a6 6 0 0 1-6-6V54a6 6 0 0 1 6-6h308a6 6 0 0 1 6 6v308a6 6 0 0 1-6 6z\"><\/path>\n\t            <\/svg>\t                    <img decoding=\"async\" src=\"https:\/\/www.festiclown.org\/wp-content\/plugins\/instagram-feed\/img\/placeholder.png\" alt=\"\ud83e\ude84 MAGICLOWN 2024|Aix\u00ed va ser el fant\u00e0stic espectacle del @mago_teto a @canjeroni_cultura. Mentalisme, il\u00b7lusi\u00f3 i uns trucs que ens varen deixar amb la boca oberta.\n\nI el #Magiclown continua! Te\u2019l perdr\u00e0s? \ud83d\ude09\n\n\ud83d\udcc5 Del 26 al 29 de setembre\n\ud83d\udcf1  Programaci\u00f3 completa a www.magiclown.org\n\n\ud83d\udcf8David L\u00f3pez @80.lsd \n\n__\n\n[es] \ud83e\ude84 MAGICLOWN 2024|As\u00ed fue el fant\u00e1stico espect\u00e1culo del @mago_teto en @canjeroni_cultura Mentalismo, ilusi\u00f3n y unos trucos que nos dejaron con la boca abierta. \n\n\u00a1Y el #Magiclown contin\u00faa! \u00bfTe lo vas a perder? \ud83d\ude09\n\n\ud83d\udcc5  Del 26 al 29 de septiembre\n\ud83d\udcf1  Programaci\u00f3n completa en www.magiclown.org\n\n@sant_josep_de_sa_talaia  @cultura.santjosep \n#magia #circo #magiclown #santjosepdesatalaia\">\n        <\/a>\n    <\/div>\n<\/div><div class=\"sbi_item sbi_type_image sbi_new sbi_transition\" id=\"sbi_18303684421164959\" data-date=\"1727361015\">\n    <div class=\"sbi_photo_wrap\">\n        <a class=\"sbi_photo\" href=\"https:\/\/www.instagram.com\/p\/DAYj6J8B6x-\/\" target=\"_blank\" rel=\"noopener nofollow\" data-full-res=\"https:\/\/scontent.cdninstagram.com\/v\/t39.30808-6\/461414961_546389181252978_4203932225472076718_n.jpg?_nc_cat=101&#038;ccb=1-7&#038;_nc_sid=18de74&#038;_nc_ohc=-9LeBDRiQ5QQ7kNvgHaJYu2&#038;_nc_zt=23&#038;_nc_ht=scontent.cdninstagram.com&#038;edm=ANo9K5cEAAAA&#038;_nc_gid=A1X_t_VFouC_23eSxx0H1bC&#038;oh=00_AYAhWukY1NdIXDpZ4BJHQci5dxJmEUkBpqSHuddi5NTo3Q&#038;oe=67560BB5\" data-img-src-set=\"{&quot;d&quot;:&quot;https:\\\/\\\/scontent.cdninstagram.com\\\/v\\\/t39.30808-6\\\/461414961_546389181252978_4203932225472076718_n.jpg?_nc_cat=101&amp;ccb=1-7&amp;_nc_sid=18de74&amp;_nc_ohc=-9LeBDRiQ5QQ7kNvgHaJYu2&amp;_nc_zt=23&amp;_nc_ht=scontent.cdninstagram.com&amp;edm=ANo9K5cEAAAA&amp;_nc_gid=A1X_t_VFouC_23eSxx0H1bC&amp;oh=00_AYAhWukY1NdIXDpZ4BJHQci5dxJmEUkBpqSHuddi5NTo3Q&amp;oe=67560BB5&quot;,&quot;150&quot;:&quot;https:\\\/\\\/scontent.cdninstagram.com\\\/v\\\/t39.30808-6\\\/461414961_546389181252978_4203932225472076718_n.jpg?_nc_cat=101&amp;ccb=1-7&amp;_nc_sid=18de74&amp;_nc_ohc=-9LeBDRiQ5QQ7kNvgHaJYu2&amp;_nc_zt=23&amp;_nc_ht=scontent.cdninstagram.com&amp;edm=ANo9K5cEAAAA&amp;_nc_gid=A1X_t_VFouC_23eSxx0H1bC&amp;oh=00_AYAhWukY1NdIXDpZ4BJHQci5dxJmEUkBpqSHuddi5NTo3Q&amp;oe=67560BB5&quot;,&quot;320&quot;:&quot;https:\\\/\\\/scontent.cdninstagram.com\\\/v\\\/t39.30808-6\\\/461414961_546389181252978_4203932225472076718_n.jpg?_nc_cat=101&amp;ccb=1-7&amp;_nc_sid=18de74&amp;_nc_ohc=-9LeBDRiQ5QQ7kNvgHaJYu2&amp;_nc_zt=23&amp;_nc_ht=scontent.cdninstagram.com&amp;edm=ANo9K5cEAAAA&amp;_nc_gid=A1X_t_VFouC_23eSxx0H1bC&amp;oh=00_AYAhWukY1NdIXDpZ4BJHQci5dxJmEUkBpqSHuddi5NTo3Q&amp;oe=67560BB5&quot;,&quot;640&quot;:&quot;https:\\\/\\\/scontent.cdninstagram.com\\\/v\\\/t39.30808-6\\\/461414961_546389181252978_4203932225472076718_n.jpg?_nc_cat=101&amp;ccb=1-7&amp;_nc_sid=18de74&amp;_nc_ohc=-9LeBDRiQ5QQ7kNvgHaJYu2&amp;_nc_zt=23&amp;_nc_ht=scontent.cdninstagram.com&amp;edm=ANo9K5cEAAAA&amp;_nc_gid=A1X_t_VFouC_23eSxx0H1bC&amp;oh=00_AYAhWukY1NdIXDpZ4BJHQci5dxJmEUkBpqSHuddi5NTo3Q&amp;oe=67560BB5&quot;}\">\n            <span class=\"sbi-screenreader\">\ud83e\ude84 MAGICLOWN 2024| Dem\u00e0 \u00e9s el torn del fant\u00e0s<\/span>\n            \t                    <img decoding=\"async\" src=\"https:\/\/www.festiclown.org\/wp-content\/plugins\/instagram-feed\/img\/placeholder.png\" alt=\"\ud83e\ude84 MAGICLOWN 2024| Dem\u00e0 \u00e9s el torn del fant\u00e0stic @migueldelucastv \nMagia y Humor, un espectacle apassionant, ple de mentalisme, m\u00e0gia i efectes originals, d\u2019un dels mags m\u00e9s coneguts.\n\n\ud83d\udcc5 Divendres, 27 de setembre\n\u231a 19.30 h\n\ud83d\udccc  Pla\u00e7a de l\u2019Esgl\u00e9sia, Sant Jordi\n\ud83c\udf9f\ufe0f Acc\u00e9s lliure i gratu\u00eft\n\n\ud83d\udcf1 Programaci\u00f3 completa a www.magiclown.org\n__\n\n[ES] \ud83e\ude84  MAGICLOWN 2024|Ma\u00f1ana es el turno del fant\u00e1stico @migueldelucastv \nMagia y humor, un espect\u00e1culo apasionante, lleno de mentalismo, magia y efectos originales, de uno de los magos m\u00e1s conocidos.\n\n\ud83d\udcc5 Viernes, 27 de septiembre\n\u231a 19.30 h\n\ud83d\udccc  Plaza de l\u2019Esgl\u00e9sia, Sant Jordi\n\ud83c\udf9f\ufe0f Acceso libre y gratuito\n\n\ud83d\udcf1 Programaci\u00f3n completa en www.magiclown.org\n\n @sant_josep_de_sa_talaia  @cultura.santjosep \n#magia #circo #magiclown #santjosepdesatalaia\">\n        <\/a>\n    <\/div>\n<\/div><div class=\"sbi_item sbi_type_video sbi_new sbi_transition\" id=\"sbi_18059231980705338\" data-date=\"1727276460\">\n    <div class=\"sbi_photo_wrap\">\n        <a class=\"sbi_photo\" href=\"https:\/\/www.instagram.com\/reel\/DAWClkoPI1P\/\" target=\"_blank\" rel=\"noopener nofollow\" data-full-res=\"https:\/\/scontent.cdninstagram.com\/v\/t51.29350-15\/461239306_825719333100214_2026155690174857291_n.jpg?_nc_cat=107&#038;ccb=1-7&#038;_nc_sid=18de74&#038;_nc_ohc=gbuH-A_7XW8Q7kNvgFkKdak&#038;_nc_zt=23&#038;_nc_ht=scontent.cdninstagram.com&#038;edm=ANo9K5cEAAAA&#038;_nc_gid=A1X_t_VFouC_23eSxx0H1bC&#038;oh=00_AYCSVPPd8X0WTw_qWYOSJ45SIiSq07a5rgvwv3eyKwxpvQ&#038;oe=6755F959\" data-img-src-set=\"{&quot;d&quot;:&quot;https:\\\/\\\/scontent.cdninstagram.com\\\/v\\\/t51.29350-15\\\/461239306_825719333100214_2026155690174857291_n.jpg?_nc_cat=107&amp;ccb=1-7&amp;_nc_sid=18de74&amp;_nc_ohc=gbuH-A_7XW8Q7kNvgFkKdak&amp;_nc_zt=23&amp;_nc_ht=scontent.cdninstagram.com&amp;edm=ANo9K5cEAAAA&amp;_nc_gid=A1X_t_VFouC_23eSxx0H1bC&amp;oh=00_AYCSVPPd8X0WTw_qWYOSJ45SIiSq07a5rgvwv3eyKwxpvQ&amp;oe=6755F959&quot;,&quot;150&quot;:&quot;https:\\\/\\\/scontent.cdninstagram.com\\\/v\\\/t51.29350-15\\\/461239306_825719333100214_2026155690174857291_n.jpg?_nc_cat=107&amp;ccb=1-7&amp;_nc_sid=18de74&amp;_nc_ohc=gbuH-A_7XW8Q7kNvgFkKdak&amp;_nc_zt=23&amp;_nc_ht=scontent.cdninstagram.com&amp;edm=ANo9K5cEAAAA&amp;_nc_gid=A1X_t_VFouC_23eSxx0H1bC&amp;oh=00_AYCSVPPd8X0WTw_qWYOSJ45SIiSq07a5rgvwv3eyKwxpvQ&amp;oe=6755F959&quot;,&quot;320&quot;:&quot;https:\\\/\\\/scontent.cdninstagram.com\\\/v\\\/t51.29350-15\\\/461239306_825719333100214_2026155690174857291_n.jpg?_nc_cat=107&amp;ccb=1-7&amp;_nc_sid=18de74&amp;_nc_ohc=gbuH-A_7XW8Q7kNvgFkKdak&amp;_nc_zt=23&amp;_nc_ht=scontent.cdninstagram.com&amp;edm=ANo9K5cEAAAA&amp;_nc_gid=A1X_t_VFouC_23eSxx0H1bC&amp;oh=00_AYCSVPPd8X0WTw_qWYOSJ45SIiSq07a5rgvwv3eyKwxpvQ&amp;oe=6755F959&quot;,&quot;640&quot;:&quot;https:\\\/\\\/scontent.cdninstagram.com\\\/v\\\/t51.29350-15\\\/461239306_825719333100214_2026155690174857291_n.jpg?_nc_cat=107&amp;ccb=1-7&amp;_nc_sid=18de74&amp;_nc_ohc=gbuH-A_7XW8Q7kNvgFkKdak&amp;_nc_zt=23&amp;_nc_ht=scontent.cdninstagram.com&amp;edm=ANo9K5cEAAAA&amp;_nc_gid=A1X_t_VFouC_23eSxx0H1bC&amp;oh=00_AYCSVPPd8X0WTw_qWYOSJ45SIiSq07a5rgvwv3eyKwxpvQ&amp;oe=6755F959&quot;}\">\n            <span class=\"sbi-screenreader\">MAGICLOWN 2024 | \ud83e\udd73 @migueldelucastv est\u00e0 en el<\/span>\n            \t        <svg style=\"color: rgba(255,255,255,1)\" class=\"svg-inline--fa fa-play fa-w-14 sbi_playbtn\" aria-label=\"Play\" aria-hidden=\"true\" data-fa-processed=\"\" data-prefix=\"fa\" data-icon=\"play\" role=\"presentation\" xmlns=\"http:\/\/www.w3.org\/2000\/svg\" viewBox=\"0 0 448 512\"><path fill=\"currentColor\" d=\"M424.4 214.7L72.4 6.6C43.8-10.3 0 6.1 0 47.9V464c0 37.5 40.7 60.1 72.4 41.3l352-208c31.4-18.5 31.5-64.1 0-82.6z\"><\/path><\/svg>            <img decoding=\"async\" src=\"https:\/\/www.festiclown.org\/wp-content\/plugins\/instagram-feed\/img\/placeholder.png\" alt=\"MAGICLOWN 2024 | \ud83e\udd73 @migueldelucastv est\u00e0 en el Magiclown 2024 \ud83d\udcab\n\ud83d\udc49 Divendres 27, 19.30h, Pla\u00e7a de l&#039;Esgl\u00e9sia, Sant Jordi\n\nT&#039;ho perdr\u00e0s? \ud83e\ude84\n\n__\n\n[es] MAGICLOWN 2024 | \ud83e\udd73 @migueldelucastv va a estar en el Magiclown 2024 \ud83d\udcab\n\ud83d\udc49  Divendres 27, 19.30h, Pla\u00e7a de l&#039;Esgl\u00e9sia, Sant Jordi\n\n\u00bfTe lo vas a perder? \ud83e\ude84\n\n\ud83d\udcf1 www.magiclown.org\n\n@sant_josep_de_sa_talaia  @cultura.santjosep\n#magia #circo #magiclown #santjosepdesatalaia\">\n        <\/a>\n    <\/div>\n<\/div>    <\/div>\n\n\t<div id=\"sbi_load\" >\n\n\t\n\t\n<\/div>\n\n\t    <span class=\"sbi_resized_image_data\" data-feed-id=\"sbi_17841408289074962#12\" data-resized=\"{&quot;18059231980705338&quot;:{&quot;id&quot;:&quot;461239306_825719333100214_2026155690174857291_n&quot;,&quot;ratio&quot;:&quot;0.56&quot;,&quot;sizes&quot;:{&quot;full&quot;:640,&quot;low&quot;:320,&quot;thumb&quot;:150},&quot;extension&quot;:&quot;.webp&quot;},&quot;18303684421164959&quot;:{&quot;id&quot;:&quot;461414961_546389181252978_4203932225472076718_n&quot;,&quot;ratio&quot;:&quot;1.00&quot;,&quot;sizes&quot;:{&quot;full&quot;:640,&quot;low&quot;:320,&quot;thumb&quot;:150},&quot;extension&quot;:&quot;.webp&quot;},&quot;17982070172604045&quot;:{&quot;id&quot;:&quot;461075337_547025721189324_2740572118832658708_n&quot;,&quot;ratio&quot;:&quot;1.50&quot;,&quot;sizes&quot;:{&quot;full&quot;:640,&quot;low&quot;:320,&quot;thumb&quot;:150},&quot;extension&quot;:&quot;.webp&quot;},&quot;18420317521079874&quot;:{&quot;id&quot;:&quot;461423913_1328046091492477_8591064405616665007_n&quot;,&quot;ratio&quot;:&quot;1.00&quot;,&quot;sizes&quot;:{&quot;full&quot;:640,&quot;low&quot;:320,&quot;thumb&quot;:150},&quot;extension&quot;:&quot;.webp&quot;},&quot;17958896705815147&quot;:{&quot;id&quot;:&quot;461199131_546541121237784_8474957768947104111_n&quot;,&quot;ratio&quot;:&quot;1.00&quot;,&quot;sizes&quot;:{&quot;full&quot;:640,&quot;low&quot;:320,&quot;thumb&quot;:150},&quot;extension&quot;:&quot;.webp&quot;},&quot;18239764078278064&quot;:{&quot;id&quot;:&quot;461415416_546553891236507_4964551081078761129_n&quot;,&quot;ratio&quot;:&quot;1.00&quot;,&quot;sizes&quot;:{&quot;full&quot;:640,&quot;low&quot;:320,&quot;thumb&quot;:150},&quot;extension&quot;:&quot;.webp&quot;},&quot;18068372266608438&quot;:{&quot;id&quot;:&quot;458208399_3893603624229097_5646395164648546788_n&quot;,&quot;ratio&quot;:&quot;1.00&quot;,&quot;sizes&quot;:{&quot;full&quot;:640,&quot;low&quot;:320,&quot;thumb&quot;:150},&quot;extension&quot;:&quot;.webp&quot;},&quot;18044660819005490&quot;:{&quot;id&quot;:&quot;461529459_526255453437516_9133996363776275115_n&quot;,&quot;ratio&quot;:&quot;1.00&quot;,&quot;sizes&quot;:{&quot;full&quot;:640,&quot;low&quot;:320,&quot;thumb&quot;:150},&quot;extension&quot;:&quot;.webp&quot;},&quot;17870856933127096&quot;:{&quot;id&quot;:&quot;461554072_909939557652418_4501915077727568845_n&quot;,&quot;ratio&quot;:&quot;1.00&quot;,&quot;sizes&quot;:{&quot;full&quot;:640,&quot;low&quot;:320,&quot;thumb&quot;:150},&quot;extension&quot;:&quot;.webp&quot;},&quot;18057210589763917&quot;:{&quot;id&quot;:&quot;461391041_846106301052828_6221868426429039040_n&quot;,&quot;ratio&quot;:&quot;1.00&quot;,&quot;sizes&quot;:{&quot;full&quot;:640,&quot;low&quot;:320,&quot;thumb&quot;:150},&quot;extension&quot;:&quot;.webp&quot;},&quot;18037232441470399&quot;:{&quot;id&quot;:&quot;463100428_1569291880682505_6223465078388221723_n&quot;,&quot;ratio&quot;:&quot;0.56&quot;,&quot;sizes&quot;:{&quot;full&quot;:640,&quot;low&quot;:320,&quot;thumb&quot;:150},&quot;extension&quot;:&quot;.webp&quot;},&quot;18075478663509349&quot;:{&quot;id&quot;:&quot;463062509_562876522937577_1093396619899326944_n&quot;,&quot;ratio&quot;:&quot;1.00&quot;,&quot;sizes&quot;:{&quot;full&quot;:640,&quot;low&quot;:320,&quot;thumb&quot;:150},&quot;extension&quot;:&quot;.webp&quot;}}\">\n\t<\/span>\n\t<\/div>\n\n\n<\/div>\n<\/div><\/div><\/div><\/div><\/div><\/div><\/div><\/div><\/div><\/div>","protected":false},"excerpt":{"rendered":"<p>*Entrada libre y gratuita hasta completar aforo. *Se recomienda llegar 15 min. antes de la hora de inicio.<\/p>\n","protected":false},"author":1,"featured_media":0,"parent":0,"menu_order":0,"comment_status":"closed","ping_status":"closed","template":"templates\/template-full.php","meta":{"footnotes":""},"class_list":["post-2493","page","type-page","status-publish","hentry","post"],"_links":{"self":[{"href":"https:\/\/www.festiclown.org\/es\/wp-json\/wp\/v2\/pages\/2493"}],"collection":[{"href":"https:\/\/www.festiclown.org\/es\/wp-json\/wp\/v2\/pages"}],"about":[{"href":"https:\/\/www.festiclown.org\/es\/wp-json\/wp\/v2\/types\/page"}],"author":[{"embeddable":true,"href":"https:\/\/www.festiclown.org\/es\/wp-json\/wp\/v2\/users\/1"}],"replies":[{"embeddable":true,"href":"https:\/\/www.festiclown.org\/es\/wp-json\/wp\/v2\/comments?post=2493"}],"version-history":[{"count":30,"href":"https:\/\/www.festiclown.org\/es\/wp-json\/wp\/v2\/pages\/2493\/revisions"}],"predecessor-version":[{"id":2702,"href":"https:\/\/www.festiclown.org\/es\/wp-json\/wp\/v2\/pages\/2493\/revisions\/2702"}],"wp:attachment":[{"href":"https:\/\/www.festiclown.org\/es\/wp-json\/wp\/v2\/media?parent=2493"}],"curies":[{"name":"wp","href":"https:\/\/api.w.org\/{rel}","templated":true}]}}